{"id":13319,"date":"2025-11-06T16:52:44","date_gmt":"2025-11-06T16:52:44","guid":{"rendered":"https:\/\/cineeco.pt\/edicao-2024\/the-life-cycle-of-images\/"},"modified":"2025-11-06T16:55:05","modified_gmt":"2025-11-06T16:55:05","slug":"the-life-cycle-of-images","status":"publish","type":"edicao_2024","link":"https:\/\/cineeco.pt\/en\/edition\/2025\/the-life-cycle-of-images\/","title":{"rendered":"The life cycle of images"},"content":{"rendered":"\n<p><em>\u201cAn encounter of experimental practices of artistic research with biomaterials in search for more sustainable pathways to create visual memory\u201d.<br\/><\/em><\/p>\n\n<p>Through photography, sound recording, sculpture, and illustration, emerges the narrative of macroalgae as both an object of study and a creative medium, in dialogue with the imaginaries of science and research. The motto of the exhibition is inspired by the concept of Life Cycle Assessment \u2014 an environmental impact assessment methodology that seeks to describe the journey of a product or service from its origin to its end of life.<\/p>\n\n<p><em>The exhibitions will open on October 11 at 2:30 p.m.  <\/em><\/p>\n\n<p>This exhibition will remain at Seia&#8217;s Casa Municipal da Cultura until November 30th.<\/p>\n\n<figure class=\"wp-block-gallery has-nested-images columns-default is-cropped wp-block-gallery-1 is-layout-flex wp-block-gallery-is-layout-flex\">\n<figure class=\"wp-block-image size-large\"><img fetchpriority=\"high\" decoding=\"async\" width=\"1024\" height=\"683\" data-id=\"10139\" src=\"https:\/\/cineeco.pt\/wp-content\/uploads\/2025\/10\/IMG_8729-min-1024x683.jpg\" alt=\"\" class=\"wp-image-10139\" srcset=\"https:\/\/cineeco.pt\/wp-content\/uploads\/2025\/10\/IMG_8729-min-1024x683.jpg 1024w, https:\/\/cineeco.pt\/wp-content\/uploads\/2025\/10\/IMG_8729-min-300x200.jpg 300w, https:\/\/cineeco.pt\/wp-content\/uploads\/2025\/10\/IMG_8729-min-768x512.jpg 768w, https:\/\/cineeco.pt\/wp-content\/uploads\/2025\/10\/IMG_8729-min-1536x1024.jpg 1536w, https:\/\/cineeco.pt\/wp-content\/uploads\/2025\/10\/IMG_8729-min-2048x1365.jpg 2048w\" sizes=\"(max-width: 1024px) 100vw, 1024px\" \/><\/figure>\n\n\n\n<figure class=\"wp-block-image size-large\"><img decoding=\"async\" width=\"1024\" height=\"683\" data-id=\"10137\" src=\"https:\/\/cineeco.pt\/wp-content\/uploads\/2025\/10\/IMG_4808-min-1024x683.jpg\" alt=\"\" class=\"wp-image-10137\" srcset=\"https:\/\/cineeco.pt\/wp-content\/uploads\/2025\/10\/IMG_4808-min-1024x683.jpg 1024w, https:\/\/cineeco.pt\/wp-content\/uploads\/2025\/10\/IMG_4808-min-300x200.jpg 300w, https:\/\/cineeco.pt\/wp-content\/uploads\/2025\/10\/IMG_4808-min-768x512.jpg 768w, https:\/\/cineeco.pt\/wp-content\/uploads\/2025\/10\/IMG_4808-min-1536x1024.jpg 1536w, https:\/\/cineeco.pt\/wp-content\/uploads\/2025\/10\/IMG_4808-min-2048x1365.jpg 2048w\" sizes=\"(max-width: 1024px) 100vw, 1024px\" \/><\/figure>\n\n\n\n<figure class=\"wp-block-image size-large\"><img decoding=\"async\" width=\"1024\" height=\"683\" data-id=\"10144\" src=\"https:\/\/cineeco.pt\/wp-content\/uploads\/2025\/10\/IMG_8902-min-1024x683.jpg\" alt=\"\" class=\"wp-image-10144\" srcset=\"https:\/\/cineeco.pt\/wp-content\/uploads\/2025\/10\/IMG_8902-min-1024x683.jpg 1024w, https:\/\/cineeco.pt\/wp-content\/uploads\/2025\/10\/IMG_8902-min-300x200.jpg 300w, https:\/\/cineeco.pt\/wp-content\/uploads\/2025\/10\/IMG_8902-min-768x512.jpg 768w, https:\/\/cineeco.pt\/wp-content\/uploads\/2025\/10\/IMG_8902-min-1536x1024.jpg 1536w, https:\/\/cineeco.pt\/wp-content\/uploads\/2025\/10\/IMG_8902-min-2048x1365.jpg 2048w\" sizes=\"(max-width: 1024px) 100vw, 1024px\" \/><\/figure>\n<\/figure>\n","protected":false},"excerpt":{"rendered":"<p>\u201cAn encounter of experimental practices of artistic research with biomaterials in search for more sustainable pathways to create visual memory\u201d. Through photography, sound recording, sculpture, and illustration, emerges the narrative of macroalgae as both an object of study and a creative medium, in dialogue with the imaginaries of science and research. The motto of the [&hellip;]<\/p>\n","protected":false},"author":1,"featured_media":10149,"parent":0,"menu_order":0,"template":"","format":"standard","ano_da_edicao":[202],"competitive-sections":[],"days":[],"dia":[200],"genero_de_filme_ou_atividade":[],"local":[138],"locations":[],"movie-genre":[],"seccao_competitiva":[],"tipo_de_evento":[133],"type-of-event":[],"class_list":["post-13319","edicao_2024","type-edicao_2024","status-publish","format-standard","has-post-thumbnail","hentry","ano_da_edicao-202","dia-10-october-30-november","local-foyer-of-the-municipal-house-of-culture-auditorium","tipo_de_evento-exhibition"],"yoast_head":"<!-- This site is optimized with the Yoast SEO plugin v26.8 - https:\/\/yoast.com\/product\/yoast-seo-wordpress\/ -->\n<title>The life cycle of images - CineEco Seia<\/title>\n<meta name=\"robots\" content=\"index, follow, max-snippet:-1, max-image-preview:large, max-video-preview:-1\" \/>\n<link rel=\"canonical\" href=\"https:\/\/cineeco.pt\/en\/edition\/2025\/the-life-cycle-of-images\/\" \/>\n<meta property=\"og:locale\" content=\"en_US\" \/>\n<meta property=\"og:type\" content=\"article\" \/>\n<meta property=\"og:title\" content=\"The life cycle of images - CineEco Seia\" \/>\n<meta property=\"og:description\" content=\"\u201cAn encounter of experimental practices of artistic research with biomaterials in search for more sustainable pathways to create visual memory\u201d. Through photography, sound recording, sculpture, and illustration, emerges the narrative of macroalgae as both an object of study and a creative medium, in dialogue with the imaginaries of science and research. The motto of the [&hellip;]\" \/>\n<meta property=\"og:url\" content=\"https:\/\/cineeco.pt\/en\/edition\/2025\/the-life-cycle-of-images\/\" \/>\n<meta property=\"og:site_name\" content=\"CineEco Seia\" \/>\n<meta property=\"article:publisher\" content=\"https:\/\/pt-pt.facebook.com\/CineEcoSeia\/\" \/>\n<meta property=\"article:modified_time\" content=\"2025-11-06T16:55:05+00:00\" \/>\n<meta property=\"og:image\" content=\"https:\/\/cineeco.pt\/wp-content\/uploads\/2025\/10\/CC_IMG_8871.jpg\" \/>\n\t<meta property=\"og:image:width\" content=\"1300\" \/>\n\t<meta property=\"og:image:height\" content=\"866\" \/>\n\t<meta property=\"og:image:type\" content=\"image\/jpeg\" \/>\n<meta name=\"twitter:card\" content=\"summary_large_image\" \/>\n<meta name=\"twitter:label1\" content=\"Est. reading time\" \/>\n\t<meta name=\"twitter:data1\" content=\"1 minute\" \/>\n<script type=\"application\/ld+json\" class=\"yoast-schema-graph\">{\"@context\":\"https:\/\/schema.org\",\"@graph\":[{\"@type\":\"WebPage\",\"@id\":\"https:\/\/cineeco.pt\/en\/edition\/2025\/the-life-cycle-of-images\/\",\"url\":\"https:\/\/cineeco.pt\/en\/edition\/2025\/the-life-cycle-of-images\/\",\"name\":\"The life cycle of images - CineEco Seia\",\"isPartOf\":{\"@id\":\"https:\/\/cineeco.pt\/en\/#website\"},\"primaryImageOfPage\":{\"@id\":\"https:\/\/cineeco.pt\/en\/edition\/2025\/the-life-cycle-of-images\/#primaryimage\"},\"image\":{\"@id\":\"https:\/\/cineeco.pt\/en\/edition\/2025\/the-life-cycle-of-images\/#primaryimage\"},\"thumbnailUrl\":\"https:\/\/cineeco.pt\/wp-content\/uploads\/2025\/10\/CC_IMG_8871.jpg\",\"datePublished\":\"2025-11-06T16:52:44+00:00\",\"dateModified\":\"2025-11-06T16:55:05+00:00\",\"breadcrumb\":{\"@id\":\"https:\/\/cineeco.pt\/en\/edition\/2025\/the-life-cycle-of-images\/#breadcrumb\"},\"inLanguage\":\"en-US\",\"potentialAction\":[{\"@type\":\"ReadAction\",\"target\":[\"https:\/\/cineeco.pt\/en\/edition\/2025\/the-life-cycle-of-images\/\"]}]},{\"@type\":\"ImageObject\",\"inLanguage\":\"en-US\",\"@id\":\"https:\/\/cineeco.pt\/en\/edition\/2025\/the-life-cycle-of-images\/#primaryimage\",\"url\":\"https:\/\/cineeco.pt\/wp-content\/uploads\/2025\/10\/CC_IMG_8871.jpg\",\"contentUrl\":\"https:\/\/cineeco.pt\/wp-content\/uploads\/2025\/10\/CC_IMG_8871.jpg\",\"width\":1300,\"height\":866},{\"@type\":\"BreadcrumbList\",\"@id\":\"https:\/\/cineeco.pt\/en\/edition\/2025\/the-life-cycle-of-images\/#breadcrumb\",\"itemListElement\":[{\"@type\":\"ListItem\",\"position\":1,\"name\":\"In\u00edcio\",\"item\":\"https:\/\/cineeco.pt\/en\/festival\/\"},{\"@type\":\"ListItem\",\"position\":2,\"name\":\"Edi\u00e7\u00e3o\",\"item\":\"https:\/\/cineeco.pt\/en\/edition\/\"},{\"@type\":\"ListItem\",\"position\":3,\"name\":\"The life cycle of images\"}]},{\"@type\":\"WebSite\",\"@id\":\"https:\/\/cineeco.pt\/en\/#website\",\"url\":\"https:\/\/cineeco.pt\/en\/\",\"name\":\"CineEco Seia\",\"description\":\"Festival Internacional de Cinema Ambiental\",\"publisher\":{\"@id\":\"https:\/\/cineeco.pt\/en\/#organization\"},\"alternateName\":\"CIneEco\",\"potentialAction\":[{\"@type\":\"SearchAction\",\"target\":{\"@type\":\"EntryPoint\",\"urlTemplate\":\"https:\/\/cineeco.pt\/en\/?s={search_term_string}\"},\"query-input\":{\"@type\":\"PropertyValueSpecification\",\"valueRequired\":true,\"valueName\":\"search_term_string\"}}],\"inLanguage\":\"en-US\"},{\"@type\":\"Organization\",\"@id\":\"https:\/\/cineeco.pt\/en\/#organization\",\"name\":\"CineEco Seia - Festival internacional de cinema ambiental da Serra da Estrela\",\"alternateName\":\"CineEco\",\"url\":\"https:\/\/cineeco.pt\/en\/\",\"logo\":{\"@type\":\"ImageObject\",\"inLanguage\":\"en-US\",\"@id\":\"https:\/\/cineeco.pt\/en\/#\/schema\/logo\/image\/\",\"url\":\"https:\/\/cineeco.pt\/wp-content\/uploads\/2025\/03\/CineEcoSeia_sem-assinatura_positivo.png\",\"contentUrl\":\"https:\/\/cineeco.pt\/wp-content\/uploads\/2025\/03\/CineEcoSeia_sem-assinatura_positivo.png\",\"width\":1000,\"height\":1105,\"caption\":\"CineEco Seia - Festival internacional de cinema ambiental da Serra da Estrela\"},\"image\":{\"@id\":\"https:\/\/cineeco.pt\/en\/#\/schema\/logo\/image\/\"},\"sameAs\":[\"https:\/\/pt-pt.facebook.com\/CineEcoSeia\/\",\"https:\/\/www.instagram.com\/cineeco\/\",\"https:\/\/www.youtube.com\/@festivalcineecoseia\"]}]}<\/script>\n<!-- \/ Yoast SEO plugin. -->","yoast_head_json":{"title":"The life cycle of images - CineEco Seia","robots":{"index":"index","follow":"follow","max-snippet":"max-snippet:-1","max-image-preview":"max-image-preview:large","max-video-preview":"max-video-preview:-1"},"canonical":"https:\/\/cineeco.pt\/en\/edition\/2025\/the-life-cycle-of-images\/","og_locale":"en_US","og_type":"article","og_title":"The life cycle of images - CineEco Seia","og_description":"\u201cAn encounter of experimental practices of artistic research with biomaterials in search for more sustainable pathways to create visual memory\u201d. Through photography, sound recording, sculpture, and illustration, emerges the narrative of macroalgae as both an object of study and a creative medium, in dialogue with the imaginaries of science and research. The motto of the [&hellip;]","og_url":"https:\/\/cineeco.pt\/en\/edition\/2025\/the-life-cycle-of-images\/","og_site_name":"CineEco Seia","article_publisher":"https:\/\/pt-pt.facebook.com\/CineEcoSeia\/","article_modified_time":"2025-11-06T16:55:05+00:00","og_image":[{"width":1300,"height":866,"url":"https:\/\/cineeco.pt\/wp-content\/uploads\/2025\/10\/CC_IMG_8871.jpg","type":"image\/jpeg"}],"twitter_card":"summary_large_image","twitter_misc":{"Est. reading time":"1 minute"},"schema":{"@context":"https:\/\/schema.org","@graph":[{"@type":"WebPage","@id":"https:\/\/cineeco.pt\/en\/edition\/2025\/the-life-cycle-of-images\/","url":"https:\/\/cineeco.pt\/en\/edition\/2025\/the-life-cycle-of-images\/","name":"The life cycle of images - CineEco Seia","isPartOf":{"@id":"https:\/\/cineeco.pt\/en\/#website"},"primaryImageOfPage":{"@id":"https:\/\/cineeco.pt\/en\/edition\/2025\/the-life-cycle-of-images\/#primaryimage"},"image":{"@id":"https:\/\/cineeco.pt\/en\/edition\/2025\/the-life-cycle-of-images\/#primaryimage"},"thumbnailUrl":"https:\/\/cineeco.pt\/wp-content\/uploads\/2025\/10\/CC_IMG_8871.jpg","datePublished":"2025-11-06T16:52:44+00:00","dateModified":"2025-11-06T16:55:05+00:00","breadcrumb":{"@id":"https:\/\/cineeco.pt\/en\/edition\/2025\/the-life-cycle-of-images\/#breadcrumb"},"inLanguage":"en-US","potentialAction":[{"@type":"ReadAction","target":["https:\/\/cineeco.pt\/en\/edition\/2025\/the-life-cycle-of-images\/"]}]},{"@type":"ImageObject","inLanguage":"en-US","@id":"https:\/\/cineeco.pt\/en\/edition\/2025\/the-life-cycle-of-images\/#primaryimage","url":"https:\/\/cineeco.pt\/wp-content\/uploads\/2025\/10\/CC_IMG_8871.jpg","contentUrl":"https:\/\/cineeco.pt\/wp-content\/uploads\/2025\/10\/CC_IMG_8871.jpg","width":1300,"height":866},{"@type":"BreadcrumbList","@id":"https:\/\/cineeco.pt\/en\/edition\/2025\/the-life-cycle-of-images\/#breadcrumb","itemListElement":[{"@type":"ListItem","position":1,"name":"In\u00edcio","item":"https:\/\/cineeco.pt\/en\/festival\/"},{"@type":"ListItem","position":2,"name":"Edi\u00e7\u00e3o","item":"https:\/\/cineeco.pt\/en\/edition\/"},{"@type":"ListItem","position":3,"name":"The life cycle of images"}]},{"@type":"WebSite","@id":"https:\/\/cineeco.pt\/en\/#website","url":"https:\/\/cineeco.pt\/en\/","name":"CineEco Seia","description":"Festival Internacional de Cinema Ambiental","publisher":{"@id":"https:\/\/cineeco.pt\/en\/#organization"},"alternateName":"CIneEco","potentialAction":[{"@type":"SearchAction","target":{"@type":"EntryPoint","urlTemplate":"https:\/\/cineeco.pt\/en\/?s={search_term_string}"},"query-input":{"@type":"PropertyValueSpecification","valueRequired":true,"valueName":"search_term_string"}}],"inLanguage":"en-US"},{"@type":"Organization","@id":"https:\/\/cineeco.pt\/en\/#organization","name":"CineEco Seia - Festival internacional de cinema ambiental da Serra da Estrela","alternateName":"CineEco","url":"https:\/\/cineeco.pt\/en\/","logo":{"@type":"ImageObject","inLanguage":"en-US","@id":"https:\/\/cineeco.pt\/en\/#\/schema\/logo\/image\/","url":"https:\/\/cineeco.pt\/wp-content\/uploads\/2025\/03\/CineEcoSeia_sem-assinatura_positivo.png","contentUrl":"https:\/\/cineeco.pt\/wp-content\/uploads\/2025\/03\/CineEcoSeia_sem-assinatura_positivo.png","width":1000,"height":1105,"caption":"CineEco Seia - Festival internacional de cinema ambiental da Serra da Estrela"},"image":{"@id":"https:\/\/cineeco.pt\/en\/#\/schema\/logo\/image\/"},"sameAs":["https:\/\/pt-pt.facebook.com\/CineEcoSeia\/","https:\/\/www.instagram.com\/cineeco\/","https:\/\/www.youtube.com\/@festivalcineecoseia"]}]}},"hora":{"value":"10:00 to 18:00","rendered":"10:00 to 18:00"},"realizadores":{"value":"J\u00e9ssica Anast\u00e1cio Jacinto, Francisca Mariz, Joana Alarc\u00e3o","rendered":"J\u00e9ssica Anast\u00e1cio Jacinto, Francisca Mariz, Joana Alarc\u00e3o"},"paises":{"value":"2025","rendered":"2025"},"ano_de_estreia":{"value":"","rendered":""},"duracao":{"value":"","rendered":""},"imagem_cartaz":{"value":false,"rendered":false},"galeria":{"value":false,"rendered":false},"trailer":{"value":"","rendered":""},"cartaz":{"value":"","rendered":""},"kit_imprensa":{"value":"","rendered":""},"website":{"value":"","rendered":""},"texto_descritivo_complementar":{"value":"","rendered":""},"distribuidora":{"value":"","rendered":""},"_links":{"self":[{"href":"https:\/\/cineeco.pt\/en\/wp-json\/wp\/v2\/edicao_2024\/13319","targetHints":{"allow":["GET"]}}],"collection":[{"href":"https:\/\/cineeco.pt\/en\/wp-json\/wp\/v2\/edicao_2024"}],"about":[{"href":"https:\/\/cineeco.pt\/en\/wp-json\/wp\/v2\/types\/edicao_2024"}],"author":[{"embeddable":true,"href":"https:\/\/cineeco.pt\/en\/wp-json\/wp\/v2\/users\/1"}],"version-history":[{"count":1,"href":"https:\/\/cineeco.pt\/en\/wp-json\/wp\/v2\/edicao_2024\/13319\/revisions"}],"predecessor-version":[{"id":13320,"href":"https:\/\/cineeco.pt\/en\/wp-json\/wp\/v2\/edicao_2024\/13319\/revisions\/13320"}],"wp:featuredmedia":[{"embeddable":true,"href":"https:\/\/cineeco.pt\/en\/wp-json\/wp\/v2\/media\/10149"}],"wp:attachment":[{"href":"https:\/\/cineeco.pt\/en\/wp-json\/wp\/v2\/media?parent=13319"}],"wp:term":[{"taxonomy":"ano_da_edicao","embeddable":true,"href":"https:\/\/cineeco.pt\/en\/wp-json\/wp\/v2\/ano_da_edicao?post=13319"},{"taxonomy":"competitive-sections","embeddable":true,"href":"https:\/\/cineeco.pt\/en\/wp-json\/wp\/v2\/competitive-sections?post=13319"},{"taxonomy":"days","embeddable":true,"href":"https:\/\/cineeco.pt\/en\/wp-json\/wp\/v2\/days?post=13319"},{"taxonomy":"dia","embeddable":true,"href":"https:\/\/cineeco.pt\/en\/wp-json\/wp\/v2\/dia?post=13319"},{"taxonomy":"genero_de_filme_ou_atividade","embeddable":true,"href":"https:\/\/cineeco.pt\/en\/wp-json\/wp\/v2\/genero_de_filme_ou_atividade?post=13319"},{"taxonomy":"local","embeddable":true,"href":"https:\/\/cineeco.pt\/en\/wp-json\/wp\/v2\/local?post=13319"},{"taxonomy":"locations","embeddable":true,"href":"https:\/\/cineeco.pt\/en\/wp-json\/wp\/v2\/locations?post=13319"},{"taxonomy":"movie-genre","embeddable":true,"href":"https:\/\/cineeco.pt\/en\/wp-json\/wp\/v2\/movie-genre?post=13319"},{"taxonomy":"seccao_competitiva","embeddable":true,"href":"https:\/\/cineeco.pt\/en\/wp-json\/wp\/v2\/seccao_competitiva?post=13319"},{"taxonomy":"tipo_de_evento","embeddable":true,"href":"https:\/\/cineeco.pt\/en\/wp-json\/wp\/v2\/tipo_de_evento?post=13319"},{"taxonomy":"type-of-event","embeddable":true,"href":"https:\/\/cineeco.pt\/en\/wp-json\/wp\/v2\/type-of-event?post=13319"}],"curies":[{"name":"wp","href":"https:\/\/api.w.org\/{rel}","templated":true}]}}