{"id":13359,"date":"2025-11-07T10:21:04","date_gmt":"2025-11-07T10:21:04","guid":{"rendered":"https:\/\/cineeco.pt\/edicao-2024\/linha-vermelha\/"},"modified":"2025-11-07T10:25:02","modified_gmt":"2025-11-07T10:25:02","slug":"linha-vermelha","status":"publish","type":"edicao_2024","link":"https:\/\/cineeco.pt\/en\/edition\/2025\/linha-vermelha\/","title":{"rendered":"Linha Vermelha"},"content":{"rendered":"\n<p>Em 1975, a equipa de Thomas Harlan filmou a ocupa\u00e7\u00e3o da herdade Torre Bela, no centro de Portugal. Tr\u00eas d\u00e9cadas depois, \u201cLinha Vermelha\u201d revisita este filme emblem\u00e1tico do per\u00edodo revolucion\u00e1rio portugu\u00eas: de que forma Harlan interferiu nos acontecimentos que parecem desenvolver-se naturalmente diante da c\u00e2mara? Qual foi o impacto do filme na vida dos ocupantes e na mem\u00f3ria desse per\u00edodo?  <\/p>\n\n<p><em>A sess\u00e3o contar\u00e1 com a presen\u00e7a do realizador.<\/em><\/p>\n","protected":false},"excerpt":{"rendered":"<p>Em 1975, a equipa de Thomas Harlan filmou a ocupa\u00e7\u00e3o da herdade Torre Bela, no centro de Portugal. Tr\u00eas d\u00e9cadas depois, \u201cLinha Vermelha\u201d revisita este filme emblem\u00e1tico do per\u00edodo revolucion\u00e1rio portugu\u00eas: de que forma Harlan interferiu nos acontecimentos que parecem desenvolver-se naturalmente diante da c\u00e2mara? Qual foi o impacto do filme na vida dos ocupantes [&hellip;]<\/p>\n","protected":false},"author":1,"featured_media":9413,"parent":0,"menu_order":0,"template":"","format":"standard","ano_da_edicao":[202],"competitive-sections":[],"days":[],"dia":[135],"genero_de_filme_ou_atividade":[126],"local":[143],"locations":[],"movie-genre":[],"seccao_competitiva":[],"tipo_de_evento":[189,187],"type-of-event":[],"class_list":["post-13359","edicao_2024","type-edicao_2024","status-publish","format-standard","has-post-thumbnail","hentry","ano_da_edicao-202","dia-17-october","genero_de_filme_ou_atividade-documentary","local-auditorium-of-the-municipal-house-of-culture-of-seia","tipo_de_evento-classic-cinema","tipo_de_evento-special-session"],"yoast_head":"<!-- This site is optimized with the Yoast SEO plugin v26.8 - https:\/\/yoast.com\/product\/yoast-seo-wordpress\/ -->\n<title>Linha Vermelha - CineEco Seia<\/title>\n<meta name=\"robots\" content=\"index, follow, max-snippet:-1, max-image-preview:large, max-video-preview:-1\" \/>\n<link rel=\"canonical\" href=\"https:\/\/cineeco.pt\/en\/edition\/2025\/linha-vermelha\/\" \/>\n<meta property=\"og:locale\" content=\"en_US\" \/>\n<meta property=\"og:type\" content=\"article\" \/>\n<meta property=\"og:title\" content=\"Linha Vermelha - CineEco Seia\" \/>\n<meta property=\"og:description\" content=\"Em 1975, a equipa de Thomas Harlan filmou a ocupa\u00e7\u00e3o da herdade Torre Bela, no centro de Portugal. Tr\u00eas d\u00e9cadas depois, \u201cLinha Vermelha\u201d revisita este filme emblem\u00e1tico do per\u00edodo revolucion\u00e1rio portugu\u00eas: de que forma Harlan interferiu nos acontecimentos que parecem desenvolver-se naturalmente diante da c\u00e2mara? Qual foi o impacto do filme na vida dos ocupantes [&hellip;]\" \/>\n<meta property=\"og:url\" content=\"https:\/\/cineeco.pt\/en\/edition\/2025\/linha-vermelha\/\" \/>\n<meta property=\"og:site_name\" content=\"CineEco Seia\" \/>\n<meta property=\"article:publisher\" content=\"https:\/\/pt-pt.facebook.com\/CineEcoSeia\/\" \/>\n<meta property=\"article:modified_time\" content=\"2025-11-07T10:25:02+00:00\" \/>\n<meta property=\"og:image\" content=\"https:\/\/cineeco.pt\/wp-content\/uploads\/2025\/09\/LinhXX_a_Vermelha_1-scaled.jpg\" \/>\n\t<meta property=\"og:image:width\" content=\"2560\" \/>\n\t<meta property=\"og:image:height\" content=\"1920\" \/>\n\t<meta property=\"og:image:type\" content=\"image\/jpeg\" \/>\n<meta name=\"twitter:card\" content=\"summary_large_image\" \/>\n<script type=\"application\/ld+json\" class=\"yoast-schema-graph\">{\"@context\":\"https:\/\/schema.org\",\"@graph\":[{\"@type\":\"WebPage\",\"@id\":\"https:\/\/cineeco.pt\/en\/edition\/2025\/linha-vermelha\/\",\"url\":\"https:\/\/cineeco.pt\/en\/edition\/2025\/linha-vermelha\/\",\"name\":\"Linha Vermelha - CineEco Seia\",\"isPartOf\":{\"@id\":\"https:\/\/cineeco.pt\/en\/#website\"},\"primaryImageOfPage\":{\"@id\":\"https:\/\/cineeco.pt\/en\/edition\/2025\/linha-vermelha\/#primaryimage\"},\"image\":{\"@id\":\"https:\/\/cineeco.pt\/en\/edition\/2025\/linha-vermelha\/#primaryimage\"},\"thumbnailUrl\":\"https:\/\/cineeco.pt\/wp-content\/uploads\/2025\/09\/LinhXX_a_Vermelha_1-scaled.jpg\",\"datePublished\":\"2025-11-07T10:21:04+00:00\",\"dateModified\":\"2025-11-07T10:25:02+00:00\",\"breadcrumb\":{\"@id\":\"https:\/\/cineeco.pt\/en\/edition\/2025\/linha-vermelha\/#breadcrumb\"},\"inLanguage\":\"en-US\",\"potentialAction\":[{\"@type\":\"ReadAction\",\"target\":[\"https:\/\/cineeco.pt\/en\/edition\/2025\/linha-vermelha\/\"]}]},{\"@type\":\"ImageObject\",\"inLanguage\":\"en-US\",\"@id\":\"https:\/\/cineeco.pt\/en\/edition\/2025\/linha-vermelha\/#primaryimage\",\"url\":\"https:\/\/cineeco.pt\/wp-content\/uploads\/2025\/09\/LinhXX_a_Vermelha_1-scaled.jpg\",\"contentUrl\":\"https:\/\/cineeco.pt\/wp-content\/uploads\/2025\/09\/LinhXX_a_Vermelha_1-scaled.jpg\",\"width\":2560,\"height\":1920},{\"@type\":\"BreadcrumbList\",\"@id\":\"https:\/\/cineeco.pt\/en\/edition\/2025\/linha-vermelha\/#breadcrumb\",\"itemListElement\":[{\"@type\":\"ListItem\",\"position\":1,\"name\":\"In\u00edcio\",\"item\":\"https:\/\/cineeco.pt\/en\/festival\/\"},{\"@type\":\"ListItem\",\"position\":2,\"name\":\"Edi\u00e7\u00e3o\",\"item\":\"https:\/\/cineeco.pt\/en\/edition\/\"},{\"@type\":\"ListItem\",\"position\":3,\"name\":\"Linha Vermelha\"}]},{\"@type\":\"WebSite\",\"@id\":\"https:\/\/cineeco.pt\/en\/#website\",\"url\":\"https:\/\/cineeco.pt\/en\/\",\"name\":\"CineEco Seia\",\"description\":\"Festival Internacional de Cinema Ambiental\",\"publisher\":{\"@id\":\"https:\/\/cineeco.pt\/en\/#organization\"},\"alternateName\":\"CIneEco\",\"potentialAction\":[{\"@type\":\"SearchAction\",\"target\":{\"@type\":\"EntryPoint\",\"urlTemplate\":\"https:\/\/cineeco.pt\/en\/?s={search_term_string}\"},\"query-input\":{\"@type\":\"PropertyValueSpecification\",\"valueRequired\":true,\"valueName\":\"search_term_string\"}}],\"inLanguage\":\"en-US\"},{\"@type\":\"Organization\",\"@id\":\"https:\/\/cineeco.pt\/en\/#organization\",\"name\":\"CineEco Seia - Festival internacional de cinema ambiental da Serra da Estrela\",\"alternateName\":\"CineEco\",\"url\":\"https:\/\/cineeco.pt\/en\/\",\"logo\":{\"@type\":\"ImageObject\",\"inLanguage\":\"en-US\",\"@id\":\"https:\/\/cineeco.pt\/en\/#\/schema\/logo\/image\/\",\"url\":\"https:\/\/cineeco.pt\/wp-content\/uploads\/2025\/03\/CineEcoSeia_sem-assinatura_positivo.png\",\"contentUrl\":\"https:\/\/cineeco.pt\/wp-content\/uploads\/2025\/03\/CineEcoSeia_sem-assinatura_positivo.png\",\"width\":1000,\"height\":1105,\"caption\":\"CineEco Seia - Festival internacional de cinema ambiental da Serra da Estrela\"},\"image\":{\"@id\":\"https:\/\/cineeco.pt\/en\/#\/schema\/logo\/image\/\"},\"sameAs\":[\"https:\/\/pt-pt.facebook.com\/CineEcoSeia\/\",\"https:\/\/www.instagram.com\/cineeco\/\",\"https:\/\/www.youtube.com\/@festivalcineecoseia\"]}]}<\/script>\n<!-- \/ Yoast SEO plugin. -->","yoast_head_json":{"title":"Linha Vermelha - CineEco Seia","robots":{"index":"index","follow":"follow","max-snippet":"max-snippet:-1","max-image-preview":"max-image-preview:large","max-video-preview":"max-video-preview:-1"},"canonical":"https:\/\/cineeco.pt\/en\/edition\/2025\/linha-vermelha\/","og_locale":"en_US","og_type":"article","og_title":"Linha Vermelha - CineEco Seia","og_description":"Em 1975, a equipa de Thomas Harlan filmou a ocupa\u00e7\u00e3o da herdade Torre Bela, no centro de Portugal. Tr\u00eas d\u00e9cadas depois, \u201cLinha Vermelha\u201d revisita este filme emblem\u00e1tico do per\u00edodo revolucion\u00e1rio portugu\u00eas: de que forma Harlan interferiu nos acontecimentos que parecem desenvolver-se naturalmente diante da c\u00e2mara? Qual foi o impacto do filme na vida dos ocupantes [&hellip;]","og_url":"https:\/\/cineeco.pt\/en\/edition\/2025\/linha-vermelha\/","og_site_name":"CineEco Seia","article_publisher":"https:\/\/pt-pt.facebook.com\/CineEcoSeia\/","article_modified_time":"2025-11-07T10:25:02+00:00","og_image":[{"width":2560,"height":1920,"url":"https:\/\/cineeco.pt\/wp-content\/uploads\/2025\/09\/LinhXX_a_Vermelha_1-scaled.jpg","type":"image\/jpeg"}],"twitter_card":"summary_large_image","schema":{"@context":"https:\/\/schema.org","@graph":[{"@type":"WebPage","@id":"https:\/\/cineeco.pt\/en\/edition\/2025\/linha-vermelha\/","url":"https:\/\/cineeco.pt\/en\/edition\/2025\/linha-vermelha\/","name":"Linha Vermelha - CineEco Seia","isPartOf":{"@id":"https:\/\/cineeco.pt\/en\/#website"},"primaryImageOfPage":{"@id":"https:\/\/cineeco.pt\/en\/edition\/2025\/linha-vermelha\/#primaryimage"},"image":{"@id":"https:\/\/cineeco.pt\/en\/edition\/2025\/linha-vermelha\/#primaryimage"},"thumbnailUrl":"https:\/\/cineeco.pt\/wp-content\/uploads\/2025\/09\/LinhXX_a_Vermelha_1-scaled.jpg","datePublished":"2025-11-07T10:21:04+00:00","dateModified":"2025-11-07T10:25:02+00:00","breadcrumb":{"@id":"https:\/\/cineeco.pt\/en\/edition\/2025\/linha-vermelha\/#breadcrumb"},"inLanguage":"en-US","potentialAction":[{"@type":"ReadAction","target":["https:\/\/cineeco.pt\/en\/edition\/2025\/linha-vermelha\/"]}]},{"@type":"ImageObject","inLanguage":"en-US","@id":"https:\/\/cineeco.pt\/en\/edition\/2025\/linha-vermelha\/#primaryimage","url":"https:\/\/cineeco.pt\/wp-content\/uploads\/2025\/09\/LinhXX_a_Vermelha_1-scaled.jpg","contentUrl":"https:\/\/cineeco.pt\/wp-content\/uploads\/2025\/09\/LinhXX_a_Vermelha_1-scaled.jpg","width":2560,"height":1920},{"@type":"BreadcrumbList","@id":"https:\/\/cineeco.pt\/en\/edition\/2025\/linha-vermelha\/#breadcrumb","itemListElement":[{"@type":"ListItem","position":1,"name":"In\u00edcio","item":"https:\/\/cineeco.pt\/en\/festival\/"},{"@type":"ListItem","position":2,"name":"Edi\u00e7\u00e3o","item":"https:\/\/cineeco.pt\/en\/edition\/"},{"@type":"ListItem","position":3,"name":"Linha Vermelha"}]},{"@type":"WebSite","@id":"https:\/\/cineeco.pt\/en\/#website","url":"https:\/\/cineeco.pt\/en\/","name":"CineEco Seia","description":"Festival Internacional de Cinema Ambiental","publisher":{"@id":"https:\/\/cineeco.pt\/en\/#organization"},"alternateName":"CIneEco","potentialAction":[{"@type":"SearchAction","target":{"@type":"EntryPoint","urlTemplate":"https:\/\/cineeco.pt\/en\/?s={search_term_string}"},"query-input":{"@type":"PropertyValueSpecification","valueRequired":true,"valueName":"search_term_string"}}],"inLanguage":"en-US"},{"@type":"Organization","@id":"https:\/\/cineeco.pt\/en\/#organization","name":"CineEco Seia - Festival internacional de cinema ambiental da Serra da Estrela","alternateName":"CineEco","url":"https:\/\/cineeco.pt\/en\/","logo":{"@type":"ImageObject","inLanguage":"en-US","@id":"https:\/\/cineeco.pt\/en\/#\/schema\/logo\/image\/","url":"https:\/\/cineeco.pt\/wp-content\/uploads\/2025\/03\/CineEcoSeia_sem-assinatura_positivo.png","contentUrl":"https:\/\/cineeco.pt\/wp-content\/uploads\/2025\/03\/CineEcoSeia_sem-assinatura_positivo.png","width":1000,"height":1105,"caption":"CineEco Seia - Festival internacional de cinema ambiental da Serra da Estrela"},"image":{"@id":"https:\/\/cineeco.pt\/en\/#\/schema\/logo\/image\/"},"sameAs":["https:\/\/pt-pt.facebook.com\/CineEcoSeia\/","https:\/\/www.instagram.com\/cineeco\/","https:\/\/www.youtube.com\/@festivalcineecoseia"]}]}},"hora":{"value":"16:30","rendered":"16:30"},"realizadores":{"value":"Jos\u00e9 Filipe Costa","rendered":"Jos\u00e9 Filipe Costa"},"paises":{"value":"Portugal","rendered":"Portugal"},"ano_de_estreia":{"value":"2011","rendered":"2011"},"duracao":{"value":"80`","rendered":"80`"},"imagem_cartaz":{"value":false,"rendered":false},"galeria":{"value":false,"rendered":false},"trailer":{"value":"","rendered":""},"cartaz":{"value":"","rendered":""},"kit_imprensa":{"value":"","rendered":""},"website":{"value":"","rendered":""},"texto_descritivo_complementar":{"value":"","rendered":""},"distribuidora":{"value":"","rendered":""},"_links":{"self":[{"href":"https:\/\/cineeco.pt\/en\/wp-json\/wp\/v2\/edicao_2024\/13359","targetHints":{"allow":["GET"]}}],"collection":[{"href":"https:\/\/cineeco.pt\/en\/wp-json\/wp\/v2\/edicao_2024"}],"about":[{"href":"https:\/\/cineeco.pt\/en\/wp-json\/wp\/v2\/types\/edicao_2024"}],"author":[{"embeddable":true,"href":"https:\/\/cineeco.pt\/en\/wp-json\/wp\/v2\/users\/1"}],"version-history":[{"count":1,"href":"https:\/\/cineeco.pt\/en\/wp-json\/wp\/v2\/edicao_2024\/13359\/revisions"}],"predecessor-version":[{"id":13360,"href":"https:\/\/cineeco.pt\/en\/wp-json\/wp\/v2\/edicao_2024\/13359\/revisions\/13360"}],"wp:featuredmedia":[{"embeddable":true,"href":"https:\/\/cineeco.pt\/en\/wp-json\/wp\/v2\/media\/9413"}],"wp:attachment":[{"href":"https:\/\/cineeco.pt\/en\/wp-json\/wp\/v2\/media?parent=13359"}],"wp:term":[{"taxonomy":"ano_da_edicao","embeddable":true,"href":"https:\/\/cineeco.pt\/en\/wp-json\/wp\/v2\/ano_da_edicao?post=13359"},{"taxonomy":"competitive-sections","embeddable":true,"href":"https:\/\/cineeco.pt\/en\/wp-json\/wp\/v2\/competitive-sections?post=13359"},{"taxonomy":"days","embeddable":true,"href":"https:\/\/cineeco.pt\/en\/wp-json\/wp\/v2\/days?post=13359"},{"taxonomy":"dia","embeddable":true,"href":"https:\/\/cineeco.pt\/en\/wp-json\/wp\/v2\/dia?post=13359"},{"taxonomy":"genero_de_filme_ou_atividade","embeddable":true,"href":"https:\/\/cineeco.pt\/en\/wp-json\/wp\/v2\/genero_de_filme_ou_atividade?post=13359"},{"taxonomy":"local","embeddable":true,"href":"https:\/\/cineeco.pt\/en\/wp-json\/wp\/v2\/local?post=13359"},{"taxonomy":"locations","embeddable":true,"href":"https:\/\/cineeco.pt\/en\/wp-json\/wp\/v2\/locations?post=13359"},{"taxonomy":"movie-genre","embeddable":true,"href":"https:\/\/cineeco.pt\/en\/wp-json\/wp\/v2\/movie-genre?post=13359"},{"taxonomy":"seccao_competitiva","embeddable":true,"href":"https:\/\/cineeco.pt\/en\/wp-json\/wp\/v2\/seccao_competitiva?post=13359"},{"taxonomy":"tipo_de_evento","embeddable":true,"href":"https:\/\/cineeco.pt\/en\/wp-json\/wp\/v2\/tipo_de_evento?post=13359"},{"taxonomy":"type-of-event","embeddable":true,"href":"https:\/\/cineeco.pt\/en\/wp-json\/wp\/v2\/type-of-event?post=13359"}],"curies":[{"name":"wp","href":"https:\/\/api.w.org\/{rel}","templated":true}]}}