{"id":13639,"date":"2025-11-07T12:18:30","date_gmt":"2025-11-07T12:18:30","guid":{"rendered":"https:\/\/cineeco.pt\/edicao-2024\/vania-valeria\/"},"modified":"2025-11-09T18:00:01","modified_gmt":"2025-11-09T18:00:01","slug":"vania-valeria","status":"publish","type":"edicao_2024","link":"https:\/\/cineeco.pt\/en\/edition\/2025\/vania-valeria\/","title":{"rendered":"V\u00e2nia &amp; Val\u00e9ria"},"content":{"rendered":"\n<p>With over 30 years of marriage, V\u00e2nia and Val\u00e9ria are a passionate couple who embrace whatever life has to offer. Residents of Parelheiros, in the far south of S\u00e3o Paulo, they fight for the right to healthy food in the outskirts of the city and for a lifestyle in harmony with nature. They are also the mothers of Turma do Nino, which has already rescued over 100 animals.  <\/p>\n","protected":false},"excerpt":{"rendered":"<p>With over 30 years of marriage, V\u00e2nia and Val\u00e9ria are a passionate couple who embrace whatever life has to offer. Residents of Parelheiros, in the far south of S\u00e3o Paulo, they fight for the right to healthy food in the outskirts of the city and for a lifestyle in harmony with nature. They are also [&hellip;]<\/p>\n","protected":false},"author":1,"featured_media":7788,"parent":0,"menu_order":0,"template":"","format":"standard","ano_da_edicao":[202],"competitive-sections":[],"days":[],"dia":[157],"genero_de_filme_ou_atividade":[126],"local":[118],"locations":[],"movie-genre":[],"seccao_competitiva":[148],"tipo_de_evento":[128],"type-of-event":[],"class_list":["post-13639","edicao_2024","type-edicao_2024","status-publish","format-standard","has-post-thumbnail","hentry","ano_da_edicao-202","dia-13-october","genero_de_filme_ou_atividade-documentary","local-seia-municipal-house-of-culture-cineteatro","seccao_competitiva-portuguese-language-short-and-medium-length-film-competition","tipo_de_evento-films-in-competition"],"yoast_head":"<!-- This site is optimized with the Yoast SEO plugin v26.8 - https:\/\/yoast.com\/product\/yoast-seo-wordpress\/ -->\n<title>V\u00e2nia &amp; Val\u00e9ria - CineEco Seia<\/title>\n<meta name=\"robots\" content=\"index, follow, max-snippet:-1, max-image-preview:large, max-video-preview:-1\" \/>\n<link rel=\"canonical\" href=\"https:\/\/cineeco.pt\/en\/edition\/2025\/vania-valeria\/\" \/>\n<meta property=\"og:locale\" content=\"en_US\" \/>\n<meta property=\"og:type\" content=\"article\" \/>\n<meta property=\"og:title\" content=\"V\u00e2nia &amp; Val\u00e9ria - CineEco Seia\" \/>\n<meta property=\"og:description\" content=\"With over 30 years of marriage, V\u00e2nia and Val\u00e9ria are a passionate couple who embrace whatever life has to offer. Residents of Parelheiros, in the far south of S\u00e3o Paulo, they fight for the right to healthy food in the outskirts of the city and for a lifestyle in harmony with nature. They are also [&hellip;]\" \/>\n<meta property=\"og:url\" content=\"https:\/\/cineeco.pt\/en\/edition\/2025\/vania-valeria\/\" \/>\n<meta property=\"og:site_name\" content=\"CineEco Seia\" \/>\n<meta property=\"article:publisher\" content=\"https:\/\/pt-pt.facebook.com\/CineEcoSeia\/\" \/>\n<meta property=\"article:modified_time\" content=\"2025-11-09T18:00:01+00:00\" \/>\n<meta property=\"og:image\" content=\"https:\/\/cineeco.pt\/wp-content\/uploads\/2025\/08\/IMG_9474.jpg\" \/>\n\t<meta property=\"og:image:width\" content=\"1200\" \/>\n\t<meta property=\"og:image:height\" content=\"800\" \/>\n\t<meta property=\"og:image:type\" content=\"image\/jpeg\" \/>\n<meta name=\"twitter:card\" content=\"summary_large_image\" \/>\n<script type=\"application\/ld+json\" class=\"yoast-schema-graph\">{\"@context\":\"https:\/\/schema.org\",\"@graph\":[{\"@type\":\"WebPage\",\"@id\":\"https:\/\/cineeco.pt\/en\/edition\/2025\/vania-valeria\/\",\"url\":\"https:\/\/cineeco.pt\/en\/edition\/2025\/vania-valeria\/\",\"name\":\"V\u00e2nia &amp; Val\u00e9ria - CineEco Seia\",\"isPartOf\":{\"@id\":\"https:\/\/cineeco.pt\/en\/#website\"},\"primaryImageOfPage\":{\"@id\":\"https:\/\/cineeco.pt\/en\/edition\/2025\/vania-valeria\/#primaryimage\"},\"image\":{\"@id\":\"https:\/\/cineeco.pt\/en\/edition\/2025\/vania-valeria\/#primaryimage\"},\"thumbnailUrl\":\"https:\/\/cineeco.pt\/wp-content\/uploads\/2025\/08\/IMG_9474.jpg\",\"datePublished\":\"2025-11-07T12:18:30+00:00\",\"dateModified\":\"2025-11-09T18:00:01+00:00\",\"breadcrumb\":{\"@id\":\"https:\/\/cineeco.pt\/en\/edition\/2025\/vania-valeria\/#breadcrumb\"},\"inLanguage\":\"en-US\",\"potentialAction\":[{\"@type\":\"ReadAction\",\"target\":[\"https:\/\/cineeco.pt\/en\/edition\/2025\/vania-valeria\/\"]}]},{\"@type\":\"ImageObject\",\"inLanguage\":\"en-US\",\"@id\":\"https:\/\/cineeco.pt\/en\/edition\/2025\/vania-valeria\/#primaryimage\",\"url\":\"https:\/\/cineeco.pt\/wp-content\/uploads\/2025\/08\/IMG_9474.jpg\",\"contentUrl\":\"https:\/\/cineeco.pt\/wp-content\/uploads\/2025\/08\/IMG_9474.jpg\",\"width\":1200,\"height\":800,\"caption\":\"Processed with VSCO with t1 preset\"},{\"@type\":\"BreadcrumbList\",\"@id\":\"https:\/\/cineeco.pt\/en\/edition\/2025\/vania-valeria\/#breadcrumb\",\"itemListElement\":[{\"@type\":\"ListItem\",\"position\":1,\"name\":\"In\u00edcio\",\"item\":\"https:\/\/cineeco.pt\/en\/festival\/\"},{\"@type\":\"ListItem\",\"position\":2,\"name\":\"Edi\u00e7\u00e3o\",\"item\":\"https:\/\/cineeco.pt\/en\/edition\/\"},{\"@type\":\"ListItem\",\"position\":3,\"name\":\"V\u00e2nia &amp; Val\u00e9ria\"}]},{\"@type\":\"WebSite\",\"@id\":\"https:\/\/cineeco.pt\/en\/#website\",\"url\":\"https:\/\/cineeco.pt\/en\/\",\"name\":\"CineEco Seia\",\"description\":\"Festival Internacional de Cinema Ambiental\",\"publisher\":{\"@id\":\"https:\/\/cineeco.pt\/en\/#organization\"},\"alternateName\":\"CIneEco\",\"potentialAction\":[{\"@type\":\"SearchAction\",\"target\":{\"@type\":\"EntryPoint\",\"urlTemplate\":\"https:\/\/cineeco.pt\/en\/?s={search_term_string}\"},\"query-input\":{\"@type\":\"PropertyValueSpecification\",\"valueRequired\":true,\"valueName\":\"search_term_string\"}}],\"inLanguage\":\"en-US\"},{\"@type\":\"Organization\",\"@id\":\"https:\/\/cineeco.pt\/en\/#organization\",\"name\":\"CineEco Seia - Festival internacional de cinema ambiental da Serra da Estrela\",\"alternateName\":\"CineEco\",\"url\":\"https:\/\/cineeco.pt\/en\/\",\"logo\":{\"@type\":\"ImageObject\",\"inLanguage\":\"en-US\",\"@id\":\"https:\/\/cineeco.pt\/en\/#\/schema\/logo\/image\/\",\"url\":\"https:\/\/cineeco.pt\/wp-content\/uploads\/2025\/03\/CineEcoSeia_sem-assinatura_positivo.png\",\"contentUrl\":\"https:\/\/cineeco.pt\/wp-content\/uploads\/2025\/03\/CineEcoSeia_sem-assinatura_positivo.png\",\"width\":1000,\"height\":1105,\"caption\":\"CineEco Seia - Festival internacional de cinema ambiental da Serra da Estrela\"},\"image\":{\"@id\":\"https:\/\/cineeco.pt\/en\/#\/schema\/logo\/image\/\"},\"sameAs\":[\"https:\/\/pt-pt.facebook.com\/CineEcoSeia\/\",\"https:\/\/www.instagram.com\/cineeco\/\",\"https:\/\/www.youtube.com\/@festivalcineecoseia\"]}]}<\/script>\n<!-- \/ Yoast SEO plugin. -->","yoast_head_json":{"title":"V\u00e2nia &amp; Val\u00e9ria - CineEco Seia","robots":{"index":"index","follow":"follow","max-snippet":"max-snippet:-1","max-image-preview":"max-image-preview:large","max-video-preview":"max-video-preview:-1"},"canonical":"https:\/\/cineeco.pt\/en\/edition\/2025\/vania-valeria\/","og_locale":"en_US","og_type":"article","og_title":"V\u00e2nia &amp; Val\u00e9ria - CineEco Seia","og_description":"With over 30 years of marriage, V\u00e2nia and Val\u00e9ria are a passionate couple who embrace whatever life has to offer. Residents of Parelheiros, in the far south of S\u00e3o Paulo, they fight for the right to healthy food in the outskirts of the city and for a lifestyle in harmony with nature. They are also [&hellip;]","og_url":"https:\/\/cineeco.pt\/en\/edition\/2025\/vania-valeria\/","og_site_name":"CineEco Seia","article_publisher":"https:\/\/pt-pt.facebook.com\/CineEcoSeia\/","article_modified_time":"2025-11-09T18:00:01+00:00","og_image":[{"width":1200,"height":800,"url":"https:\/\/cineeco.pt\/wp-content\/uploads\/2025\/08\/IMG_9474.jpg","type":"image\/jpeg"}],"twitter_card":"summary_large_image","schema":{"@context":"https:\/\/schema.org","@graph":[{"@type":"WebPage","@id":"https:\/\/cineeco.pt\/en\/edition\/2025\/vania-valeria\/","url":"https:\/\/cineeco.pt\/en\/edition\/2025\/vania-valeria\/","name":"V\u00e2nia &amp; Val\u00e9ria - CineEco Seia","isPartOf":{"@id":"https:\/\/cineeco.pt\/en\/#website"},"primaryImageOfPage":{"@id":"https:\/\/cineeco.pt\/en\/edition\/2025\/vania-valeria\/#primaryimage"},"image":{"@id":"https:\/\/cineeco.pt\/en\/edition\/2025\/vania-valeria\/#primaryimage"},"thumbnailUrl":"https:\/\/cineeco.pt\/wp-content\/uploads\/2025\/08\/IMG_9474.jpg","datePublished":"2025-11-07T12:18:30+00:00","dateModified":"2025-11-09T18:00:01+00:00","breadcrumb":{"@id":"https:\/\/cineeco.pt\/en\/edition\/2025\/vania-valeria\/#breadcrumb"},"inLanguage":"en-US","potentialAction":[{"@type":"ReadAction","target":["https:\/\/cineeco.pt\/en\/edition\/2025\/vania-valeria\/"]}]},{"@type":"ImageObject","inLanguage":"en-US","@id":"https:\/\/cineeco.pt\/en\/edition\/2025\/vania-valeria\/#primaryimage","url":"https:\/\/cineeco.pt\/wp-content\/uploads\/2025\/08\/IMG_9474.jpg","contentUrl":"https:\/\/cineeco.pt\/wp-content\/uploads\/2025\/08\/IMG_9474.jpg","width":1200,"height":800,"caption":"Processed with VSCO with t1 preset"},{"@type":"BreadcrumbList","@id":"https:\/\/cineeco.pt\/en\/edition\/2025\/vania-valeria\/#breadcrumb","itemListElement":[{"@type":"ListItem","position":1,"name":"In\u00edcio","item":"https:\/\/cineeco.pt\/en\/festival\/"},{"@type":"ListItem","position":2,"name":"Edi\u00e7\u00e3o","item":"https:\/\/cineeco.pt\/en\/edition\/"},{"@type":"ListItem","position":3,"name":"V\u00e2nia &amp; Val\u00e9ria"}]},{"@type":"WebSite","@id":"https:\/\/cineeco.pt\/en\/#website","url":"https:\/\/cineeco.pt\/en\/","name":"CineEco Seia","description":"Festival Internacional de Cinema Ambiental","publisher":{"@id":"https:\/\/cineeco.pt\/en\/#organization"},"alternateName":"CIneEco","potentialAction":[{"@type":"SearchAction","target":{"@type":"EntryPoint","urlTemplate":"https:\/\/cineeco.pt\/en\/?s={search_term_string}"},"query-input":{"@type":"PropertyValueSpecification","valueRequired":true,"valueName":"search_term_string"}}],"inLanguage":"en-US"},{"@type":"Organization","@id":"https:\/\/cineeco.pt\/en\/#organization","name":"CineEco Seia - Festival internacional de cinema ambiental da Serra da Estrela","alternateName":"CineEco","url":"https:\/\/cineeco.pt\/en\/","logo":{"@type":"ImageObject","inLanguage":"en-US","@id":"https:\/\/cineeco.pt\/en\/#\/schema\/logo\/image\/","url":"https:\/\/cineeco.pt\/wp-content\/uploads\/2025\/03\/CineEcoSeia_sem-assinatura_positivo.png","contentUrl":"https:\/\/cineeco.pt\/wp-content\/uploads\/2025\/03\/CineEcoSeia_sem-assinatura_positivo.png","width":1000,"height":1105,"caption":"CineEco Seia - Festival internacional de cinema ambiental da Serra da Estrela"},"image":{"@id":"https:\/\/cineeco.pt\/en\/#\/schema\/logo\/image\/"},"sameAs":["https:\/\/pt-pt.facebook.com\/CineEcoSeia\/","https:\/\/www.instagram.com\/cineeco\/","https:\/\/www.youtube.com\/@festivalcineecoseia"]}]}},"hora":{"value":"14:30","rendered":"14:30"},"realizadores":{"value":"Isabela Da Silva Alves, Isabella Milena Nascimento da Cunha","rendered":"Isabela Da Silva Alves, Isabella Milena Nascimento da Cunha"},"paises":{"value":"Brazil","rendered":"Brazil"},"ano_de_estreia":{"value":"2025","rendered":"2025"},"duracao":{"value":"21'32''","rendered":"21'32''"},"imagem_cartaz":{"value":{"ID":"7785","post_author":"2","post_date":"2025-08-19 16:19:02","post_date_gmt":"2025-08-19 16:19:02","post_content":"","post_title":"c12a8b51a2-poster (2)","post_excerpt":"","post_status":"inherit","comment_status":"","ping_status":"closed","post_password":"","post_name":"c12a8b51a2-poster-2","to_ping":"","pinged":"","post_modified":"2025-08-19 16:19:02","post_modified_gmt":"2025-08-19 16:19:02","post_content_filtered":"","post_parent":"7784","guid":"https:\/\/cineeco.pt\/wp-content\/uploads\/2025\/08\/c12a8b51a2-poster-2.jpg","menu_order":"0","post_type":"attachment","post_mime_type":"image\/jpeg","comment_count":"0","pod_item_id":"7785"},"rendered":"https:\/\/cineeco.pt\/wp-content\/uploads\/2025\/08\/c12a8b51a2-poster-2.jpg"},"galeria":{"value":false,"rendered":false},"trailer":{"value":"https:\/\/www.youtube.com\/watch?v=gaz0zk7Ba-M","rendered":"<a href=\"https:\/\/www.youtube.com\/watch?v=gaz0zk7Ba-M\" target=\"_blank\" rel=\"noopener noreferrer\">https:\/\/www.youtube.com\/watch?v=gaz0zk7Ba-M<\/a>"},"cartaz":{"value":"https:\/\/cineeco.pt\/wp-content\/uploads\/2025\/08\/c12a8b51a2-poster-2.jpg","rendered":"<a href=\"https:\/\/cineeco.pt\/wp-content\/uploads\/2025\/08\/c12a8b51a2-poster-2.jpg\" target=\"_blank\" rel=\"noopener noreferrer\">https:\/\/cineeco.pt\/wp-content\/uploads\/2025\/08\/c12a8b51a2-poster-2.jpg<\/a>"},"kit_imprensa":{"value":"","rendered":""},"website":{"value":"","rendered":""},"texto_descritivo_complementar":{"value":"","rendered":""},"distribuidora":{"value":"","rendered":""},"_links":{"self":[{"href":"https:\/\/cineeco.pt\/en\/wp-json\/wp\/v2\/edicao_2024\/13639","targetHints":{"allow":["GET"]}}],"collection":[{"href":"https:\/\/cineeco.pt\/en\/wp-json\/wp\/v2\/edicao_2024"}],"about":[{"href":"https:\/\/cineeco.pt\/en\/wp-json\/wp\/v2\/types\/edicao_2024"}],"author":[{"embeddable":true,"href":"https:\/\/cineeco.pt\/en\/wp-json\/wp\/v2\/users\/1"}],"version-history":[{"count":1,"href":"https:\/\/cineeco.pt\/en\/wp-json\/wp\/v2\/edicao_2024\/13639\/revisions"}],"predecessor-version":[{"id":13640,"href":"https:\/\/cineeco.pt\/en\/wp-json\/wp\/v2\/edicao_2024\/13639\/revisions\/13640"}],"wp:featuredmedia":[{"embeddable":true,"href":"https:\/\/cineeco.pt\/en\/wp-json\/wp\/v2\/media\/7788"}],"wp:attachment":[{"href":"https:\/\/cineeco.pt\/en\/wp-json\/wp\/v2\/media?parent=13639"}],"wp:term":[{"taxonomy":"ano_da_edicao","embeddable":true,"href":"https:\/\/cineeco.pt\/en\/wp-json\/wp\/v2\/ano_da_edicao?post=13639"},{"taxonomy":"competitive-sections","embeddable":true,"href":"https:\/\/cineeco.pt\/en\/wp-json\/wp\/v2\/competitive-sections?post=13639"},{"taxonomy":"days","embeddable":true,"href":"https:\/\/cineeco.pt\/en\/wp-json\/wp\/v2\/days?post=13639"},{"taxonomy":"dia","embeddable":true,"href":"https:\/\/cineeco.pt\/en\/wp-json\/wp\/v2\/dia?post=13639"},{"taxonomy":"genero_de_filme_ou_atividade","embeddable":true,"href":"https:\/\/cineeco.pt\/en\/wp-json\/wp\/v2\/genero_de_filme_ou_atividade?post=13639"},{"taxonomy":"local","embeddable":true,"href":"https:\/\/cineeco.pt\/en\/wp-json\/wp\/v2\/local?post=13639"},{"taxonomy":"locations","embeddable":true,"href":"https:\/\/cineeco.pt\/en\/wp-json\/wp\/v2\/locations?post=13639"},{"taxonomy":"movie-genre","embeddable":true,"href":"https:\/\/cineeco.pt\/en\/wp-json\/wp\/v2\/movie-genre?post=13639"},{"taxonomy":"seccao_competitiva","embeddable":true,"href":"https:\/\/cineeco.pt\/en\/wp-json\/wp\/v2\/seccao_competitiva?post=13639"},{"taxonomy":"tipo_de_evento","embeddable":true,"href":"https:\/\/cineeco.pt\/en\/wp-json\/wp\/v2\/tipo_de_evento?post=13639"},{"taxonomy":"type-of-event","embeddable":true,"href":"https:\/\/cineeco.pt\/en\/wp-json\/wp\/v2\/type-of-event?post=13639"}],"curies":[{"name":"wp","href":"https:\/\/api.w.org\/{rel}","templated":true}]}}