{"id":9543,"date":"2025-09-26T11:34:55","date_gmt":"2025-09-26T11:34:55","guid":{"rendered":"https:\/\/cineeco.pt\/edicao-2025\/presentation-of-the-book-community-forest-communicating-voices-for-the-future-of-a-territory\/"},"modified":"2025-10-06T16:01:53","modified_gmt":"2025-10-06T16:01:53","slug":"presentation-of-the-book-community-forest-communicating-voices-for-the-future-of-a-territory","status":"publish","type":"edicao_2025","link":"https:\/\/cineeco.pt\/en\/edition-2025\/presentation-of-the-book-community-forest-communicating-voices-for-the-future-of-a-territory\/","title":{"rendered":"Presentation of the Book: &#8220;Community: Forest &#8211; Communicating Voices for the Future of a Territory&#8221;"},"content":{"rendered":"\n<p><a>\n  <strong>Community : forest &#8211; <em>Communicating voices <\/em>for the future of a territory <\/strong>\n<\/a>was born out of attentive and continuous listening to the Serra da Estrela territory and its communities and is based on three artistic projects by the collective <strong>,<\/strong> carried out in the south and north of the territory &#8211; Cat\u00e1logo Po\u00e9tico (2020-21), CasaFloresta (2022-23) and Folha Volante (2024). The book works on the archives of these projects, but opens up its spectrum of reflection and resonance to new contributions from the collective, as well as the participation of collaborators from very different areas, civic movements or members of local collectivities. Through a diverse, polyphonic and multidimensional language &#8211; which crosses transcripts of informal conversations with literary, scientific or academic, poetic and pseudo-poetic languages &#8211; the book reflects on the past, present and future of the (de)forest and the communities that live with it. The different contents are placed side by side in both harmonious and sometimes dissonant resonance, in a way that is neither static nor musealized. With links to videos, sound pieces and publications from previous projects, the reflection also extends beyond the physical format of the book.    <\/p>\n\n<p>The authors will be present at this discussion.<\/p>\n\n<p><strong>collective <em>listening <\/em>(biographical note)<\/strong><\/p>\n\n<p>Working (mainly) in the territories of the Serra da Estrela Natural Park and in\/with its communities, the collective \u2014 composed of Corinna Lawrenz, Joana S\u00e1, Lu\u00eds J Martins, Lucas Tavares and Ana Viana \u2014 proposes an inter- and transdisciplinary reflection on the future of these territories. Closely linked to a notion of \u201clistening\u201d as a resonant relationship with the \u201cother\u201d, their artistic projects propose relationships and listening between artists, local communities, collaborators from different scientific fields, civic movements, local associations, etc. <\/p>\n\n<figure class=\"wp-block-image size-full\"><img fetchpriority=\"high\" decoding=\"async\" width=\"671\" height=\"151\" src=\"https:\/\/cineeco.pt\/wp-content\/uploads\/2025\/09\/dgartes-e-mini-cores_small.png\" alt=\"\" class=\"wp-image-9535\" srcset=\"https:\/\/cineeco.pt\/wp-content\/uploads\/2025\/09\/dgartes-e-mini-cores_small.png 671w, https:\/\/cineeco.pt\/wp-content\/uploads\/2025\/09\/dgartes-e-mini-cores_small-300x68.png 300w\" sizes=\"(max-width: 671px) 100vw, 671px\" \/><\/figure>\n\n<hr class=\"wp-block-separator has-alpha-channel-opacity\"\/>\n\n<p><\/p>\n","protected":false},"excerpt":{"rendered":"<p>Community : forest &#8211; Communicating voices for the future of a territory was born out of attentive and continuous listening to the Serra da Estrela territory and its communities and is based on three artistic projects by the collective , carried out in the south and north of the territory &#8211; Cat\u00e1logo Po\u00e9tico (2020-21), CasaFloresta [&hellip;]<\/p>\n","protected":false},"author":2,"featured_media":9595,"menu_order":0,"template":"","format":"standard","dia":[157],"genero_de_filme_ou_atividade":[],"local":[136],"seccao_competitiva":[],"tipo_de_evento":[159],"class_list":["post-9543","edicao_2025","type-edicao_2025","status-publish","format-standard","has-post-thumbnail","hentry","dia-13-october","local-seia-municipal-library-garden","tipo_de_evento-meetings-and-conversations"],"yoast_head":"<!-- This site is optimized with the Yoast SEO plugin v26.8 - https:\/\/yoast.com\/product\/yoast-seo-wordpress\/ -->\n<title>Presentation of the Book: &quot;Community: Forest - Communicating Voices for the Future of a Territory&quot; - CineEco Seia<\/title>\n<meta name=\"robots\" content=\"index, follow, max-snippet:-1, max-image-preview:large, max-video-preview:-1\" \/>\n<link rel=\"canonical\" href=\"https:\/\/cineeco.pt\/en\/edition-2025\/presentation-of-the-book-community-forest-communicating-voices-for-the-future-of-a-territory\/\" \/>\n<meta property=\"og:locale\" content=\"en_US\" \/>\n<meta property=\"og:type\" content=\"article\" \/>\n<meta property=\"og:title\" content=\"Presentation of the Book: &quot;Community: Forest - Communicating Voices for the Future of a Territory&quot; - CineEco Seia\" \/>\n<meta property=\"og:description\" content=\"Community : forest &#8211; Communicating voices for the future of a territory was born out of attentive and continuous listening to the Serra da Estrela territory and its communities and is based on three artistic projects by the collective , carried out in the south and north of the territory &#8211; Cat\u00e1logo Po\u00e9tico (2020-21), CasaFloresta [&hellip;]\" \/>\n<meta property=\"og:url\" content=\"https:\/\/cineeco.pt\/en\/edition-2025\/presentation-of-the-book-community-forest-communicating-voices-for-the-future-of-a-territory\/\" \/>\n<meta property=\"og:site_name\" content=\"CineEco Seia\" \/>\n<meta property=\"article:publisher\" content=\"https:\/\/pt-pt.facebook.com\/CineEcoSeia\/\" \/>\n<meta property=\"article:modified_time\" content=\"2025-10-06T16:01:53+00:00\" \/>\n<meta property=\"og:image\" content=\"https:\/\/cineeco.pt\/wp-content\/uploads\/2025\/09\/CC_LivroFloresta.png\" \/>\n\t<meta property=\"og:image:width\" content=\"1162\" \/>\n\t<meta property=\"og:image:height\" content=\"515\" \/>\n\t<meta property=\"og:image:type\" content=\"image\/png\" \/>\n<meta name=\"twitter:card\" content=\"summary_large_image\" \/>\n<meta name=\"twitter:label1\" content=\"Est. reading time\" \/>\n\t<meta name=\"twitter:data1\" content=\"1 minute\" \/>\n<script type=\"application\/ld+json\" class=\"yoast-schema-graph\">{\"@context\":\"https:\/\/schema.org\",\"@graph\":[{\"@type\":\"WebPage\",\"@id\":\"https:\/\/cineeco.pt\/en\/edition-2025\/presentation-of-the-book-community-forest-communicating-voices-for-the-future-of-a-territory\/\",\"url\":\"https:\/\/cineeco.pt\/en\/edition-2025\/presentation-of-the-book-community-forest-communicating-voices-for-the-future-of-a-territory\/\",\"name\":\"Presentation of the Book: \\\"Community: Forest - Communicating Voices for the Future of a Territory\\\" - CineEco Seia\",\"isPartOf\":{\"@id\":\"https:\/\/cineeco.pt\/en\/#website\"},\"primaryImageOfPage\":{\"@id\":\"https:\/\/cineeco.pt\/en\/edition-2025\/presentation-of-the-book-community-forest-communicating-voices-for-the-future-of-a-territory\/#primaryimage\"},\"image\":{\"@id\":\"https:\/\/cineeco.pt\/en\/edition-2025\/presentation-of-the-book-community-forest-communicating-voices-for-the-future-of-a-territory\/#primaryimage\"},\"thumbnailUrl\":\"https:\/\/cineeco.pt\/wp-content\/uploads\/2025\/09\/CC_LivroFloresta.png\",\"datePublished\":\"2025-09-26T11:34:55+00:00\",\"dateModified\":\"2025-10-06T16:01:53+00:00\",\"breadcrumb\":{\"@id\":\"https:\/\/cineeco.pt\/en\/edition-2025\/presentation-of-the-book-community-forest-communicating-voices-for-the-future-of-a-territory\/#breadcrumb\"},\"inLanguage\":\"en-US\",\"potentialAction\":[{\"@type\":\"ReadAction\",\"target\":[\"https:\/\/cineeco.pt\/en\/edition-2025\/presentation-of-the-book-community-forest-communicating-voices-for-the-future-of-a-territory\/\"]}]},{\"@type\":\"ImageObject\",\"inLanguage\":\"en-US\",\"@id\":\"https:\/\/cineeco.pt\/en\/edition-2025\/presentation-of-the-book-community-forest-communicating-voices-for-the-future-of-a-territory\/#primaryimage\",\"url\":\"https:\/\/cineeco.pt\/wp-content\/uploads\/2025\/09\/CC_LivroFloresta.png\",\"contentUrl\":\"https:\/\/cineeco.pt\/wp-content\/uploads\/2025\/09\/CC_LivroFloresta.png\",\"width\":1162,\"height\":515},{\"@type\":\"BreadcrumbList\",\"@id\":\"https:\/\/cineeco.pt\/en\/edition-2025\/presentation-of-the-book-community-forest-communicating-voices-for-the-future-of-a-territory\/#breadcrumb\",\"itemListElement\":[{\"@type\":\"ListItem\",\"position\":1,\"name\":\"In\u00edcio\",\"item\":\"https:\/\/cineeco.pt\/en\/festival\/\"},{\"@type\":\"ListItem\",\"position\":2,\"name\":\"Presentation of the Book: &#8220;Community: Forest &#8211; Communicating Voices for the Future of a Territory&#8221;\"}]},{\"@type\":\"WebSite\",\"@id\":\"https:\/\/cineeco.pt\/en\/#website\",\"url\":\"https:\/\/cineeco.pt\/en\/\",\"name\":\"CineEco Seia\",\"description\":\"Festival Internacional de Cinema Ambiental\",\"publisher\":{\"@id\":\"https:\/\/cineeco.pt\/en\/#organization\"},\"alternateName\":\"CIneEco\",\"potentialAction\":[{\"@type\":\"SearchAction\",\"target\":{\"@type\":\"EntryPoint\",\"urlTemplate\":\"https:\/\/cineeco.pt\/en\/?s={search_term_string}\"},\"query-input\":{\"@type\":\"PropertyValueSpecification\",\"valueRequired\":true,\"valueName\":\"search_term_string\"}}],\"inLanguage\":\"en-US\"},{\"@type\":\"Organization\",\"@id\":\"https:\/\/cineeco.pt\/en\/#organization\",\"name\":\"CineEco Seia - Festival internacional de cinema ambiental da Serra da Estrela\",\"alternateName\":\"CineEco\",\"url\":\"https:\/\/cineeco.pt\/en\/\",\"logo\":{\"@type\":\"ImageObject\",\"inLanguage\":\"en-US\",\"@id\":\"https:\/\/cineeco.pt\/en\/#\/schema\/logo\/image\/\",\"url\":\"https:\/\/cineeco.pt\/wp-content\/uploads\/2025\/03\/CineEcoSeia_sem-assinatura_positivo.png\",\"contentUrl\":\"https:\/\/cineeco.pt\/wp-content\/uploads\/2025\/03\/CineEcoSeia_sem-assinatura_positivo.png\",\"width\":1000,\"height\":1105,\"caption\":\"CineEco Seia - Festival internacional de cinema ambiental da Serra da Estrela\"},\"image\":{\"@id\":\"https:\/\/cineeco.pt\/en\/#\/schema\/logo\/image\/\"},\"sameAs\":[\"https:\/\/pt-pt.facebook.com\/CineEcoSeia\/\",\"https:\/\/www.instagram.com\/cineeco\/\",\"https:\/\/www.youtube.com\/@festivalcineecoseia\"]}]}<\/script>\n<!-- \/ Yoast SEO plugin. -->","yoast_head_json":{"title":"Presentation of the Book: \"Community: Forest - Communicating Voices for the Future of a Territory\" - CineEco Seia","robots":{"index":"index","follow":"follow","max-snippet":"max-snippet:-1","max-image-preview":"max-image-preview:large","max-video-preview":"max-video-preview:-1"},"canonical":"https:\/\/cineeco.pt\/en\/edition-2025\/presentation-of-the-book-community-forest-communicating-voices-for-the-future-of-a-territory\/","og_locale":"en_US","og_type":"article","og_title":"Presentation of the Book: \"Community: Forest - Communicating Voices for the Future of a Territory\" - CineEco Seia","og_description":"Community : forest &#8211; Communicating voices for the future of a territory was born out of attentive and continuous listening to the Serra da Estrela territory and its communities and is based on three artistic projects by the collective , carried out in the south and north of the territory &#8211; Cat\u00e1logo Po\u00e9tico (2020-21), CasaFloresta [&hellip;]","og_url":"https:\/\/cineeco.pt\/en\/edition-2025\/presentation-of-the-book-community-forest-communicating-voices-for-the-future-of-a-territory\/","og_site_name":"CineEco Seia","article_publisher":"https:\/\/pt-pt.facebook.com\/CineEcoSeia\/","article_modified_time":"2025-10-06T16:01:53+00:00","og_image":[{"width":1162,"height":515,"url":"https:\/\/cineeco.pt\/wp-content\/uploads\/2025\/09\/CC_LivroFloresta.png","type":"image\/png"}],"twitter_card":"summary_large_image","twitter_misc":{"Est. reading time":"1 minute"},"schema":{"@context":"https:\/\/schema.org","@graph":[{"@type":"WebPage","@id":"https:\/\/cineeco.pt\/en\/edition-2025\/presentation-of-the-book-community-forest-communicating-voices-for-the-future-of-a-territory\/","url":"https:\/\/cineeco.pt\/en\/edition-2025\/presentation-of-the-book-community-forest-communicating-voices-for-the-future-of-a-territory\/","name":"Presentation of the Book: \"Community: Forest - Communicating Voices for the Future of a Territory\" - CineEco Seia","isPartOf":{"@id":"https:\/\/cineeco.pt\/en\/#website"},"primaryImageOfPage":{"@id":"https:\/\/cineeco.pt\/en\/edition-2025\/presentation-of-the-book-community-forest-communicating-voices-for-the-future-of-a-territory\/#primaryimage"},"image":{"@id":"https:\/\/cineeco.pt\/en\/edition-2025\/presentation-of-the-book-community-forest-communicating-voices-for-the-future-of-a-territory\/#primaryimage"},"thumbnailUrl":"https:\/\/cineeco.pt\/wp-content\/uploads\/2025\/09\/CC_LivroFloresta.png","datePublished":"2025-09-26T11:34:55+00:00","dateModified":"2025-10-06T16:01:53+00:00","breadcrumb":{"@id":"https:\/\/cineeco.pt\/en\/edition-2025\/presentation-of-the-book-community-forest-communicating-voices-for-the-future-of-a-territory\/#breadcrumb"},"inLanguage":"en-US","potentialAction":[{"@type":"ReadAction","target":["https:\/\/cineeco.pt\/en\/edition-2025\/presentation-of-the-book-community-forest-communicating-voices-for-the-future-of-a-territory\/"]}]},{"@type":"ImageObject","inLanguage":"en-US","@id":"https:\/\/cineeco.pt\/en\/edition-2025\/presentation-of-the-book-community-forest-communicating-voices-for-the-future-of-a-territory\/#primaryimage","url":"https:\/\/cineeco.pt\/wp-content\/uploads\/2025\/09\/CC_LivroFloresta.png","contentUrl":"https:\/\/cineeco.pt\/wp-content\/uploads\/2025\/09\/CC_LivroFloresta.png","width":1162,"height":515},{"@type":"BreadcrumbList","@id":"https:\/\/cineeco.pt\/en\/edition-2025\/presentation-of-the-book-community-forest-communicating-voices-for-the-future-of-a-territory\/#breadcrumb","itemListElement":[{"@type":"ListItem","position":1,"name":"In\u00edcio","item":"https:\/\/cineeco.pt\/en\/festival\/"},{"@type":"ListItem","position":2,"name":"Presentation of the Book: &#8220;Community: Forest &#8211; Communicating Voices for the Future of a Territory&#8221;"}]},{"@type":"WebSite","@id":"https:\/\/cineeco.pt\/en\/#website","url":"https:\/\/cineeco.pt\/en\/","name":"CineEco Seia","description":"Festival Internacional de Cinema Ambiental","publisher":{"@id":"https:\/\/cineeco.pt\/en\/#organization"},"alternateName":"CIneEco","potentialAction":[{"@type":"SearchAction","target":{"@type":"EntryPoint","urlTemplate":"https:\/\/cineeco.pt\/en\/?s={search_term_string}"},"query-input":{"@type":"PropertyValueSpecification","valueRequired":true,"valueName":"search_term_string"}}],"inLanguage":"en-US"},{"@type":"Organization","@id":"https:\/\/cineeco.pt\/en\/#organization","name":"CineEco Seia - Festival internacional de cinema ambiental da Serra da Estrela","alternateName":"CineEco","url":"https:\/\/cineeco.pt\/en\/","logo":{"@type":"ImageObject","inLanguage":"en-US","@id":"https:\/\/cineeco.pt\/en\/#\/schema\/logo\/image\/","url":"https:\/\/cineeco.pt\/wp-content\/uploads\/2025\/03\/CineEcoSeia_sem-assinatura_positivo.png","contentUrl":"https:\/\/cineeco.pt\/wp-content\/uploads\/2025\/03\/CineEcoSeia_sem-assinatura_positivo.png","width":1000,"height":1105,"caption":"CineEco Seia - Festival internacional de cinema ambiental da Serra da Estrela"},"image":{"@id":"https:\/\/cineeco.pt\/en\/#\/schema\/logo\/image\/"},"sameAs":["https:\/\/pt-pt.facebook.com\/CineEcoSeia\/","https:\/\/www.instagram.com\/cineeco\/","https:\/\/www.youtube.com\/@festivalcineecoseia"]}]}},"hora":{"value":"4h30 pm","rendered":"4h30 pm"},"realizadores":{"value":"collective listening - Corinna Lawrenz, Joana S\u00e1, Lu\u00eds J Martins and Lucas Tavares","rendered":"collective listening - Corinna Lawrenz, Joana S\u00e1, Lu\u00eds J Martins and Lucas Tavares"},"ano_de_estreia_2025":{"value":"","rendered":""},"paises":{"value":"","rendered":""},"duracao":{"value":"","rendered":""},"imagem_cartaz":{"value":false,"rendered":false},"galeria":{"value":false,"rendered":false},"trailer":{"value":"","rendered":""},"cartaz":{"value":"","rendered":""},"kit_imprensa":{"value":"","rendered":""},"website":{"value":"","rendered":""},"distribuidora":{"value":"","rendered":""},"_links":{"self":[{"href":"https:\/\/cineeco.pt\/en\/wp-json\/wp\/v2\/edicao_2025\/9543","targetHints":{"allow":["GET"]}}],"collection":[{"href":"https:\/\/cineeco.pt\/en\/wp-json\/wp\/v2\/edicao_2025"}],"about":[{"href":"https:\/\/cineeco.pt\/en\/wp-json\/wp\/v2\/types\/edicao_2025"}],"author":[{"embeddable":true,"href":"https:\/\/cineeco.pt\/en\/wp-json\/wp\/v2\/users\/2"}],"version-history":[{"count":0,"href":"https:\/\/cineeco.pt\/en\/wp-json\/wp\/v2\/edicao_2025\/9543\/revisions"}],"wp:featuredmedia":[{"embeddable":true,"href":"https:\/\/cineeco.pt\/en\/wp-json\/wp\/v2\/media\/9595"}],"wp:attachment":[{"href":"https:\/\/cineeco.pt\/en\/wp-json\/wp\/v2\/media?parent=9543"}],"wp:term":[{"taxonomy":"dia","embeddable":true,"href":"https:\/\/cineeco.pt\/en\/wp-json\/wp\/v2\/dia?post=9543"},{"taxonomy":"genero_de_filme_ou_atividade","embeddable":true,"href":"https:\/\/cineeco.pt\/en\/wp-json\/wp\/v2\/genero_de_filme_ou_atividade?post=9543"},{"taxonomy":"local","embeddable":true,"href":"https:\/\/cineeco.pt\/en\/wp-json\/wp\/v2\/local?post=9543"},{"taxonomy":"seccao_competitiva","embeddable":true,"href":"https:\/\/cineeco.pt\/en\/wp-json\/wp\/v2\/seccao_competitiva?post=9543"},{"taxonomy":"tipo_de_evento","embeddable":true,"href":"https:\/\/cineeco.pt\/en\/wp-json\/wp\/v2\/tipo_de_evento?post=9543"}],"curies":[{"name":"wp","href":"https:\/\/api.w.org\/{rel}","templated":true}]}}