{"id":6193,"date":"2024-09-10T11:04:15","date_gmt":"2024-09-10T11:04:15","guid":{"rendered":"https:\/\/site.cineeco.pt\/jury-2024\/"},"modified":"2025-10-03T10:48:35","modified_gmt":"2025-10-03T10:48:35","slug":"jury-2024","status":"publish","type":"page","link":"https:\/\/cineeco.pt\/en\/jury-2024\/","title":{"rendered":"Jury 2024"},"content":{"rendered":"\t\t<div data-elementor-type=\"wp-page\" data-elementor-id=\"6193\" class=\"elementor elementor-6193 elementor-2312\" data-elementor-post-type=\"page\">\n\t\t\t\t<div class=\"elementor-element elementor-element-43e5c6b e-flex e-con-boxed e-con e-parent\" data-id=\"43e5c6b\" data-element_type=\"container\" data-settings=\"{&quot;background_background&quot;:&quot;classic&quot;}\">\n\t\t\t\t\t<div class=\"e-con-inner\">\n\t\t<div class=\"elementor-element elementor-element-8af0004 e-flex e-con-boxed e-con e-child\" data-id=\"8af0004\" data-element_type=\"container\" data-settings=\"{&quot;background_background&quot;:&quot;classic&quot;}\">\n\t\t\t\t\t<div class=\"e-con-inner\">\n\t\t\t\t<div class=\"elementor-element elementor-element-9952c8a elementor-widget elementor-widget-heading\" data-id=\"9952c8a\" data-element_type=\"widget\" data-widget_type=\"heading.default\">\n\t\t\t\t<div class=\"elementor-widget-container\">\n\t\t\t\t\t<h1 class=\"elementor-heading-title elementor-size-default\">JURY 2024<\/h1>\t\t\t\t<\/div>\n\t\t\t\t<\/div>\n\t\t\t\t\t<\/div>\n\t\t\t\t<\/div>\n\t\t\t\t\t<\/div>\n\t\t\t\t<\/div>\n\t\t<div class=\"elementor-element elementor-element-c4581c4 e-flex e-con-boxed e-con e-parent\" data-id=\"c4581c4\" data-element_type=\"container\">\n\t\t\t\t\t<div class=\"e-con-inner\">\n\t\t<div class=\"elementor-element elementor-element-8579132 e-con-full e-flex e-con e-child\" data-id=\"8579132\" data-element_type=\"container\">\n\t\t\t\t<div class=\"elementor-element elementor-element-9b6953b elementor-widget elementor-widget-heading\" data-id=\"9b6953b\" data-element_type=\"widget\" data-widget_type=\"heading.default\">\n\t\t\t\t<div class=\"elementor-widget-container\">\n\t\t\t\t\t<h2 class=\"elementor-heading-title elementor-size-default\">INTERNATIONAL FEATURE-FILM COMPETITION<\/h2>\t\t\t\t<\/div>\n\t\t\t\t<\/div>\n\t\t\t\t<\/div>\n\t\t\t\t\t<\/div>\n\t\t\t\t<\/div>\n\t\t<div class=\"elementor-element elementor-element-b3cbeb4 e-flex e-con-boxed e-con e-parent\" data-id=\"b3cbeb4\" data-element_type=\"container\">\n\t\t\t\t\t<div class=\"e-con-inner\">\n\t\t<div class=\"elementor-element elementor-element-e9c251e e-con-full e-flex e-con e-child\" data-id=\"e9c251e\" data-element_type=\"container\">\n\t\t\t\t<div class=\"elementor-element elementor-element-8a658f5 elementor-widget elementor-widget-image\" data-id=\"8a658f5\" data-element_type=\"widget\" data-widget_type=\"image.default\">\n\t\t\t\t<div class=\"elementor-widget-container\">\n\t\t\t\t\t\t\t\t\t\t\t\t\t\t\t<img fetchpriority=\"high\" decoding=\"async\" width=\"600\" height=\"600\" src=\"https:\/\/cineeco.pt\/wp-content\/uploads\/2025\/05\/InterLongas_Agata-de-pinho2.jpg\" class=\"attachment-large size-large wp-image-5549\" alt=\"Agata de Pinho\" srcset=\"https:\/\/cineeco.pt\/wp-content\/uploads\/2025\/05\/InterLongas_Agata-de-pinho2.jpg 600w, https:\/\/cineeco.pt\/wp-content\/uploads\/2025\/05\/InterLongas_Agata-de-pinho2-300x300.jpg 300w, https:\/\/cineeco.pt\/wp-content\/uploads\/2025\/05\/InterLongas_Agata-de-pinho2-150x150.jpg 150w\" sizes=\"(max-width: 600px) 100vw, 600px\" \/>\t\t\t\t\t\t\t\t\t\t\t\t\t\t\t<\/div>\n\t\t\t\t<\/div>\n\t\t\t\t<div class=\"elementor-element elementor-element-ac80027 elementor-widget elementor-widget-tp-unfold\" data-id=\"ac80027\" data-element_type=\"widget\" data-widget_type=\"tp-unfold.default\">\n\t\t\t\t<div class=\"elementor-widget-container\">\n\t\t\t\t\t<div class=\"tp-unfold-wrapper plus69f0885871009  \" data-id=\"plus69f0885871009\"  data-content_a_source=\"content\" data-con_pos=\"default\" data-icon-position=\"tp_ic_pos_after\" data-readmore=\"+\" data-readless=\"-\" data-readmore-icon=\"&lt;svg aria-hidden=&quot;true&quot; class=&quot;e-font-icon-svg e-fas-plus&quot; viewBox=&quot;0 0 448 512&quot; xmlns=&quot;http:\/\/www.w3.org\/2000\/svg&quot;&gt;&lt;path d=&quot;M416 208H272V64c0-17.67-14.33-32-32-32h-32c-17.67 0-32 14.33-32 32v144H32c-17.67 0-32 14.33-32 32v32c0 17.67 14.33 32 32 32h144v144c0 17.67 14.33 32 32 32h32c17.67 0 32-14.33 32-32V304h144c17.67 0 32-14.33 32-32v-32c0-17.67-14.33-32-32-32z&quot;&gt;&lt;\/path&gt;&lt;\/svg&gt;\" data-readless-icon=\"\"  data-transition-duration=\"200\" data-content-max-height=\"100\" data-content-max-height-t=\"100\" data-content-max-height-m=\"100\"  ><p class=\"tp-unfold-title\">PINE AGATE<\/p><div class=\"tp-unfold-description\" ><div class=\"tp-unfold-description-inner\"><p>\u00c1gata de Pinho (Porto, 1989), as well as being an actress, has been dedicated to writing and creating her own work. \"AZUL\", the first film she wrote and directed (and stars in), premiered at the Rotterdam Film Festival in 2022 and in Portugal won five awards at the first edition of the Curtas Awards (best film, best director, best screenplay, best photography and best actress), as well as other awards and honorable mentions. Her second short film, \"crua+porosa\", is due to be released soon, distributed by Portugal Film. \u00c1gata is currently developing her next project, a feature film entitled \"Femmes de M\u00e9nage\", produced by Uma Pedra no Sapato.   <\/p><\/div><\/div><div class=\"tp-unfold-last-toggle flex-start\"><button class=\"tp-unfold-toggle \"> + <svg aria-hidden=\"true\" class=\"e-font-icon-svg e-fas-plus\" viewBox=\"0 0 448 512\" xmlns=\"http:\/\/www.w3.org\/2000\/svg\"><path d=\"M416 208H272V64c0-17.67-14.33-32-32-32h-32c-17.67 0-32 14.33-32 32v144H32c-17.67 0-32 14.33-32 32v32c0 17.67 14.33 32 32 32h144v144c0 17.67 14.33 32 32 32h32c17.67 0 32-14.33 32-32V304h144c17.67 0 32-14.33 32-32v-32c0-17.67-14.33-32-32-32z\"><\/path><\/svg><\/button><\/div><\/div>\t\t\t\t<\/div>\n\t\t\t\t<\/div>\n\t\t\t\t<\/div>\n\t\t<div class=\"elementor-element elementor-element-535633e e-con-full e-flex e-con e-child\" data-id=\"535633e\" data-element_type=\"container\">\n\t\t\t\t<div class=\"elementor-element elementor-element-9612492 elementor-widget elementor-widget-image\" data-id=\"9612492\" data-element_type=\"widget\" data-widget_type=\"image.default\">\n\t\t\t\t<div class=\"elementor-widget-container\">\n\t\t\t\t\t\t\t\t\t\t\t\t\t\t\t<img decoding=\"async\" width=\"600\" height=\"600\" src=\"https:\/\/cineeco.pt\/wp-content\/uploads\/2025\/05\/InterLongas_ANDRE-PROFILE-PICTURE-FESTIVALS_2.jpg\" class=\"attachment-large size-large wp-image-5550\" alt=\"\" srcset=\"https:\/\/cineeco.pt\/wp-content\/uploads\/2025\/05\/InterLongas_ANDRE-PROFILE-PICTURE-FESTIVALS_2.jpg 600w, https:\/\/cineeco.pt\/wp-content\/uploads\/2025\/05\/InterLongas_ANDRE-PROFILE-PICTURE-FESTIVALS_2-300x300.jpg 300w, https:\/\/cineeco.pt\/wp-content\/uploads\/2025\/05\/InterLongas_ANDRE-PROFILE-PICTURE-FESTIVALS_2-150x150.jpg 150w\" sizes=\"(max-width: 600px) 100vw, 600px\" \/>\t\t\t\t\t\t\t\t\t\t\t\t\t\t\t<\/div>\n\t\t\t\t<\/div>\n\t\t\t\t<div class=\"elementor-element elementor-element-26a09fc elementor-widget elementor-widget-tp-unfold\" data-id=\"26a09fc\" data-element_type=\"widget\" data-widget_type=\"tp-unfold.default\">\n\t\t\t\t<div class=\"elementor-widget-container\">\n\t\t\t\t\t<div class=\"tp-unfold-wrapper plus69f0885872b93  \" data-id=\"plus69f0885872b93\"  data-content_a_source=\"content\" data-con_pos=\"default\" data-icon-position=\"tp_ic_pos_after\" data-readmore=\"+\" data-readless=\"- \" data-readmore-icon=\"\" data-readless-icon=\"\"  data-transition-duration=\"200\" data-content-max-height=\"100\" data-content-max-height-t=\"100\" data-content-max-height-m=\"100\"  ><p class=\"tp-unfold-title\">ANDR\u00c9 GUIOMAR<\/p><div class=\"tp-unfold-description\" ><div class=\"tp-unfold-description-inner\"><p>Andr\u00e9 Guiomar lives in Portugal and is a founding partner of Olhar de Ulisses. In 2022 he became a Berlinale Talents and in 2023 he premiered his short film \"Espinho\", co-directed with Mya Kaplan, at the Cannes Filmmakers' Fortnight. In 2022 he co-directed \"Saturno\" with Lu\u00eds Costa (FIC Guadalajara). Her first feature-length documentary \"Our Land, Our Altar\" (2020) had its world premiere at the Sheffield Doc\/Fest and won the Youth Jury Award at ZINEBI. He also directed the short documentary \"Pele de Luz\" (2018, Jury Prize at Doclisboa) and \"P\u00edton\" (2011). In recent years, he has produced several films with international premieres such as Berlinale, Clermont-Ferrand, Cairo IFF, among others.     <\/p><\/div><\/div><div class=\"tp-unfold-last-toggle flex-start\"><button class=\"tp-unfold-toggle \"> + <\/button><\/div><\/div>\t\t\t\t<\/div>\n\t\t\t\t<\/div>\n\t\t\t\t<\/div>\n\t\t<div class=\"elementor-element elementor-element-93b50ef e-con-full e-flex e-con e-child\" data-id=\"93b50ef\" data-element_type=\"container\">\n\t\t\t\t<div class=\"elementor-element elementor-element-07b1acd elementor-widget elementor-widget-image\" data-id=\"07b1acd\" data-element_type=\"widget\" data-widget_type=\"image.default\">\n\t\t\t\t<div class=\"elementor-widget-container\">\n\t\t\t\t\t\t\t\t\t\t\t\t\t\t\t<img decoding=\"async\" width=\"600\" height=\"600\" src=\"https:\/\/cineeco.pt\/wp-content\/uploads\/2025\/05\/InterLongas_Foto_Filipa-Rosario.jpg\" class=\"attachment-large size-large wp-image-5553\" alt=\"Filipa Rosa\u0301rio\" srcset=\"https:\/\/cineeco.pt\/wp-content\/uploads\/2025\/05\/InterLongas_Foto_Filipa-Rosario.jpg 600w, https:\/\/cineeco.pt\/wp-content\/uploads\/2025\/05\/InterLongas_Foto_Filipa-Rosario-300x300.jpg 300w, https:\/\/cineeco.pt\/wp-content\/uploads\/2025\/05\/InterLongas_Foto_Filipa-Rosario-150x150.jpg 150w\" sizes=\"(max-width: 600px) 100vw, 600px\" \/>\t\t\t\t\t\t\t\t\t\t\t\t\t\t\t<\/div>\n\t\t\t\t<\/div>\n\t\t\t\t<div class=\"elementor-element elementor-element-f26604c elementor-widget elementor-widget-tp-unfold\" data-id=\"f26604c\" data-element_type=\"widget\" data-widget_type=\"tp-unfold.default\">\n\t\t\t\t<div class=\"elementor-widget-container\">\n\t\t\t\t\t<div class=\"tp-unfold-wrapper plus69f0885874b18  \" data-id=\"plus69f0885874b18\"  data-content_a_source=\"content\" data-con_pos=\"default\" data-icon-position=\"tp_ic_pos_after\" data-readmore=\"+\" data-readless=\"-\" data-readmore-icon=\"&lt;svg aria-hidden=&quot;true&quot; class=&quot;e-font-icon-svg e-fas-plus&quot; viewBox=&quot;0 0 448 512&quot; xmlns=&quot;http:\/\/www.w3.org\/2000\/svg&quot;&gt;&lt;path d=&quot;M416 208H272V64c0-17.67-14.33-32-32-32h-32c-17.67 0-32 14.33-32 32v144H32c-17.67 0-32 14.33-32 32v32c0 17.67 14.33 32 32 32h144v144c0 17.67 14.33 32 32 32h32c17.67 0 32-14.33 32-32V304h144c17.67 0 32-14.33 32-32v-32c0-17.67-14.33-32-32-32z&quot;&gt;&lt;\/path&gt;&lt;\/svg&gt;\" data-readless-icon=\"\"  data-transition-duration=\"200\" data-content-max-height=\"100\" data-content-max-height-t=\"100\" data-content-max-height-m=\"100\"  ><p class=\"tp-unfold-title\">FILIPA ROS\u00c1RIO<\/p><div class=\"tp-unfold-description\" ><div class=\"tp-unfold-description-inner\"><p>Filipa Ros\u00e1rio is an Assistant Researcher at the Center for Comparative Studies at the University of Lisbon (CEComp), where she teaches Portuguese cinema and develops the project \"The Times of Landscape in Portuguese Cinema (1960-Present)\". He coordinates the Landscape and Cinema WG of AIM - Association of Moving Image Researchers. He co-edited Um Olhar Portugu\u00eas: Cinema e Natureza no S\u00e9culo XXI (Solar System, 2024), Archives In \"Lusophone\" Film (H\u00famus, 2023), O Quarto Perdido do MoteLX. Os Filmes do Terror Portugu\u00eas (1911- 2006) (CTLX, 2022), REFOCUS: The Films of Jo\u00e3o Pedro Rodrigues and Jo\u00e3o Rui Guerra da Mata (Edinburgh University Press, 2022) and New Approaches to Cinematic Spaces (Routledge, 2019), and is the author of The Work of the Actor in the Cinema of John Cassavetes (Sistema Solar, 2017). <\/p><\/div><\/div><div class=\"tp-unfold-last-toggle flex-start\"><button class=\"tp-unfold-toggle \"> + <svg aria-hidden=\"true\" class=\"e-font-icon-svg e-fas-plus\" viewBox=\"0 0 448 512\" xmlns=\"http:\/\/www.w3.org\/2000\/svg\"><path d=\"M416 208H272V64c0-17.67-14.33-32-32-32h-32c-17.67 0-32 14.33-32 32v144H32c-17.67 0-32 14.33-32 32v32c0 17.67 14.33 32 32 32h144v144c0 17.67 14.33 32 32 32h32c17.67 0 32-14.33 32-32V304h144c17.67 0 32-14.33 32-32v-32c0-17.67-14.33-32-32-32z\"><\/path><\/svg><\/button><\/div><\/div>\t\t\t\t<\/div>\n\t\t\t\t<\/div>\n\t\t\t\t<\/div>\n\t\t\t\t\t<\/div>\n\t\t\t\t<\/div>\n\t\t<div class=\"elementor-element elementor-element-9e60be2 e-flex e-con-boxed e-con e-parent\" data-id=\"9e60be2\" data-element_type=\"container\" data-settings=\"{&quot;background_background&quot;:&quot;classic&quot;}\">\n\t\t\t\t\t<div class=\"e-con-inner\">\n\t\t<div class=\"elementor-element elementor-element-7819c75 e-con-full e-flex e-con e-child\" data-id=\"7819c75\" data-element_type=\"container\">\n\t\t\t\t<div class=\"elementor-element elementor-element-23b05f8 elementor-widget elementor-widget-heading\" data-id=\"23b05f8\" data-element_type=\"widget\" data-widget_type=\"heading.default\">\n\t\t\t\t<div class=\"elementor-widget-container\">\n\t\t\t\t\t<h2 class=\"elementor-heading-title elementor-size-default\">PORTUGUESE-LANGUAGE FEATURE FILM COMPETITION\nPORTUGUESE-LANGUAGE SHORT AND MEDIUM-LENGTH FILM COMPETITION<\/h2>\t\t\t\t<\/div>\n\t\t\t\t<\/div>\n\t\t\t\t<\/div>\n\t\t\t\t\t<\/div>\n\t\t\t\t<\/div>\n\t\t<div class=\"elementor-element elementor-element-fb66ed5 e-flex e-con-boxed e-con e-parent\" data-id=\"fb66ed5\" data-element_type=\"container\" data-settings=\"{&quot;background_background&quot;:&quot;classic&quot;}\">\n\t\t\t\t\t<div class=\"e-con-inner\">\n\t\t<div class=\"elementor-element elementor-element-0a0c140 e-con-full e-flex e-con e-child\" data-id=\"0a0c140\" data-element_type=\"container\">\n\t\t\t\t<div class=\"elementor-element elementor-element-e5e6c82 elementor-widget elementor-widget-image\" data-id=\"e5e6c82\" data-element_type=\"widget\" data-widget_type=\"image.default\">\n\t\t\t\t<div class=\"elementor-widget-container\">\n\t\t\t\t\t\t\t\t\t\t\t\t\t\t\t<img loading=\"lazy\" decoding=\"async\" width=\"600\" height=\"599\" src=\"https:\/\/cineeco.pt\/wp-content\/uploads\/2025\/05\/LongasCurtasMediasLinguaPT_Barbara-Bergamaschi-Novaes.jpg\" class=\"attachment-large size-large wp-image-5554\" alt=\"B\u00e1rbara Bergamaschi Novaes\" srcset=\"https:\/\/cineeco.pt\/wp-content\/uploads\/2025\/05\/LongasCurtasMediasLinguaPT_Barbara-Bergamaschi-Novaes.jpg 600w, https:\/\/cineeco.pt\/wp-content\/uploads\/2025\/05\/LongasCurtasMediasLinguaPT_Barbara-Bergamaschi-Novaes-300x300.jpg 300w, https:\/\/cineeco.pt\/wp-content\/uploads\/2025\/05\/LongasCurtasMediasLinguaPT_Barbara-Bergamaschi-Novaes-150x150.jpg 150w\" sizes=\"(max-width: 600px) 100vw, 600px\" \/>\t\t\t\t\t\t\t\t\t\t\t\t\t\t\t<\/div>\n\t\t\t\t<\/div>\n\t\t\t\t<div class=\"elementor-element elementor-element-7224353 elementor-widget elementor-widget-tp-unfold\" data-id=\"7224353\" data-element_type=\"widget\" data-widget_type=\"tp-unfold.default\">\n\t\t\t\t<div class=\"elementor-widget-container\">\n\t\t\t\t\t<div class=\"tp-unfold-wrapper plus69f0885877dc2  \" data-id=\"plus69f0885877dc2\"  data-content_a_source=\"content\" data-con_pos=\"default\" data-icon-position=\"tp_ic_pos_after\" data-readmore=\"+\" data-readless=\"-\" data-readmore-icon=\"&lt;svg aria-hidden=&quot;true&quot; class=&quot;e-font-icon-svg e-fas-plus&quot; viewBox=&quot;0 0 448 512&quot; xmlns=&quot;http:\/\/www.w3.org\/2000\/svg&quot;&gt;&lt;path d=&quot;M416 208H272V64c0-17.67-14.33-32-32-32h-32c-17.67 0-32 14.33-32 32v144H32c-17.67 0-32 14.33-32 32v32c0 17.67 14.33 32 32 32h144v144c0 17.67 14.33 32 32 32h32c17.67 0 32-14.33 32-32V304h144c17.67 0 32-14.33 32-32v-32c0-17.67-14.33-32-32-32z&quot;&gt;&lt;\/path&gt;&lt;\/svg&gt;\" data-readless-icon=\"\"  data-transition-duration=\"200\" data-content-max-height=\"100\" data-content-max-height-t=\"100\" data-content-max-height-m=\"100\"  ><p class=\"tp-unfold-title\">B\u00c1RBARA BERGAMASCHI NOVAES<\/p><div class=\"tp-unfold-description\" ><div class=\"tp-unfold-description-inner\"><p>B\u00e1rbara Bergamaschi Novaes is an Italian-Brazilian teacher, director and researcher. She has a degree in Social Communication from UFRJ, with an exchange program at the Universit\u00e9 de Paris 8-St.Denis - Licenc\u00e9 en Cinema, a Master's degree in Performing Arts from UFRJ and a PhD in Letters from PUC-Rio with a thesis on the cinema of Peter Tscherkassky. B\u00e1rbara is a film critic associated with ABRACCINE and Fipresci. She has published in various specialized media such as Aniki, La Furia Umana, Doc-Online, Significa\u00e7\u00e3o, Revista Cin\u00e9tica, O Estado de S\u00e3o Paulo, Blog do Instituto Moreira Salles, among others. She was editor of Beira Magazine and programmer of CINECLUBA at the H\u00e9lio Oiticica Municipal Arts Center in Rio de Janeiro. In 2022, she was an advisor to the Secretary of Culture at the GDF in Bras\u00edlia. She is currently Science Communication Manager and researcher at ICNOVA - FCSH-NOVA in Lisbon, where she lives.      <\/p><\/div><\/div><div class=\"tp-unfold-last-toggle flex-start\"><button class=\"tp-unfold-toggle \"> + <svg aria-hidden=\"true\" class=\"e-font-icon-svg e-fas-plus\" viewBox=\"0 0 448 512\" xmlns=\"http:\/\/www.w3.org\/2000\/svg\"><path d=\"M416 208H272V64c0-17.67-14.33-32-32-32h-32c-17.67 0-32 14.33-32 32v144H32c-17.67 0-32 14.33-32 32v32c0 17.67 14.33 32 32 32h144v144c0 17.67 14.33 32 32 32h32c17.67 0 32-14.33 32-32V304h144c17.67 0 32-14.33 32-32v-32c0-17.67-14.33-32-32-32z\"><\/path><\/svg><\/button><\/div><\/div>\t\t\t\t<\/div>\n\t\t\t\t<\/div>\n\t\t\t\t<\/div>\n\t\t<div class=\"elementor-element elementor-element-d7ba9c8 e-con-full e-flex e-con e-child\" data-id=\"d7ba9c8\" data-element_type=\"container\">\n\t\t\t\t<div class=\"elementor-element elementor-element-ade74c1 elementor-widget elementor-widget-image\" data-id=\"ade74c1\" data-element_type=\"widget\" data-widget_type=\"image.default\">\n\t\t\t\t<div class=\"elementor-widget-container\">\n\t\t\t\t\t\t\t\t\t\t\t\t\t\t\t<img loading=\"lazy\" decoding=\"async\" width=\"600\" height=\"600\" src=\"https:\/\/cineeco.pt\/wp-content\/uploads\/2025\/05\/LongasCurtasMediasLinguaPT_IMG_20240827_123015.jpg\" class=\"attachment-large size-large wp-image-5555\" alt=\"C\u00e1tia Biscaia\" srcset=\"https:\/\/cineeco.pt\/wp-content\/uploads\/2025\/05\/LongasCurtasMediasLinguaPT_IMG_20240827_123015.jpg 600w, https:\/\/cineeco.pt\/wp-content\/uploads\/2025\/05\/LongasCurtasMediasLinguaPT_IMG_20240827_123015-300x300.jpg 300w, https:\/\/cineeco.pt\/wp-content\/uploads\/2025\/05\/LongasCurtasMediasLinguaPT_IMG_20240827_123015-150x150.jpg 150w\" sizes=\"(max-width: 600px) 100vw, 600px\" \/>\t\t\t\t\t\t\t\t\t\t\t\t\t\t\t<\/div>\n\t\t\t\t<\/div>\n\t\t\t\t<div class=\"elementor-element elementor-element-5f45fc4 elementor-widget elementor-widget-tp-unfold\" data-id=\"5f45fc4\" data-element_type=\"widget\" data-widget_type=\"tp-unfold.default\">\n\t\t\t\t<div class=\"elementor-widget-container\">\n\t\t\t\t\t<div class=\"tp-unfold-wrapper plus69f0885879b43  \" data-id=\"plus69f0885879b43\"  data-content_a_source=\"content\" data-con_pos=\"default\" data-icon-position=\"tp_ic_pos_after\" data-readmore=\"+\" data-readless=\"- \" data-readmore-icon=\"\" data-readless-icon=\"\"  data-transition-duration=\"200\" data-content-max-height=\"100\" data-content-max-height-t=\"100\" data-content-max-height-m=\"100\"  ><p class=\"tp-unfold-title\">C\u00c1TIA BISCAIA<\/p><div class=\"tp-unfold-description\" ><div class=\"tp-unfold-description-inner\"><p>C\u00e1tia Biscaia (1983, Leiria, Portugal) has a postgraduate degree in Audiovisual and Multimedia from the Lisbon School of Social Communication. A professional photographer - who has won national and international awards - and a university lecturer in the field of still and moving images, she has also worked in the field of cinema since 2012, as the director of Leiria Film Fest - International Short Film Festival; and as a producer, screenwriter and image assistant on dozens of short films. As a director, she made her debut with \"Chama-se Carla\" (2021).  <\/p><\/div><\/div><div class=\"tp-unfold-last-toggle flex-start\"><button class=\"tp-unfold-toggle \"> + <\/button><\/div><\/div>\t\t\t\t<\/div>\n\t\t\t\t<\/div>\n\t\t\t\t<\/div>\n\t\t<div class=\"elementor-element elementor-element-71b5970 e-con-full e-flex e-con e-child\" data-id=\"71b5970\" data-element_type=\"container\">\n\t\t\t\t<div class=\"elementor-element elementor-element-a1fb8b1 elementor-widget elementor-widget-image\" data-id=\"a1fb8b1\" data-element_type=\"widget\" data-widget_type=\"image.default\">\n\t\t\t\t<div class=\"elementor-widget-container\">\n\t\t\t\t\t\t\t\t\t\t\t\t\t\t\t<img loading=\"lazy\" decoding=\"async\" width=\"600\" height=\"600\" src=\"https:\/\/cineeco.pt\/wp-content\/uploads\/2025\/05\/LongasCurtasMediasLinguaPT_Miguel_FOTO-1.jpg\" class=\"attachment-large size-large wp-image-5556\" alt=\"Miguel Cortes\" srcset=\"https:\/\/cineeco.pt\/wp-content\/uploads\/2025\/05\/LongasCurtasMediasLinguaPT_Miguel_FOTO-1.jpg 600w, https:\/\/cineeco.pt\/wp-content\/uploads\/2025\/05\/LongasCurtasMediasLinguaPT_Miguel_FOTO-1-300x300.jpg 300w, https:\/\/cineeco.pt\/wp-content\/uploads\/2025\/05\/LongasCurtasMediasLinguaPT_Miguel_FOTO-1-150x150.jpg 150w\" sizes=\"(max-width: 600px) 100vw, 600px\" \/>\t\t\t\t\t\t\t\t\t\t\t\t\t\t\t<\/div>\n\t\t\t\t<\/div>\n\t\t\t\t<div class=\"elementor-element elementor-element-13a7a98 elementor-widget elementor-widget-tp-unfold\" data-id=\"13a7a98\" data-element_type=\"widget\" data-widget_type=\"tp-unfold.default\">\n\t\t\t\t<div class=\"elementor-widget-container\">\n\t\t\t\t\t<div class=\"tp-unfold-wrapper plus69f088587b7a6  \" data-id=\"plus69f088587b7a6\"  data-content_a_source=\"content\" data-con_pos=\"default\" data-icon-position=\"tp_ic_pos_after\" data-readmore=\"+\" data-readless=\"-\" data-readmore-icon=\"&lt;svg aria-hidden=&quot;true&quot; class=&quot;e-font-icon-svg e-fas-plus&quot; viewBox=&quot;0 0 448 512&quot; xmlns=&quot;http:\/\/www.w3.org\/2000\/svg&quot;&gt;&lt;path d=&quot;M416 208H272V64c0-17.67-14.33-32-32-32h-32c-17.67 0-32 14.33-32 32v144H32c-17.67 0-32 14.33-32 32v32c0 17.67 14.33 32 32 32h144v144c0 17.67 14.33 32 32 32h32c17.67 0 32-14.33 32-32V304h144c17.67 0 32-14.33 32-32v-32c0-17.67-14.33-32-32-32z&quot;&gt;&lt;\/path&gt;&lt;\/svg&gt;\" data-readless-icon=\"\"  data-transition-duration=\"200\" data-content-max-height=\"100\" data-content-max-height-t=\"100\" data-content-max-height-m=\"100\"  ><p class=\"tp-unfold-title\">MIGUEL CORTES COSTA<\/p><div class=\"tp-unfold-description\" ><div class=\"tp-unfold-description-inner\"><p>Miguel Cortes Costa has a degree in Biology. When he finished his degree (2015) he began working as a cameraman for various production companies, filming anthropology, culture and nature documentaries in Europe, Africa and South America for national and international television channels. He has choreographed two films: \"Malcata: Tale of a Lonely Mountain\" (2020), which won the Youth Television Award at the CineEco festival, and \"Silvestres\" (2024), currently in distribution. In 2022 he created the company Lengalenga Filmes with Carolina Castro Almeida, a production company dedicated to nature, history and science content.   <\/p><\/div><\/div><div class=\"tp-unfold-last-toggle flex-start\"><button class=\"tp-unfold-toggle \"> + <svg aria-hidden=\"true\" class=\"e-font-icon-svg e-fas-plus\" viewBox=\"0 0 448 512\" xmlns=\"http:\/\/www.w3.org\/2000\/svg\"><path d=\"M416 208H272V64c0-17.67-14.33-32-32-32h-32c-17.67 0-32 14.33-32 32v144H32c-17.67 0-32 14.33-32 32v32c0 17.67 14.33 32 32 32h144v144c0 17.67 14.33 32 32 32h32c17.67 0 32-14.33 32-32V304h144c17.67 0 32-14.33 32-32v-32c0-17.67-14.33-32-32-32z\"><\/path><\/svg><\/button><\/div><\/div>\t\t\t\t<\/div>\n\t\t\t\t<\/div>\n\t\t\t\t<\/div>\n\t\t\t\t\t<\/div>\n\t\t\t\t<\/div>\n\t\t<div class=\"elementor-element elementor-element-7841e7e e-flex e-con-boxed e-con e-parent\" data-id=\"7841e7e\" data-element_type=\"container\">\n\t\t\t\t\t<div class=\"e-con-inner\">\n\t\t<div class=\"elementor-element elementor-element-c283cf1 e-con-full e-flex e-con e-child\" data-id=\"c283cf1\" data-element_type=\"container\">\n\t\t\t\t<div class=\"elementor-element elementor-element-cf7798e elementor-widget elementor-widget-heading\" data-id=\"cf7798e\" data-element_type=\"widget\" data-widget_type=\"heading.default\">\n\t\t\t\t<div class=\"elementor-widget-container\">\n\t\t\t\t\t<h2 class=\"elementor-heading-title elementor-size-default\">INTERNATIONAL COMPETITION FOR SHORT AND MEDIUM-LENGTH FILMS\nREGIONAL PANORAMA COMPETITION<\/h2>\t\t\t\t<\/div>\n\t\t\t\t<\/div>\n\t\t\t\t<\/div>\n\t\t\t\t\t<\/div>\n\t\t\t\t<\/div>\n\t\t<div class=\"elementor-element elementor-element-1862f8b e-flex e-con-boxed e-con e-parent\" data-id=\"1862f8b\" data-element_type=\"container\">\n\t\t\t\t\t<div class=\"e-con-inner\">\n\t\t<div class=\"elementor-element elementor-element-b825caa e-con-full e-flex e-con e-child\" data-id=\"b825caa\" data-element_type=\"container\">\n\t\t\t\t<div class=\"elementor-element elementor-element-719631a elementor-widget elementor-widget-image\" data-id=\"719631a\" data-element_type=\"widget\" data-widget_type=\"image.default\">\n\t\t\t\t<div class=\"elementor-widget-container\">\n\t\t\t\t\t\t\t\t\t\t\t\t\t\t\t<img loading=\"lazy\" decoding=\"async\" width=\"600\" height=\"600\" src=\"https:\/\/cineeco.pt\/wp-content\/uploads\/2025\/05\/InterCurtasMediasPanorama_Carolina-Castro-Almeida_pic.jpg\" class=\"attachment-large size-large wp-image-5551\" alt=\"Carolina Castro Almeida\" srcset=\"https:\/\/cineeco.pt\/wp-content\/uploads\/2025\/05\/InterCurtasMediasPanorama_Carolina-Castro-Almeida_pic.jpg 600w, https:\/\/cineeco.pt\/wp-content\/uploads\/2025\/05\/InterCurtasMediasPanorama_Carolina-Castro-Almeida_pic-300x300.jpg 300w, https:\/\/cineeco.pt\/wp-content\/uploads\/2025\/05\/InterCurtasMediasPanorama_Carolina-Castro-Almeida_pic-150x150.jpg 150w\" sizes=\"(max-width: 600px) 100vw, 600px\" \/>\t\t\t\t\t\t\t\t\t\t\t\t\t\t\t<\/div>\n\t\t\t\t<\/div>\n\t\t\t\t<div class=\"elementor-element elementor-element-322b93f elementor-widget elementor-widget-tp-unfold\" data-id=\"322b93f\" data-element_type=\"widget\" data-widget_type=\"tp-unfold.default\">\n\t\t\t\t<div class=\"elementor-widget-container\">\n\t\t\t\t\t<div class=\"tp-unfold-wrapper plus69f088587e031  \" data-id=\"plus69f088587e031\"  data-content_a_source=\"content\" data-con_pos=\"default\" data-icon-position=\"tp_ic_pos_after\" data-readmore=\"+\" data-readless=\"-\" data-readmore-icon=\"&lt;svg aria-hidden=&quot;true&quot; class=&quot;e-font-icon-svg e-fas-plus&quot; viewBox=&quot;0 0 448 512&quot; xmlns=&quot;http:\/\/www.w3.org\/2000\/svg&quot;&gt;&lt;path d=&quot;M416 208H272V64c0-17.67-14.33-32-32-32h-32c-17.67 0-32 14.33-32 32v144H32c-17.67 0-32 14.33-32 32v32c0 17.67 14.33 32 32 32h144v144c0 17.67 14.33 32 32 32h32c17.67 0 32-14.33 32-32V304h144c17.67 0 32-14.33 32-32v-32c0-17.67-14.33-32-32-32z&quot;&gt;&lt;\/path&gt;&lt;\/svg&gt;\" data-readless-icon=\"\"  data-transition-duration=\"200\" data-content-max-height=\"100\" data-content-max-height-t=\"100\" data-content-max-height-m=\"100\"  ><p class=\"tp-unfold-title\">CAROLINA ALMEIDA<\/p><div class=\"tp-unfold-description\" ><div class=\"tp-unfold-description-inner\"><p>Carolina Castro Almeida has a degree in Painting and has worked in the field of illustration, <em>motion graphics <\/em>and animation for various projects such as: children's books (Red Cross Collection), movie <em>posters <\/em>(\"A Alma de Um Ciclista\"; \"Bissau Way\"), institutional (European Union StaySafe Project), TV series and documentaries (RTP2; RTP Africa). Since 2015, he has been producing film festivals, soap operas, television series, short and feature-length fiction films and documentaries. In 2022, together with Miguel Cortes Costa, he created Lengalenga Filmes, an audiovisual production company focused on nature and history.  <\/p><\/div><\/div><div class=\"tp-unfold-last-toggle flex-start\"><button class=\"tp-unfold-toggle \"> + <svg aria-hidden=\"true\" class=\"e-font-icon-svg e-fas-plus\" viewBox=\"0 0 448 512\" xmlns=\"http:\/\/www.w3.org\/2000\/svg\"><path d=\"M416 208H272V64c0-17.67-14.33-32-32-32h-32c-17.67 0-32 14.33-32 32v144H32c-17.67 0-32 14.33-32 32v32c0 17.67 14.33 32 32 32h144v144c0 17.67 14.33 32 32 32h32c17.67 0 32-14.33 32-32V304h144c17.67 0 32-14.33 32-32v-32c0-17.67-14.33-32-32-32z\"><\/path><\/svg><\/button><\/div><\/div>\t\t\t\t<\/div>\n\t\t\t\t<\/div>\n\t\t\t\t<\/div>\n\t\t<div class=\"elementor-element elementor-element-a3c3cfc e-con-full e-flex e-con e-child\" data-id=\"a3c3cfc\" data-element_type=\"container\">\n\t\t\t\t<div class=\"elementor-element elementor-element-477a97a elementor-widget elementor-widget-image\" data-id=\"477a97a\" data-element_type=\"widget\" data-widget_type=\"image.default\">\n\t\t\t\t<div class=\"elementor-widget-container\">\n\t\t\t\t\t\t\t\t\t\t\t\t\t\t\t<img loading=\"lazy\" decoding=\"async\" width=\"600\" height=\"600\" src=\"https:\/\/cineeco.pt\/wp-content\/uploads\/2025\/05\/InterCurtasMediasPanorama_foto_NBARROS.jpg\" class=\"attachment-large size-large wp-image-5552\" alt=\"Nuno Barros\" srcset=\"https:\/\/cineeco.pt\/wp-content\/uploads\/2025\/05\/InterCurtasMediasPanorama_foto_NBARROS.jpg 600w, https:\/\/cineeco.pt\/wp-content\/uploads\/2025\/05\/InterCurtasMediasPanorama_foto_NBARROS-300x300.jpg 300w, https:\/\/cineeco.pt\/wp-content\/uploads\/2025\/05\/InterCurtasMediasPanorama_foto_NBARROS-150x150.jpg 150w\" sizes=\"(max-width: 600px) 100vw, 600px\" \/>\t\t\t\t\t\t\t\t\t\t\t\t\t\t\t<\/div>\n\t\t\t\t<\/div>\n\t\t\t\t<div class=\"elementor-element elementor-element-1c7c3ff elementor-widget elementor-widget-tp-unfold\" data-id=\"1c7c3ff\" data-element_type=\"widget\" data-widget_type=\"tp-unfold.default\">\n\t\t\t\t<div class=\"elementor-widget-container\">\n\t\t\t\t\t<div class=\"tp-unfold-wrapper plus69f088587f7d4  \" data-id=\"plus69f088587f7d4\"  data-content_a_source=\"content\" data-con_pos=\"default\" data-icon-position=\"tp_ic_pos_after\" data-readmore=\"+\" data-readless=\"- \" data-readmore-icon=\"\" data-readless-icon=\"\"  data-transition-duration=\"200\" data-content-max-height=\"100\" data-content-max-height-t=\"100\" data-content-max-height-m=\"100\"  ><p class=\"tp-unfold-title\">NUNO BARROS<\/p><div class=\"tp-unfold-description\" ><div class=\"tp-unfold-description-inner\"><p>At LIPOR for several years, she is currently part of the Communication and Brand Division, implementing internal and external communication strategies. At the same time, she continues to lead Corporate Social Responsibility and Sustainability projects, promoting ethics and social responsibility at LIPOR. With a degree in Biology, his professional career has been marked by a commitment to education and communication about the Environment and Sustainability. Passionate about image, he uses it to simplify the communication of environmental issues, increasing their impact. In the year that CineEco celebrates thirty editions, it is an honor to continue to be part of this project that has promoted environmental culture and values over the years.    <\/p><\/div><\/div><div class=\"tp-unfold-last-toggle flex-start\"><button class=\"tp-unfold-toggle \"> + <\/button><\/div><\/div>\t\t\t\t<\/div>\n\t\t\t\t<\/div>\n\t\t\t\t<\/div>\n\t\t<div class=\"elementor-element elementor-element-e1dd323 e-con-full e-flex e-con e-child\" data-id=\"e1dd323\" data-element_type=\"container\">\n\t\t\t\t<div class=\"elementor-element elementor-element-14b82ac elementor-widget elementor-widget-image\" data-id=\"14b82ac\" data-element_type=\"widget\" data-widget_type=\"image.default\">\n\t\t\t\t<div class=\"elementor-widget-container\">\n\t\t\t\t\t\t\t\t\t\t\t\t\t\t\t<img loading=\"lazy\" decoding=\"async\" width=\"600\" height=\"600\" src=\"https:\/\/cineeco.pt\/wp-content\/uploads\/2025\/05\/CarlosTeofilo_Curtase-Medias-e-Panorama.jpg\" class=\"attachment-large size-large wp-image-5548\" alt=\"Carlos Teofilo\" srcset=\"https:\/\/cineeco.pt\/wp-content\/uploads\/2025\/05\/CarlosTeofilo_Curtase-Medias-e-Panorama.jpg 600w, https:\/\/cineeco.pt\/wp-content\/uploads\/2025\/05\/CarlosTeofilo_Curtase-Medias-e-Panorama-300x300.jpg 300w, https:\/\/cineeco.pt\/wp-content\/uploads\/2025\/05\/CarlosTeofilo_Curtase-Medias-e-Panorama-150x150.jpg 150w\" sizes=\"(max-width: 600px) 100vw, 600px\" \/>\t\t\t\t\t\t\t\t\t\t\t\t\t\t\t<\/div>\n\t\t\t\t<\/div>\n\t\t\t\t<div class=\"elementor-element elementor-element-1659f7c elementor-widget elementor-widget-tp-unfold\" data-id=\"1659f7c\" data-element_type=\"widget\" data-widget_type=\"tp-unfold.default\">\n\t\t\t\t<div class=\"elementor-widget-container\">\n\t\t\t\t\t<div class=\"tp-unfold-wrapper plus69f088588114c  \" data-id=\"plus69f088588114c\"  data-content_a_source=\"content\" data-con_pos=\"default\" data-icon-position=\"tp_ic_pos_after\" data-readmore=\"+\" data-readless=\"-\" data-readmore-icon=\"&lt;svg aria-hidden=&quot;true&quot; class=&quot;e-font-icon-svg e-fas-plus&quot; viewBox=&quot;0 0 448 512&quot; xmlns=&quot;http:\/\/www.w3.org\/2000\/svg&quot;&gt;&lt;path d=&quot;M416 208H272V64c0-17.67-14.33-32-32-32h-32c-17.67 0-32 14.33-32 32v144H32c-17.67 0-32 14.33-32 32v32c0 17.67 14.33 32 32 32h144v144c0 17.67 14.33 32 32 32h32c17.67 0 32-14.33 32-32V304h144c17.67 0 32-14.33 32-32v-32c0-17.67-14.33-32-32-32z&quot;&gt;&lt;\/path&gt;&lt;\/svg&gt;\" data-readless-icon=\"\"  data-transition-duration=\"200\" data-content-max-height=\"100\" data-content-max-height-t=\"100\" data-content-max-height-m=\"100\"  ><p class=\"tp-unfold-title\">CARLOS TE\u00d3FILO<\/p><div class=\"tp-unfold-description\" ><div class=\"tp-unfold-description-inner\"><p>A retired teacher and lawyer, he was born in Lisbon but spent his childhood and part of his youth in Pinhel. Cinema has been part of his life from an early age. He has lived in Seia for 46 years. A founding member of CineEco - Serra da Estrela International Environmental Film Festival, he was director of the Municipal Company for Culture and Recreation and is involved in various civic and cultural events in the city.   <\/p><\/div><\/div><div class=\"tp-unfold-last-toggle flex-start\"><button class=\"tp-unfold-toggle \"> + <svg aria-hidden=\"true\" class=\"e-font-icon-svg e-fas-plus\" viewBox=\"0 0 448 512\" xmlns=\"http:\/\/www.w3.org\/2000\/svg\"><path d=\"M416 208H272V64c0-17.67-14.33-32-32-32h-32c-17.67 0-32 14.33-32 32v144H32c-17.67 0-32 14.33-32 32v32c0 17.67 14.33 32 32 32h144v144c0 17.67 14.33 32 32 32h32c17.67 0 32-14.33 32-32V304h144c17.67 0 32-14.33 32-32v-32c0-17.67-14.33-32-32-32z\"><\/path><\/svg><\/button><\/div><\/div>\t\t\t\t<\/div>\n\t\t\t\t<\/div>\n\t\t\t\t<\/div>\n\t\t\t\t\t<\/div>\n\t\t\t\t<\/div>\n\t\t<div class=\"elementor-element elementor-element-1cf1605 e-flex e-con-boxed e-con e-parent\" data-id=\"1cf1605\" data-element_type=\"container\" data-settings=\"{&quot;background_background&quot;:&quot;classic&quot;}\">\n\t\t\t\t\t<div class=\"e-con-inner\">\n\t\t<div class=\"elementor-element elementor-element-c22b892 e-con-full e-flex e-con e-child\" data-id=\"c22b892\" data-element_type=\"container\">\n\t\t\t\t<div class=\"elementor-element elementor-element-3bb6a5c elementor-widget elementor-widget-heading\" data-id=\"3bb6a5c\" data-element_type=\"widget\" data-widget_type=\"heading.default\">\n\t\t\t\t<div class=\"elementor-widget-container\">\n\t\t\t\t\t<h2 class=\"elementor-heading-title elementor-size-default\">YOUTH JURY - ALL COMPETITIONS\n<\/h2>\t\t\t\t<\/div>\n\t\t\t\t<\/div>\n\t\t\t\t<\/div>\n\t\t\t\t\t<\/div>\n\t\t\t\t<\/div>\n\t\t<div class=\"elementor-element elementor-element-ff11621 e-flex e-con-boxed e-con e-parent\" data-id=\"ff11621\" data-element_type=\"container\" data-settings=\"{&quot;background_background&quot;:&quot;classic&quot;}\">\n\t\t\t\t\t<div class=\"e-con-inner\">\n\t\t<div class=\"elementor-element elementor-element-1a2f827 e-con-full e-flex e-con e-child\" data-id=\"1a2f827\" data-element_type=\"container\">\n\t\t\t\t<div class=\"elementor-element elementor-element-dc86567 elementor-widget elementor-widget-image\" data-id=\"dc86567\" data-element_type=\"widget\" data-widget_type=\"image.default\">\n\t\t\t\t<div class=\"elementor-widget-container\">\n\t\t\t\t\t\t\t\t\t\t\t\t\t\t\t<img loading=\"lazy\" decoding=\"async\" width=\"600\" height=\"601\" src=\"https:\/\/cineeco.pt\/wp-content\/uploads\/2025\/05\/Camila-Martins.jpg\" class=\"attachment-large size-large wp-image-5557\" alt=\"\" srcset=\"https:\/\/cineeco.pt\/wp-content\/uploads\/2025\/05\/Camila-Martins.jpg 600w, https:\/\/cineeco.pt\/wp-content\/uploads\/2025\/05\/Camila-Martins-300x300.jpg 300w, https:\/\/cineeco.pt\/wp-content\/uploads\/2025\/05\/Camila-Martins-150x150.jpg 150w\" sizes=\"(max-width: 600px) 100vw, 600px\" \/>\t\t\t\t\t\t\t\t\t\t\t\t\t\t\t<\/div>\n\t\t\t\t<\/div>\n\t\t\t\t<div class=\"elementor-element elementor-element-f5a92c6 elementor-widget elementor-widget-tp-unfold\" data-id=\"f5a92c6\" data-element_type=\"widget\" data-widget_type=\"tp-unfold.default\">\n\t\t\t\t<div class=\"elementor-widget-container\">\n\t\t\t\t\t<div class=\"tp-unfold-wrapper plus69f0885883f18  \" data-id=\"plus69f0885883f18\"  data-content_a_source=\"content\" data-con_pos=\"default\" data-icon-position=\"tp_ic_pos_after\" data-readmore=\"+\" data-readless=\"-\" data-readmore-icon=\"&lt;svg aria-hidden=&quot;true&quot; class=&quot;e-font-icon-svg e-fas-plus&quot; viewBox=&quot;0 0 448 512&quot; xmlns=&quot;http:\/\/www.w3.org\/2000\/svg&quot;&gt;&lt;path d=&quot;M416 208H272V64c0-17.67-14.33-32-32-32h-32c-17.67 0-32 14.33-32 32v144H32c-17.67 0-32 14.33-32 32v32c0 17.67 14.33 32 32 32h144v144c0 17.67 14.33 32 32 32h32c17.67 0 32-14.33 32-32V304h144c17.67 0 32-14.33 32-32v-32c0-17.67-14.33-32-32-32z&quot;&gt;&lt;\/path&gt;&lt;\/svg&gt;\" data-readless-icon=\"\"  data-transition-duration=\"200\" data-content-max-height=\"100\" data-content-max-height-t=\"100\" data-content-max-height-m=\"100\"  ><p class=\"tp-unfold-title\">CAMILA MARTINS<\/p><div class=\"tp-unfold-description\" ><div class=\"tp-unfold-description-inner\"><p>She has a degree in Psychology and is studying for a Masters in Clinical Psychology and Adult Psychotherapy at the University of Minho. She has a keen interest in cinema, including in the context of social and environmental issues, and believes in the importance of audiovisuals as a tool for raising awareness. She believes that cinema can influence the way people perceive social, cultural and ecological issues. He is also interested in understanding the emotional impacts of environmental change, as well as other issues linked to human well-being.   <\/p><\/div><\/div><div class=\"tp-unfold-last-toggle flex-start\"><button class=\"tp-unfold-toggle \"> + <svg aria-hidden=\"true\" class=\"e-font-icon-svg e-fas-plus\" viewBox=\"0 0 448 512\" xmlns=\"http:\/\/www.w3.org\/2000\/svg\"><path d=\"M416 208H272V64c0-17.67-14.33-32-32-32h-32c-17.67 0-32 14.33-32 32v144H32c-17.67 0-32 14.33-32 32v32c0 17.67 14.33 32 32 32h144v144c0 17.67 14.33 32 32 32h32c17.67 0 32-14.33 32-32V304h144c17.67 0 32-14.33 32-32v-32c0-17.67-14.33-32-32-32z\"><\/path><\/svg><\/button><\/div><\/div>\t\t\t\t<\/div>\n\t\t\t\t<\/div>\n\t\t\t\t<\/div>\n\t\t<div class=\"elementor-element elementor-element-87513b5 e-con-full e-flex e-con e-child\" data-id=\"87513b5\" data-element_type=\"container\">\n\t\t\t\t<div class=\"elementor-element elementor-element-64e59e2 elementor-widget elementor-widget-image\" data-id=\"64e59e2\" data-element_type=\"widget\" data-widget_type=\"image.default\">\n\t\t\t\t<div class=\"elementor-widget-container\">\n\t\t\t\t\t\t\t\t\t\t\t\t\t\t\t<img loading=\"lazy\" decoding=\"async\" width=\"600\" height=\"600\" src=\"https:\/\/cineeco.pt\/wp-content\/uploads\/2025\/05\/Francisca-Martins-cor.jpg\" class=\"attachment-large size-large wp-image-5558\" alt=\"Francisca Martins\" srcset=\"https:\/\/cineeco.pt\/wp-content\/uploads\/2025\/05\/Francisca-Martins-cor.jpg 600w, https:\/\/cineeco.pt\/wp-content\/uploads\/2025\/05\/Francisca-Martins-cor-300x300.jpg 300w, https:\/\/cineeco.pt\/wp-content\/uploads\/2025\/05\/Francisca-Martins-cor-150x150.jpg 150w\" sizes=\"(max-width: 600px) 100vw, 600px\" \/>\t\t\t\t\t\t\t\t\t\t\t\t\t\t\t<\/div>\n\t\t\t\t<\/div>\n\t\t\t\t<div class=\"elementor-element elementor-element-fe09ee3 elementor-widget elementor-widget-tp-unfold\" data-id=\"fe09ee3\" data-element_type=\"widget\" data-widget_type=\"tp-unfold.default\">\n\t\t\t\t<div class=\"elementor-widget-container\">\n\t\t\t\t\t<div class=\"tp-unfold-wrapper plus69f0885885444  \" data-id=\"plus69f0885885444\"  data-content_a_source=\"content\" data-con_pos=\"default\" data-icon-position=\"tp_ic_pos_after\" data-readmore=\"+\" data-readless=\"- \" data-readmore-icon=\"\" data-readless-icon=\"\"  data-transition-duration=\"200\" data-content-max-height=\"100\" data-content-max-height-t=\"100\" data-content-max-height-m=\"100\"  ><p class=\"tp-unfold-title\">FRANCISCA MARTINS<\/p><div class=\"tp-unfold-description\" ><div class=\"tp-unfold-description-inner\"><p>Francisca Martins, 15, lives in Seia. She is in the 11th grade studying Science and Technology. She is very interested in topics such as animal conservation, fashion and different forms of expression, such as cinema. She considers cinema to be one of the most impactful forms of art, allowing for both reflection and creativity.   <\/p><p>He is also interested in visual aesthetics, seeing it as a powerful means of expression.<\/p><\/div><\/div><div class=\"tp-unfold-last-toggle flex-start\"><button class=\"tp-unfold-toggle \"> + <\/button><\/div><\/div>\t\t\t\t<\/div>\n\t\t\t\t<\/div>\n\t\t\t\t<\/div>\n\t\t<div class=\"elementor-element elementor-element-6c78dde e-con-full e-flex e-con e-child\" data-id=\"6c78dde\" data-element_type=\"container\">\n\t\t\t\t<div class=\"elementor-element elementor-element-95c9c60 elementor-widget elementor-widget-image\" data-id=\"95c9c60\" data-element_type=\"widget\" data-widget_type=\"image.default\">\n\t\t\t\t<div class=\"elementor-widget-container\">\n\t\t\t\t\t\t\t\t\t\t\t\t\t\t\t<img loading=\"lazy\" decoding=\"async\" width=\"600\" height=\"599\" src=\"https:\/\/cineeco.pt\/wp-content\/uploads\/2025\/05\/Gil-Marques.jpg\" class=\"attachment-large size-large wp-image-5559\" alt=\"Gil Marques\" srcset=\"https:\/\/cineeco.pt\/wp-content\/uploads\/2025\/05\/Gil-Marques.jpg 600w, https:\/\/cineeco.pt\/wp-content\/uploads\/2025\/05\/Gil-Marques-300x300.jpg 300w, https:\/\/cineeco.pt\/wp-content\/uploads\/2025\/05\/Gil-Marques-150x150.jpg 150w\" sizes=\"(max-width: 600px) 100vw, 600px\" \/>\t\t\t\t\t\t\t\t\t\t\t\t\t\t\t<\/div>\n\t\t\t\t<\/div>\n\t\t\t\t<div class=\"elementor-element elementor-element-c118c47 elementor-widget elementor-widget-tp-unfold\" data-id=\"c118c47\" data-element_type=\"widget\" data-widget_type=\"tp-unfold.default\">\n\t\t\t\t<div class=\"elementor-widget-container\">\n\t\t\t\t\t<div class=\"tp-unfold-wrapper plus69f088588723f  \" data-id=\"plus69f088588723f\"  data-content_a_source=\"content\" data-con_pos=\"default\" data-icon-position=\"tp_ic_pos_after\" data-readmore=\"+\" data-readless=\"-\" data-readmore-icon=\"&lt;svg aria-hidden=&quot;true&quot; class=&quot;e-font-icon-svg e-fas-plus&quot; viewBox=&quot;0 0 448 512&quot; xmlns=&quot;http:\/\/www.w3.org\/2000\/svg&quot;&gt;&lt;path d=&quot;M416 208H272V64c0-17.67-14.33-32-32-32h-32c-17.67 0-32 14.33-32 32v144H32c-17.67 0-32 14.33-32 32v32c0 17.67 14.33 32 32 32h144v144c0 17.67 14.33 32 32 32h32c17.67 0 32-14.33 32-32V304h144c17.67 0 32-14.33 32-32v-32c0-17.67-14.33-32-32-32z&quot;&gt;&lt;\/path&gt;&lt;\/svg&gt;\" data-readless-icon=\"\"  data-transition-duration=\"200\" data-content-max-height=\"100\" data-content-max-height-t=\"100\" data-content-max-height-m=\"100\"  ><p class=\"tp-unfold-title\">GIL MARQUES<\/p><div class=\"tp-unfold-description\" ><div class=\"tp-unfold-description-inner\"><p>Gil Marques is 22 years old and was born in France. He is currently studying Tourism and Leisure at the Escola Superior de Turismo e Hotelaria, Instituto Polit\u00e9cnico da Guarda. <\/p><p>He has been aware of environmental causes since he was a child and is currently doing his internship at the Serra da Estrela Interpretation Center (CISE).<\/p><\/div><\/div><div class=\"tp-unfold-last-toggle flex-start\"><button class=\"tp-unfold-toggle \"> + <svg aria-hidden=\"true\" class=\"e-font-icon-svg e-fas-plus\" viewBox=\"0 0 448 512\" xmlns=\"http:\/\/www.w3.org\/2000\/svg\"><path d=\"M416 208H272V64c0-17.67-14.33-32-32-32h-32c-17.67 0-32 14.33-32 32v144H32c-17.67 0-32 14.33-32 32v32c0 17.67 14.33 32 32 32h144v144c0 17.67 14.33 32 32 32h32c17.67 0 32-14.33 32-32V304h144c17.67 0 32-14.33 32-32v-32c0-17.67-14.33-32-32-32z\"><\/path><\/svg><\/button><\/div><\/div>\t\t\t\t<\/div>\n\t\t\t\t<\/div>\n\t\t\t\t<\/div>\n\t\t\t\t\t<\/div>\n\t\t\t\t<\/div>\n\t\t<div class=\"elementor-element elementor-element-65e8747 e-flex e-con-boxed e-con e-parent\" data-id=\"65e8747\" data-element_type=\"container\" data-settings=\"{&quot;background_background&quot;:&quot;classic&quot;}\">\n\t\t\t\t\t<div class=\"e-con-inner\">\n\t\t<div class=\"elementor-element elementor-element-8fbc254 e-con-full e-flex e-con e-child\" data-id=\"8fbc254\" data-element_type=\"container\">\n\t\t\t\t<div class=\"elementor-element elementor-element-e2baf81 elementor-widget elementor-widget-image\" data-id=\"e2baf81\" data-element_type=\"widget\" data-widget_type=\"image.default\">\n\t\t\t\t<div class=\"elementor-widget-container\">\n\t\t\t\t\t\t\t\t\t\t\t\t\t\t\t<img loading=\"lazy\" decoding=\"async\" width=\"600\" height=\"600\" src=\"https:\/\/cineeco.pt\/wp-content\/uploads\/2025\/05\/Hugo-Luis.jpg\" class=\"attachment-large size-large wp-image-5560\" alt=\"Hugo Lu\u00eds\" srcset=\"https:\/\/cineeco.pt\/wp-content\/uploads\/2025\/05\/Hugo-Luis.jpg 600w, https:\/\/cineeco.pt\/wp-content\/uploads\/2025\/05\/Hugo-Luis-300x300.jpg 300w, https:\/\/cineeco.pt\/wp-content\/uploads\/2025\/05\/Hugo-Luis-150x150.jpg 150w\" sizes=\"(max-width: 600px) 100vw, 600px\" \/>\t\t\t\t\t\t\t\t\t\t\t\t\t\t\t<\/div>\n\t\t\t\t<\/div>\n\t\t\t\t<div class=\"elementor-element elementor-element-4fa26a4 elementor-widget elementor-widget-tp-unfold\" data-id=\"4fa26a4\" data-element_type=\"widget\" data-widget_type=\"tp-unfold.default\">\n\t\t\t\t<div class=\"elementor-widget-container\">\n\t\t\t\t\t<div class=\"tp-unfold-wrapper plus69f088588926d  \" data-id=\"plus69f088588926d\"  data-content_a_source=\"content\" data-con_pos=\"default\" data-icon-position=\"tp_ic_pos_after\" data-readmore=\"+\" data-readless=\"-\" data-readmore-icon=\"&lt;svg aria-hidden=&quot;true&quot; class=&quot;e-font-icon-svg e-fas-plus&quot; viewBox=&quot;0 0 448 512&quot; xmlns=&quot;http:\/\/www.w3.org\/2000\/svg&quot;&gt;&lt;path d=&quot;M416 208H272V64c0-17.67-14.33-32-32-32h-32c-17.67 0-32 14.33-32 32v144H32c-17.67 0-32 14.33-32 32v32c0 17.67 14.33 32 32 32h144v144c0 17.67 14.33 32 32 32h32c17.67 0 32-14.33 32-32V304h144c17.67 0 32-14.33 32-32v-32c0-17.67-14.33-32-32-32z&quot;&gt;&lt;\/path&gt;&lt;\/svg&gt;\" data-readless-icon=\"\"  data-transition-duration=\"200\" data-content-max-height=\"100\" data-content-max-height-t=\"100\" data-content-max-height-m=\"100\"  ><p class=\"tp-unfold-title\">HUGO LU\u00cdS<\/p><div class=\"tp-unfold-description\" ><div class=\"tp-unfold-description-inner\"><p>Hugo Alexandre Marques Lu\u00eds was born in Vide, is 17 years old and attends the 12th year of the Science and Technology course at Seia Secondary School. He has always been a sports fan and is currently playing soccer for Seia Futebol Clube. He likes video games, movies and hanging out with friends. Having grown up in a rural area, next to the river and forests, so close to nature, environmental causes have always been close to his heart, having already taken part in reforestation campaigns after the 2017 fires. He remembers attending CineEco as a child.    <\/p><\/div><\/div><div class=\"tp-unfold-last-toggle flex-start\"><button class=\"tp-unfold-toggle \"> + <svg aria-hidden=\"true\" class=\"e-font-icon-svg e-fas-plus\" viewBox=\"0 0 448 512\" xmlns=\"http:\/\/www.w3.org\/2000\/svg\"><path d=\"M416 208H272V64c0-17.67-14.33-32-32-32h-32c-17.67 0-32 14.33-32 32v144H32c-17.67 0-32 14.33-32 32v32c0 17.67 14.33 32 32 32h144v144c0 17.67 14.33 32 32 32h32c17.67 0 32-14.33 32-32V304h144c17.67 0 32-14.33 32-32v-32c0-17.67-14.33-32-32-32z\"><\/path><\/svg><\/button><\/div><\/div>\t\t\t\t<\/div>\n\t\t\t\t<\/div>\n\t\t\t\t<\/div>\n\t\t<div class=\"elementor-element elementor-element-ceeae6c e-con-full e-flex e-con e-child\" data-id=\"ceeae6c\" data-element_type=\"container\">\n\t\t\t\t<div class=\"elementor-element elementor-element-9acd363 elementor-widget elementor-widget-image\" data-id=\"9acd363\" data-element_type=\"widget\" data-widget_type=\"image.default\">\n\t\t\t\t<div class=\"elementor-widget-container\">\n\t\t\t\t\t\t\t\t\t\t\t\t\t\t\t<img loading=\"lazy\" decoding=\"async\" width=\"600\" height=\"600\" src=\"https:\/\/cineeco.pt\/wp-content\/uploads\/2025\/05\/Maria-Luisa.jpg\" class=\"attachment-large size-large wp-image-5561\" alt=\"Maria Luisa\" srcset=\"https:\/\/cineeco.pt\/wp-content\/uploads\/2025\/05\/Maria-Luisa.jpg 600w, https:\/\/cineeco.pt\/wp-content\/uploads\/2025\/05\/Maria-Luisa-300x300.jpg 300w, https:\/\/cineeco.pt\/wp-content\/uploads\/2025\/05\/Maria-Luisa-150x150.jpg 150w\" sizes=\"(max-width: 600px) 100vw, 600px\" \/>\t\t\t\t\t\t\t\t\t\t\t\t\t\t\t<\/div>\n\t\t\t\t<\/div>\n\t\t\t\t<div class=\"elementor-element elementor-element-f6f4754 elementor-widget elementor-widget-tp-unfold\" data-id=\"f6f4754\" data-element_type=\"widget\" data-widget_type=\"tp-unfold.default\">\n\t\t\t\t<div class=\"elementor-widget-container\">\n\t\t\t\t\t<div class=\"tp-unfold-wrapper plus69f088588ac3b  \" data-id=\"plus69f088588ac3b\"  data-content_a_source=\"content\" data-con_pos=\"default\" data-icon-position=\"tp_ic_pos_after\" data-readmore=\"+\" data-readless=\"- \" data-readmore-icon=\"\" data-readless-icon=\"\"  data-transition-duration=\"200\" data-content-max-height=\"100\" data-content-max-height-t=\"100\" data-content-max-height-m=\"100\"  ><p class=\"tp-unfold-title\">MARIA LU\u00cdSA<\/p><div class=\"tp-unfold-description\" ><div class=\"tp-unfold-description-inner\"><p>Maria Lu\u00edsa Neto Rodrigues, 16, is from Bragan\u00e7a, but lives in Seia, where she is in the 12th year of the Socio-Economic Sciences course at Seia Secondary School. Passionate about figure skating, a sport she's been involved in for seven years, she also loves hiking in the Serra da Estrela whenever she gets the chance. <\/p><\/div><\/div><div class=\"tp-unfold-last-toggle flex-start\"><button class=\"tp-unfold-toggle \"> + <\/button><\/div><\/div>\t\t\t\t<\/div>\n\t\t\t\t<\/div>\n\t\t\t\t<\/div>\n\t\t<div class=\"elementor-element elementor-element-35e31ab e-con-full e-flex e-con e-child\" data-id=\"35e31ab\" data-element_type=\"container\">\n\t\t\t\t<div class=\"elementor-element elementor-element-7dd1117 elementor-widget elementor-widget-image\" data-id=\"7dd1117\" data-element_type=\"widget\" data-widget_type=\"image.default\">\n\t\t\t\t<div class=\"elementor-widget-container\">\n\t\t\t\t\t\t\t\t\t\t\t\t\t\t\t<img loading=\"lazy\" decoding=\"async\" width=\"600\" height=\"600\" src=\"https:\/\/cineeco.pt\/wp-content\/uploads\/2025\/05\/Mariana-Martins.jpg\" class=\"attachment-large size-large wp-image-5562\" alt=\"Mariana Martins\" srcset=\"https:\/\/cineeco.pt\/wp-content\/uploads\/2025\/05\/Mariana-Martins.jpg 600w, https:\/\/cineeco.pt\/wp-content\/uploads\/2025\/05\/Mariana-Martins-300x300.jpg 300w, https:\/\/cineeco.pt\/wp-content\/uploads\/2025\/05\/Mariana-Martins-150x150.jpg 150w\" sizes=\"(max-width: 600px) 100vw, 600px\" \/>\t\t\t\t\t\t\t\t\t\t\t\t\t\t\t<\/div>\n\t\t\t\t<\/div>\n\t\t\t\t<div class=\"elementor-element elementor-element-c6108f1 elementor-widget elementor-widget-tp-unfold\" data-id=\"c6108f1\" data-element_type=\"widget\" data-widget_type=\"tp-unfold.default\">\n\t\t\t\t<div class=\"elementor-widget-container\">\n\t\t\t\t\t<div class=\"tp-unfold-wrapper plus69f088588c220  \" data-id=\"plus69f088588c220\"  data-content_a_source=\"content\" data-con_pos=\"default\" data-icon-position=\"tp_ic_pos_after\" data-readmore=\"+\" data-readless=\"-\" data-readmore-icon=\"&lt;svg aria-hidden=&quot;true&quot; class=&quot;e-font-icon-svg e-fas-plus&quot; viewBox=&quot;0 0 448 512&quot; xmlns=&quot;http:\/\/www.w3.org\/2000\/svg&quot;&gt;&lt;path d=&quot;M416 208H272V64c0-17.67-14.33-32-32-32h-32c-17.67 0-32 14.33-32 32v144H32c-17.67 0-32 14.33-32 32v32c0 17.67 14.33 32 32 32h144v144c0 17.67 14.33 32 32 32h32c17.67 0 32-14.33 32-32V304h144c17.67 0 32-14.33 32-32v-32c0-17.67-14.33-32-32-32z&quot;&gt;&lt;\/path&gt;&lt;\/svg&gt;\" data-readless-icon=\"\"  data-transition-duration=\"200\" data-content-max-height=\"100\" data-content-max-height-t=\"100\" data-content-max-height-m=\"100\"  ><p class=\"tp-unfold-title\">MARIANA MARTINS<\/p><div class=\"tp-unfold-description\" ><div class=\"tp-unfold-description-inner\"><p>Mariana Martins is a student on the Visual Arts Scientific course at Seia Secondary School. Ever since she was little, she has valued the world of art, especially in the areas of theater and singing, where she is currently training. She attended the Seia Conservatory of Music from the age of seven, and aspires to train in theater, following her dream of musical theater. In addition to her artistic side, she also enjoys writing and composing.   <\/p><\/div><\/div><div class=\"tp-unfold-last-toggle flex-start\"><button class=\"tp-unfold-toggle \"> + <svg aria-hidden=\"true\" class=\"e-font-icon-svg e-fas-plus\" viewBox=\"0 0 448 512\" xmlns=\"http:\/\/www.w3.org\/2000\/svg\"><path d=\"M416 208H272V64c0-17.67-14.33-32-32-32h-32c-17.67 0-32 14.33-32 32v144H32c-17.67 0-32 14.33-32 32v32c0 17.67 14.33 32 32 32h144v144c0 17.67 14.33 32 32 32h32c17.67 0 32-14.33 32-32V304h144c17.67 0 32-14.33 32-32v-32c0-17.67-14.33-32-32-32z\"><\/path><\/svg><\/button><\/div><\/div>\t\t\t\t<\/div>\n\t\t\t\t<\/div>\n\t\t\t\t<\/div>\n\t\t\t\t\t<\/div>\n\t\t\t\t<\/div>\n\t\t<div class=\"elementor-element elementor-element-1ab5c7d e-con-full e-flex e-con e-parent\" data-id=\"1ab5c7d\" data-element_type=\"container\">\n\t\t<div class=\"elementor-element elementor-element-33b3cd22 e-con-full e-flex e-con e-child\" data-id=\"33b3cd22\" data-element_type=\"container\" data-settings=\"{&quot;background_background&quot;:&quot;classic&quot;}\">\n\t\t<div class=\"elementor-element elementor-element-9698984 e-con-full e-flex e-con e-child\" data-id=\"9698984\" data-element_type=\"container\">\n\t\t\t\t<div class=\"elementor-element elementor-element-5037bf7f elementor-widget__width-auto elementor-widget-mobile__width-inherit elementor-widget elementor-widget-heading\" data-id=\"5037bf7f\" data-element_type=\"widget\" data-widget_type=\"heading.default\">\n\t\t\t\t<div class=\"elementor-widget-container\">\n\t\t\t\t\t<h2 class=\"elementor-heading-title elementor-size-default\">MISSING<\/h2>\t\t\t\t<\/div>\n\t\t\t\t<\/div>\n\t\t\t\t<div class=\"elementor-element elementor-element-74ad96ee elementor-countdown--label-inline elementor-widget elementor-widget-countdown\" data-id=\"74ad96ee\" data-element_type=\"widget\" data-widget_type=\"countdown.default\">\n\t\t\t\t<div class=\"elementor-widget-container\">\n\t\t\t\t\t\t\t<div class=\"elementor-countdown-wrapper\" data-date=\"1760054460\">\n\t\t\t<div class=\"elementor-countdown-item\"><span class=\"elementor-countdown-digits elementor-countdown-days\"><\/span> <span class=\"elementor-countdown-label\">  Days<\/span><\/div>\t\t<\/div>\n\t\t\t\t\t\t<\/div>\n\t\t\t\t<\/div>\n\t\t\t\t<\/div>\n\t\t\t\t<div class=\"elementor-element elementor-element-4e143edc elementor-widget elementor-widget-text-editor\" data-id=\"4e143edc\" data-element_type=\"widget\" data-widget_type=\"text-editor.default\">\n\t\t\t\t<div class=\"elementor-widget-container\">\n\t\t\t\t\t\t\t\t\t<p>For the 31st edition of the CINEECO festival<\/p>\t\t\t\t\t\t\t\t<\/div>\n\t\t\t\t<\/div>\n\t\t\t\t<\/div>\n\t\t<div class=\"elementor-element elementor-element-26db33c9 e-con-full e-flex e-con e-child\" data-id=\"26db33c9\" data-element_type=\"container\" data-settings=\"{&quot;background_background&quot;:&quot;classic&quot;}\">\n\t\t\t\t<div class=\"elementor-element elementor-element-7f9f1909 elementor-widget elementor-widget-text-editor\" data-id=\"7f9f1909\" data-element_type=\"widget\" data-widget_type=\"text-editor.default\">\n\t\t\t\t<div class=\"elementor-widget-container\">\n\t\t\t\t\t\t\t\t\t<p>Subscribe to our newsletter<\/p>\t\t\t\t\t\t\t\t<\/div>\n\t\t\t\t<\/div>\n\t\t\t\t<div class=\"elementor-element elementor-element-53439d2 elementor-widget elementor-widget-text-editor\" data-id=\"53439d2\" data-element_type=\"widget\" id=\"rodape\" data-widget_type=\"text-editor.default\">\n\t\t\t\t<div class=\"elementor-widget-container\">\n\t\t\t\t\t\t\t\t\t<p><b>KEEP UP TO DATE WITH THE LATEST NEWS<\/b><\/p>\t\t\t\t\t\t\t\t<\/div>\n\t\t\t\t<\/div>\n\t\t\t\t<div class=\"elementor-element elementor-element-69862275 elementor-widget-mobile__width-inherit elementor-widget__width-initial elementor-button-align-stretch elementor-widget elementor-widget-form\" data-id=\"69862275\" data-element_type=\"widget\" data-settings=\"{&quot;button_width&quot;:&quot;25&quot;,&quot;button_width_mobile&quot;:&quot;100&quot;,&quot;step_next_label&quot;:&quot;Next&quot;,&quot;step_previous_label&quot;:&quot;Previous&quot;,&quot;step_type&quot;:&quot;number_text&quot;,&quot;step_icon_shape&quot;:&quot;circle&quot;}\" data-widget_type=\"form.default\">\n\t\t\t\t<div class=\"elementor-widget-container\">\n\t\t\t\t\t\t\t<form class=\"elementor-form\" method=\"post\" id=\"newsletter\" name=\"Newsletter\" aria-label=\"Newsletter\">\n\t\t\t<input type=\"hidden\" name=\"post_id\" value=\"6193\"\/>\n\t\t\t<input type=\"hidden\" name=\"form_id\" value=\"69862275\"\/>\n\t\t\t<input type=\"hidden\" name=\"referer_title\" value=\"CineEco Seia\" \/>\n\n\t\t\t\n\t\t\t<div class=\"elementor-form-fields-wrapper elementor-labels-\">\n\t\t\t\t\t\t\t\t<div class=\"elementor-field-type-email elementor-field-group elementor-column elementor-field-group-email elementor-col-75 elementor-sm-100 elementor-field-required\">\n\t\t\t\t\t\t\t\t\t\t\t\t<label for=\"form-field-email\" class=\"elementor-field-label elementor-screen-only\">\n\t\t\t\t\t\t\t\tEmail\t\t\t\t\t\t\t<\/label>\n\t\t\t\t\t\t\t\t\t\t\t\t\t\t<input size=\"1\" type=\"email\" name=\"form_fields[email]\" id=\"form-field-email\" class=\"elementor-field elementor-size-md  elementor-field-textual\" placeholder=\"Email\" required=\"required\">\n\t\t\t\t\t\t\t\t\t\t\t<\/div>\n\t\t\t\t\t\t\t\t<div class=\"elementor-field-group elementor-column elementor-field-type-submit elementor-col-25 e-form__buttons elementor-sm-100\">\n\t\t\t\t\t<button class=\"elementor-button elementor-size-sm\" type=\"submit\">\n\t\t\t\t\t\t<span class=\"elementor-button-content-wrapper\">\n\t\t\t\t\t\t\t\t\t\t\t\t\t\t\t\t\t\t\t\t\t\t<span class=\"elementor-button-text\">Send<\/span>\n\t\t\t\t\t\t\t\t\t\t\t\t\t<\/span>\n\t\t\t\t\t<\/button>\n\t\t\t\t<\/div>\n\t\t\t<\/div>\n\t\t<\/form>\n\t\t\t\t\t\t<\/div>\n\t\t\t\t<\/div>\n\t\t\t\t<\/div>\n\t\t\t\t<\/div>\n\t\t\t\t<\/div>\n\t\t","protected":false},"excerpt":{"rendered":"<p>JURY 2024 INTERNATIONAL FEATURE-FILM COMPETITION PINE AGATE \u00c1gata de Pinho (Porto, 1989), as well as being an actress, has been dedicated to writing and creating her own work. &#8220;AZUL&#8221;, the first film she wrote and directed (and stars in), premiered at the Rotterdam Film Festival in 2022 and in Portugal won five awards at the [&hellip;]<\/p>\n","protected":false},"author":1,"featured_media":5604,"parent":0,"menu_order":0,"comment_status":"closed","ping_status":"closed","template":"","meta":{"_monsterinsights_skip_tracking":false,"_monsterinsights_sitenote_active":false,"_monsterinsights_sitenote_note":"","_monsterinsights_sitenote_category":0,"footnotes":""},"class_list":["post-6193","page","type-page","status-publish","has-post-thumbnail","hentry"],"yoast_head":"<!-- This site is optimized with the Yoast SEO plugin v26.8 - https:\/\/yoast.com\/product\/yoast-seo-wordpress\/ -->\n<title>CineEco 2024 jury<\/title>\n<meta name=\"description\" content=\"Jury for the films in competition at CineEco 2024. Serra da Estrela International Environmental Film Festival.\" \/>\n<meta name=\"robots\" content=\"index, follow, max-snippet:-1, max-image-preview:large, max-video-preview:-1\" \/>\n<link rel=\"canonical\" href=\"https:\/\/cineeco.pt\/en\/jury-2024\/\" \/>\n<meta property=\"og:locale\" content=\"en_US\" \/>\n<meta property=\"og:type\" content=\"article\" \/>\n<meta property=\"og:title\" content=\"CineEco 2024 jury\" \/>\n<meta property=\"og:description\" content=\"Jury for the films in competition at CineEco 2024. Serra da Estrela International Environmental Film Festival.\" \/>\n<meta property=\"og:url\" content=\"https:\/\/cineeco.pt\/en\/jury-2024\/\" \/>\n<meta property=\"og:site_name\" content=\"CineEco Seia\" \/>\n<meta property=\"article:publisher\" content=\"https:\/\/pt-pt.facebook.com\/CineEcoSeia\/\" \/>\n<meta property=\"article:modified_time\" content=\"2025-10-03T10:48:35+00:00\" \/>\n<meta property=\"og:image\" content=\"https:\/\/cineeco.pt\/wp-content\/uploads\/2025\/05\/sitecineeco_imgfilme_cartaz.png\" \/>\n\t<meta property=\"og:image:width\" content=\"1054\" \/>\n\t<meta property=\"og:image:height\" content=\"1500\" \/>\n\t<meta property=\"og:image:type\" content=\"image\/png\" \/>\n<meta name=\"twitter:card\" content=\"summary_large_image\" \/>\n<meta name=\"twitter:label1\" content=\"Est. reading time\" \/>\n\t<meta name=\"twitter:data1\" content=\"10 minutes\" \/>\n<script type=\"application\/ld+json\" class=\"yoast-schema-graph\">{\"@context\":\"https:\/\/schema.org\",\"@graph\":[{\"@type\":\"WebPage\",\"@id\":\"https:\/\/cineeco.pt\/en\/jury-2024\/\",\"url\":\"https:\/\/cineeco.pt\/en\/jury-2024\/\",\"name\":\"CineEco 2024 jury\",\"isPartOf\":{\"@id\":\"https:\/\/cineeco.pt\/en\/#website\"},\"primaryImageOfPage\":{\"@id\":\"https:\/\/cineeco.pt\/en\/jury-2024\/#primaryimage\"},\"image\":{\"@id\":\"https:\/\/cineeco.pt\/en\/jury-2024\/#primaryimage\"},\"thumbnailUrl\":\"https:\/\/cineeco.pt\/wp-content\/uploads\/2025\/05\/sitecineeco_imgfilme_cartaz.png\",\"datePublished\":\"2024-09-10T11:04:15+00:00\",\"dateModified\":\"2025-10-03T10:48:35+00:00\",\"description\":\"Jury for the films in competition at CineEco 2024. Serra da Estrela International Environmental Film Festival.\",\"breadcrumb\":{\"@id\":\"https:\/\/cineeco.pt\/en\/jury-2024\/#breadcrumb\"},\"inLanguage\":\"en-US\",\"potentialAction\":[{\"@type\":\"ReadAction\",\"target\":[\"https:\/\/cineeco.pt\/en\/jury-2024\/\"]}]},{\"@type\":\"ImageObject\",\"inLanguage\":\"en-US\",\"@id\":\"https:\/\/cineeco.pt\/en\/jury-2024\/#primaryimage\",\"url\":\"https:\/\/cineeco.pt\/wp-content\/uploads\/2025\/05\/sitecineeco_imgfilme_cartaz.png\",\"contentUrl\":\"https:\/\/cineeco.pt\/wp-content\/uploads\/2025\/05\/sitecineeco_imgfilme_cartaz.png\",\"width\":1054,\"height\":1500,\"caption\":\"Cineeco movie poster\"},{\"@type\":\"BreadcrumbList\",\"@id\":\"https:\/\/cineeco.pt\/en\/jury-2024\/#breadcrumb\",\"itemListElement\":[{\"@type\":\"ListItem\",\"position\":1,\"name\":\"In\u00edcio\",\"item\":\"https:\/\/cineeco.pt\/en\/festival\/\"},{\"@type\":\"ListItem\",\"position\":2,\"name\":\"Jury 2024\"}]},{\"@type\":\"WebSite\",\"@id\":\"https:\/\/cineeco.pt\/en\/#website\",\"url\":\"https:\/\/cineeco.pt\/en\/\",\"name\":\"CineEco Seia\",\"description\":\"Festival Internacional de Cinema Ambiental\",\"publisher\":{\"@id\":\"https:\/\/cineeco.pt\/en\/#organization\"},\"alternateName\":\"CIneEco\",\"potentialAction\":[{\"@type\":\"SearchAction\",\"target\":{\"@type\":\"EntryPoint\",\"urlTemplate\":\"https:\/\/cineeco.pt\/en\/?s={search_term_string}\"},\"query-input\":{\"@type\":\"PropertyValueSpecification\",\"valueRequired\":true,\"valueName\":\"search_term_string\"}}],\"inLanguage\":\"en-US\"},{\"@type\":\"Organization\",\"@id\":\"https:\/\/cineeco.pt\/en\/#organization\",\"name\":\"CineEco Seia - Festival internacional de cinema ambiental da Serra da Estrela\",\"alternateName\":\"CineEco\",\"url\":\"https:\/\/cineeco.pt\/en\/\",\"logo\":{\"@type\":\"ImageObject\",\"inLanguage\":\"en-US\",\"@id\":\"https:\/\/cineeco.pt\/en\/#\/schema\/logo\/image\/\",\"url\":\"https:\/\/cineeco.pt\/wp-content\/uploads\/2025\/03\/CineEcoSeia_sem-assinatura_positivo.png\",\"contentUrl\":\"https:\/\/cineeco.pt\/wp-content\/uploads\/2025\/03\/CineEcoSeia_sem-assinatura_positivo.png\",\"width\":1000,\"height\":1105,\"caption\":\"CineEco Seia - Festival internacional de cinema ambiental da Serra da Estrela\"},\"image\":{\"@id\":\"https:\/\/cineeco.pt\/en\/#\/schema\/logo\/image\/\"},\"sameAs\":[\"https:\/\/pt-pt.facebook.com\/CineEcoSeia\/\",\"https:\/\/www.instagram.com\/cineeco\/\",\"https:\/\/www.youtube.com\/@festivalcineecoseia\"]}]}<\/script>\n<!-- \/ Yoast SEO plugin. -->","yoast_head_json":{"title":"CineEco 2024 jury","description":"Jury for the films in competition at CineEco 2024. Serra da Estrela International Environmental Film Festival.","robots":{"index":"index","follow":"follow","max-snippet":"max-snippet:-1","max-image-preview":"max-image-preview:large","max-video-preview":"max-video-preview:-1"},"canonical":"https:\/\/cineeco.pt\/en\/jury-2024\/","og_locale":"en_US","og_type":"article","og_title":"CineEco 2024 jury","og_description":"Jury for the films in competition at CineEco 2024. Serra da Estrela International Environmental Film Festival.","og_url":"https:\/\/cineeco.pt\/en\/jury-2024\/","og_site_name":"CineEco Seia","article_publisher":"https:\/\/pt-pt.facebook.com\/CineEcoSeia\/","article_modified_time":"2025-10-03T10:48:35+00:00","og_image":[{"width":1054,"height":1500,"url":"https:\/\/cineeco.pt\/wp-content\/uploads\/2025\/05\/sitecineeco_imgfilme_cartaz.png","type":"image\/png"}],"twitter_card":"summary_large_image","twitter_misc":{"Est. reading time":"10 minutes"},"schema":{"@context":"https:\/\/schema.org","@graph":[{"@type":"WebPage","@id":"https:\/\/cineeco.pt\/en\/jury-2024\/","url":"https:\/\/cineeco.pt\/en\/jury-2024\/","name":"CineEco 2024 jury","isPartOf":{"@id":"https:\/\/cineeco.pt\/en\/#website"},"primaryImageOfPage":{"@id":"https:\/\/cineeco.pt\/en\/jury-2024\/#primaryimage"},"image":{"@id":"https:\/\/cineeco.pt\/en\/jury-2024\/#primaryimage"},"thumbnailUrl":"https:\/\/cineeco.pt\/wp-content\/uploads\/2025\/05\/sitecineeco_imgfilme_cartaz.png","datePublished":"2024-09-10T11:04:15+00:00","dateModified":"2025-10-03T10:48:35+00:00","description":"Jury for the films in competition at CineEco 2024. Serra da Estrela International Environmental Film Festival.","breadcrumb":{"@id":"https:\/\/cineeco.pt\/en\/jury-2024\/#breadcrumb"},"inLanguage":"en-US","potentialAction":[{"@type":"ReadAction","target":["https:\/\/cineeco.pt\/en\/jury-2024\/"]}]},{"@type":"ImageObject","inLanguage":"en-US","@id":"https:\/\/cineeco.pt\/en\/jury-2024\/#primaryimage","url":"https:\/\/cineeco.pt\/wp-content\/uploads\/2025\/05\/sitecineeco_imgfilme_cartaz.png","contentUrl":"https:\/\/cineeco.pt\/wp-content\/uploads\/2025\/05\/sitecineeco_imgfilme_cartaz.png","width":1054,"height":1500,"caption":"Cineeco movie poster"},{"@type":"BreadcrumbList","@id":"https:\/\/cineeco.pt\/en\/jury-2024\/#breadcrumb","itemListElement":[{"@type":"ListItem","position":1,"name":"In\u00edcio","item":"https:\/\/cineeco.pt\/en\/festival\/"},{"@type":"ListItem","position":2,"name":"Jury 2024"}]},{"@type":"WebSite","@id":"https:\/\/cineeco.pt\/en\/#website","url":"https:\/\/cineeco.pt\/en\/","name":"CineEco Seia","description":"Festival Internacional de Cinema Ambiental","publisher":{"@id":"https:\/\/cineeco.pt\/en\/#organization"},"alternateName":"CIneEco","potentialAction":[{"@type":"SearchAction","target":{"@type":"EntryPoint","urlTemplate":"https:\/\/cineeco.pt\/en\/?s={search_term_string}"},"query-input":{"@type":"PropertyValueSpecification","valueRequired":true,"valueName":"search_term_string"}}],"inLanguage":"en-US"},{"@type":"Organization","@id":"https:\/\/cineeco.pt\/en\/#organization","name":"CineEco Seia - Festival internacional de cinema ambiental da Serra da Estrela","alternateName":"CineEco","url":"https:\/\/cineeco.pt\/en\/","logo":{"@type":"ImageObject","inLanguage":"en-US","@id":"https:\/\/cineeco.pt\/en\/#\/schema\/logo\/image\/","url":"https:\/\/cineeco.pt\/wp-content\/uploads\/2025\/03\/CineEcoSeia_sem-assinatura_positivo.png","contentUrl":"https:\/\/cineeco.pt\/wp-content\/uploads\/2025\/03\/CineEcoSeia_sem-assinatura_positivo.png","width":1000,"height":1105,"caption":"CineEco Seia - Festival internacional de cinema ambiental da Serra da Estrela"},"image":{"@id":"https:\/\/cineeco.pt\/en\/#\/schema\/logo\/image\/"},"sameAs":["https:\/\/pt-pt.facebook.com\/CineEcoSeia\/","https:\/\/www.instagram.com\/cineeco\/","https:\/\/www.youtube.com\/@festivalcineecoseia"]}]}},"_links":{"self":[{"href":"https:\/\/cineeco.pt\/en\/wp-json\/wp\/v2\/pages\/6193","targetHints":{"allow":["GET"]}}],"collection":[{"href":"https:\/\/cineeco.pt\/en\/wp-json\/wp\/v2\/pages"}],"about":[{"href":"https:\/\/cineeco.pt\/en\/wp-json\/wp\/v2\/types\/page"}],"author":[{"embeddable":true,"href":"https:\/\/cineeco.pt\/en\/wp-json\/wp\/v2\/users\/1"}],"replies":[{"embeddable":true,"href":"https:\/\/cineeco.pt\/en\/wp-json\/wp\/v2\/comments?post=6193"}],"version-history":[{"count":0,"href":"https:\/\/cineeco.pt\/en\/wp-json\/wp\/v2\/pages\/6193\/revisions"}],"wp:featuredmedia":[{"embeddable":true,"href":"https:\/\/cineeco.pt\/en\/wp-json\/wp\/v2\/media\/5604"}],"wp:attachment":[{"href":"https:\/\/cineeco.pt\/en\/wp-json\/wp\/v2\/media?parent=6193"}],"curies":[{"name":"wp","href":"https:\/\/api.w.org\/{rel}","templated":true}]}}