{"id":6203,"date":"2025-05-09T15:58:29","date_gmt":"2025-05-09T15:58:29","guid":{"rendered":"https:\/\/site.cineeco.pt\/programmers-2024\/"},"modified":"2025-11-05T19:25:35","modified_gmt":"2025-11-05T19:25:35","slug":"programmers-2024","status":"publish","type":"page","link":"https:\/\/cineeco.pt\/en\/programmers-2024\/","title":{"rendered":"Programmers 2024"},"content":{"rendered":"\t\t<div data-elementor-type=\"wp-page\" data-elementor-id=\"6203\" class=\"elementor elementor-6203 elementor-1570\" data-elementor-post-type=\"page\">\n\t\t\t\t<div class=\"elementor-element elementor-element-18ff95ef e-flex e-con-boxed e-con e-parent\" data-id=\"18ff95ef\" data-element_type=\"container\" data-settings=\"{&quot;background_background&quot;:&quot;classic&quot;}\">\n\t\t\t\t\t<div class=\"e-con-inner\">\n\t\t<div class=\"elementor-element elementor-element-5f611ac e-flex e-con-boxed e-con e-child\" data-id=\"5f611ac\" data-element_type=\"container\" data-settings=\"{&quot;background_background&quot;:&quot;classic&quot;}\">\n\t\t\t\t\t<div class=\"e-con-inner\">\n\t\t\t\t<div class=\"elementor-element elementor-element-4efe597 elementor-widget elementor-widget-heading\" data-id=\"4efe597\" data-element_type=\"widget\" data-widget_type=\"heading.default\">\n\t\t\t\t<div class=\"elementor-widget-container\">\n\t\t\t\t\t<h1 class=\"elementor-heading-title elementor-size-default\">PROGRAMMERS<\/h1>\t\t\t\t<\/div>\n\t\t\t\t<\/div>\n\t\t\t\t\t<\/div>\n\t\t\t\t<\/div>\n\t\t\t\t\t<\/div>\n\t\t\t\t<\/div>\n\t\t<div class=\"elementor-element elementor-element-05a993d e-flex e-con-boxed e-con e-parent\" data-id=\"05a993d\" data-element_type=\"container\">\n\t\t\t\t\t<div class=\"e-con-inner\">\n\t\t<div class=\"elementor-element elementor-element-45f0942 e-con-full e-flex e-con e-child\" data-id=\"45f0942\" data-element_type=\"container\">\n\t\t<div class=\"elementor-element elementor-element-04a4108 e-con-full e-flex e-con e-child\" data-id=\"04a4108\" data-element_type=\"container\">\n\t\t\t\t<div class=\"elementor-element elementor-element-b001f3e elementor-widget elementor-widget-image\" data-id=\"b001f3e\" data-element_type=\"widget\" data-widget_type=\"image.default\">\n\t\t\t\t<div class=\"elementor-widget-container\">\n\t\t\t\t\t\t\t\t\t\t\t\t\t\t\t<img fetchpriority=\"high\" decoding=\"async\" width=\"800\" height=\"533\" src=\"https:\/\/cineeco.pt\/wp-content\/uploads\/2025\/06\/programador_claudia.jpg\" class=\"attachment-full size-full wp-image-5599\" alt=\"Programadora Cl\u00e1udia\" srcset=\"https:\/\/cineeco.pt\/wp-content\/uploads\/2025\/06\/programador_claudia.jpg 800w, https:\/\/cineeco.pt\/wp-content\/uploads\/2025\/06\/programador_claudia-300x200.jpg 300w, https:\/\/cineeco.pt\/wp-content\/uploads\/2025\/06\/programador_claudia-768x512.jpg 768w\" sizes=\"(max-width: 800px) 100vw, 800px\" \/>\t\t\t\t\t\t\t\t\t\t\t\t\t\t\t<\/div>\n\t\t\t\t<\/div>\n\t\t\t\t<\/div>\n\t\t<div class=\"elementor-element elementor-element-e40e62a e-con-full e-flex e-con e-child\" data-id=\"e40e62a\" data-element_type=\"container\">\n\t\t\t\t<div class=\"elementor-element elementor-element-4bc2a43 elementor-widget elementor-widget-heading\" data-id=\"4bc2a43\" data-element_type=\"widget\" data-widget_type=\"heading.default\">\n\t\t\t\t<div class=\"elementor-widget-container\">\n\t\t\t\t\t<h2 class=\"elementor-heading-title elementor-size-default\">Cl\u00e1udia Marques dos Santos<\/h2>\t\t\t\t<\/div>\n\t\t\t\t<\/div>\n\t\t\t\t<div class=\"elementor-element elementor-element-6c8c1b8 elementor-widget elementor-widget-text-editor\" data-id=\"6c8c1b8\" data-element_type=\"widget\" data-widget_type=\"text-editor.default\">\n\t\t\t\t<div class=\"elementor-widget-container\">\n\t\t\t\t\t\t\t\t\t<p>Cl\u00e1udia Marques Santos is freelance journalist based in Lisbon, whose work in the areas of culture and research has been published in the Observador, P\u00fablico, Expresso, Di\u00e1rio de Not\u00edcias, Vis\u00e3o and LER. She is the president of the Projeto Inoc\u00eancia in Portugal, which carries out investigative journalism in cases of people who may have been wrongly convicted, and she was part of the first consortium of Portuguese journalists who investigated online hate speech perpetrated by the Portuguese police force. She has been awarded scholarships from the Calouste Gulbenkian Foundation, the Gabriel Garc\u00eda M\u00e1rquez Foundation and the Pulitzer Centre, and was a finalist of the European Press Prize 2024 in the Investigation category. She is a cultural journalism professor at the Nova University Lisbon and teaches journalism, hermeneutics and semiotics at Lus\u00f3fona University.<\/p>\t\t\t\t\t\t\t\t<\/div>\n\t\t\t\t<\/div>\n\t\t\t\t<\/div>\n\t\t\t\t<\/div>\n\t\t\t\t\t<\/div>\n\t\t\t\t<\/div>\n\t\t<div class=\"elementor-element elementor-element-ae5d37a e-flex e-con-boxed e-con e-parent\" data-id=\"ae5d37a\" data-element_type=\"container\">\n\t\t\t\t\t<div class=\"e-con-inner\">\n\t\t<div class=\"elementor-element elementor-element-2ac8ee2 e-con-full e-flex e-con e-child\" data-id=\"2ac8ee2\" data-element_type=\"container\">\n\t\t<div class=\"elementor-element elementor-element-17592f2 e-con-full e-flex e-con e-child\" data-id=\"17592f2\" data-element_type=\"container\">\n\t\t\t\t<div class=\"elementor-element elementor-element-22dd303 elementor-widget elementor-widget-image\" data-id=\"22dd303\" data-element_type=\"widget\" data-widget_type=\"image.default\">\n\t\t\t\t<div class=\"elementor-widget-container\">\n\t\t\t\t\t\t\t\t\t\t\t\t\t\t\t<img decoding=\"async\" width=\"800\" height=\"534\" src=\"https:\/\/cineeco.pt\/wp-content\/uploads\/2025\/06\/programador_Daniel.jpg\" class=\"attachment-large size-large wp-image-5600\" alt=\"Programador Daniel Oliveira\" srcset=\"https:\/\/cineeco.pt\/wp-content\/uploads\/2025\/06\/programador_Daniel.jpg 800w, https:\/\/cineeco.pt\/wp-content\/uploads\/2025\/06\/programador_Daniel-300x200.jpg 300w, https:\/\/cineeco.pt\/wp-content\/uploads\/2025\/06\/programador_Daniel-768x513.jpg 768w\" sizes=\"(max-width: 800px) 100vw, 800px\" \/>\t\t\t\t\t\t\t\t\t\t\t\t\t\t\t<\/div>\n\t\t\t\t<\/div>\n\t\t\t\t<\/div>\n\t\t<div class=\"elementor-element elementor-element-23010c2 e-con-full e-flex e-con e-child\" data-id=\"23010c2\" data-element_type=\"container\">\n\t\t\t\t<div class=\"elementor-element elementor-element-15e7862 elementor-widget elementor-widget-heading\" data-id=\"15e7862\" data-element_type=\"widget\" data-widget_type=\"heading.default\">\n\t\t\t\t<div class=\"elementor-widget-container\">\n\t\t\t\t\t<h2 class=\"elementor-heading-title elementor-size-default\">Daniel Oliveira<\/h2>\t\t\t\t<\/div>\n\t\t\t\t<\/div>\n\t\t\t\t<div class=\"elementor-element elementor-element-1582ce4 elementor-widget elementor-widget-text-editor\" data-id=\"1582ce4\" data-element_type=\"widget\" data-widget_type=\"text-editor.default\">\n\t\t\t\t<div class=\"elementor-widget-container\">\n\t\t\t\t\t\t\t\t\t<p>Daniel Oliveira holds a PhD in Media Arts and a Master&#8217;s degree in Cinema from the University of Beira Interior. Working as a critic since 2004, he is affiliated with the Brazilian Association (Abraccine), the International Federation of Film Critics (Fipresci), and has been a voting member of the Golden Globe since 2023. He holds a degree in Social Communication from the Federal University of Minas Gerais (UFMG), with a specialisation in History of Culture and Art from the same institution, and a postgraduate degree in Screenwriting for Film and Television from the Humber Institute in Toronto. In Portugal, he collaborated on the programming jury for the Porto Femme festival, is part of the programming team for CineEco \u2013 Serra da Estrela International Environmental Film Festival, and works as a translator and copywriter for the Curtas Vila do Conde and Porto\/Post\/Doc festivals. In Brazil, he has freelanced for outlets such as O Estado de S. Paulo, SET and Teorema magazines, and between 2012 and 2018, he was a reporter and critic for the newspaper O Tempo.    <\/p>\t\t\t\t\t\t\t\t<\/div>\n\t\t\t\t<\/div>\n\t\t\t\t<\/div>\n\t\t\t\t<\/div>\n\t\t\t\t\t<\/div>\n\t\t\t\t<\/div>\n\t\t<div class=\"elementor-element elementor-element-bd1bff7 e-flex e-con-boxed e-con e-parent\" data-id=\"bd1bff7\" data-element_type=\"container\">\n\t\t\t\t\t<div class=\"e-con-inner\">\n\t\t<div class=\"elementor-element elementor-element-052c435 e-con-full e-flex e-con e-child\" data-id=\"052c435\" data-element_type=\"container\">\n\t\t<div class=\"elementor-element elementor-element-573dffd e-con-full e-flex e-con e-child\" data-id=\"573dffd\" data-element_type=\"container\">\n\t\t\t\t<div class=\"elementor-element elementor-element-aaffd9f elementor-widget elementor-widget-image\" data-id=\"aaffd9f\" data-element_type=\"widget\" data-widget_type=\"image.default\">\n\t\t\t\t<div class=\"elementor-widget-container\">\n\t\t\t\t\t\t\t\t\t\t\t\t\t\t\t<img decoding=\"async\" width=\"800\" height=\"533\" src=\"https:\/\/cineeco.pt\/wp-content\/uploads\/2025\/06\/Programador_Tiago-Alves2.jpg\" class=\"attachment-large size-large wp-image-5603\" alt=\"\" srcset=\"https:\/\/cineeco.pt\/wp-content\/uploads\/2025\/06\/Programador_Tiago-Alves2.jpg 800w, https:\/\/cineeco.pt\/wp-content\/uploads\/2025\/06\/Programador_Tiago-Alves2-300x200.jpg 300w, https:\/\/cineeco.pt\/wp-content\/uploads\/2025\/06\/Programador_Tiago-Alves2-768x512.jpg 768w\" sizes=\"(max-width: 800px) 100vw, 800px\" \/>\t\t\t\t\t\t\t\t\t\t\t\t\t\t\t<\/div>\n\t\t\t\t<\/div>\n\t\t\t\t<\/div>\n\t\t<div class=\"elementor-element elementor-element-5bbf894 e-con-full e-flex e-con e-child\" data-id=\"5bbf894\" data-element_type=\"container\">\n\t\t\t\t<div class=\"elementor-element elementor-element-fd7a861 elementor-widget elementor-widget-heading\" data-id=\"fd7a861\" data-element_type=\"widget\" data-widget_type=\"heading.default\">\n\t\t\t\t<div class=\"elementor-widget-container\">\n\t\t\t\t\t<h2 class=\"elementor-heading-title elementor-size-default\">Tiago Alves\n\n<\/h2>\t\t\t\t<\/div>\n\t\t\t\t<\/div>\n\t\t\t\t<div class=\"elementor-element elementor-element-31b2f12 elementor-widget elementor-widget-text-editor\" data-id=\"31b2f12\" data-element_type=\"widget\" data-widget_type=\"text-editor.default\">\n\t\t\t\t<div class=\"elementor-widget-container\">\n\t\t\t\t\t\t\t\t\t<p>Radio presenter, journalist, cinema promotor and programmer. He has coordinated and presented CINEMAX since 2005, dedicated to cinema news and programming, online, which is transmitted on the Antena 1 radio channel, and also presents shortfilm sessions on TV channel RTP2. He organizes, programs and presents ShortcutzOvar and is a member of the CineEco curatorial team. For two decades he wrote regularly for the magazine Vis\u00e3o, the Jornal de Not\u00edcias newspaper and the digital magazine Metropolis. He likes to believe that movies are bigger than life, hoping that reality will become more surprising.<\/p>\t\t\t\t\t\t\t\t<\/div>\n\t\t\t\t<\/div>\n\t\t\t\t<\/div>\n\t\t\t\t<\/div>\n\t\t\t\t\t<\/div>\n\t\t\t\t<\/div>\n\t\t<div class=\"elementor-element elementor-element-1ab5c7d e-con-full e-flex e-con e-parent\" data-id=\"1ab5c7d\" data-element_type=\"container\">\n\t\t<div class=\"elementor-element elementor-element-33b3cd22 e-con-full e-flex e-con e-child\" data-id=\"33b3cd22\" data-element_type=\"container\" data-settings=\"{&quot;background_background&quot;:&quot;classic&quot;}\">\n\t\t<div class=\"elementor-element elementor-element-9698984 e-con-full e-flex e-con e-child\" data-id=\"9698984\" data-element_type=\"container\">\n\t\t\t\t<div class=\"elementor-element elementor-element-5037bf7f elementor-widget__width-auto elementor-widget-mobile__width-inherit elementor-widget elementor-widget-heading\" data-id=\"5037bf7f\" data-element_type=\"widget\" data-widget_type=\"heading.default\">\n\t\t\t\t<div class=\"elementor-widget-container\">\n\t\t\t\t\t<h2 class=\"elementor-heading-title elementor-size-default\">MISSING<\/h2>\t\t\t\t<\/div>\n\t\t\t\t<\/div>\n\t\t\t\t<div class=\"elementor-element elementor-element-74ad96ee elementor-countdown--label-inline elementor-widget elementor-widget-countdown\" data-id=\"74ad96ee\" data-element_type=\"widget\" data-widget_type=\"countdown.default\">\n\t\t\t\t<div class=\"elementor-widget-container\">\n\t\t\t\t\t\t\t<div class=\"elementor-countdown-wrapper\" data-date=\"1760054460\">\n\t\t\t<div class=\"elementor-countdown-item\"><span class=\"elementor-countdown-digits elementor-countdown-days\"><\/span> <span class=\"elementor-countdown-label\">  Days<\/span><\/div>\t\t<\/div>\n\t\t\t\t\t\t<\/div>\n\t\t\t\t<\/div>\n\t\t\t\t<\/div>\n\t\t\t\t<div class=\"elementor-element elementor-element-4e143edc elementor-widget elementor-widget-text-editor\" data-id=\"4e143edc\" data-element_type=\"widget\" data-widget_type=\"text-editor.default\">\n\t\t\t\t<div class=\"elementor-widget-container\">\n\t\t\t\t\t\t\t\t\t<p>For the 31st edition of the CINEECO festival<\/p>\t\t\t\t\t\t\t\t<\/div>\n\t\t\t\t<\/div>\n\t\t\t\t<\/div>\n\t\t<div class=\"elementor-element elementor-element-26db33c9 e-con-full e-flex e-con e-child\" data-id=\"26db33c9\" data-element_type=\"container\" data-settings=\"{&quot;background_background&quot;:&quot;classic&quot;}\">\n\t\t\t\t<div class=\"elementor-element elementor-element-7f9f1909 elementor-widget elementor-widget-text-editor\" data-id=\"7f9f1909\" data-element_type=\"widget\" data-widget_type=\"text-editor.default\">\n\t\t\t\t<div class=\"elementor-widget-container\">\n\t\t\t\t\t\t\t\t\t<p>Subscribe to our newsletter<\/p>\t\t\t\t\t\t\t\t<\/div>\n\t\t\t\t<\/div>\n\t\t\t\t<div class=\"elementor-element elementor-element-53439d2 elementor-widget elementor-widget-text-editor\" data-id=\"53439d2\" data-element_type=\"widget\" id=\"rodape\" data-widget_type=\"text-editor.default\">\n\t\t\t\t<div class=\"elementor-widget-container\">\n\t\t\t\t\t\t\t\t\t<p><b>KEEP UP TO DATE WITH THE LATEST NEWS<\/b><\/p>\t\t\t\t\t\t\t\t<\/div>\n\t\t\t\t<\/div>\n\t\t\t\t<div class=\"elementor-element elementor-element-69862275 elementor-widget-mobile__width-inherit elementor-widget__width-initial elementor-button-align-stretch elementor-widget elementor-widget-form\" data-id=\"69862275\" data-element_type=\"widget\" data-settings=\"{&quot;button_width&quot;:&quot;25&quot;,&quot;button_width_mobile&quot;:&quot;100&quot;,&quot;step_next_label&quot;:&quot;Next&quot;,&quot;step_previous_label&quot;:&quot;Previous&quot;,&quot;step_type&quot;:&quot;number_text&quot;,&quot;step_icon_shape&quot;:&quot;circle&quot;}\" data-widget_type=\"form.default\">\n\t\t\t\t<div class=\"elementor-widget-container\">\n\t\t\t\t\t\t\t<form class=\"elementor-form\" method=\"post\" id=\"newsletter\" name=\"Newsletter\" aria-label=\"Newsletter\">\n\t\t\t<input type=\"hidden\" name=\"post_id\" value=\"6203\"\/>\n\t\t\t<input type=\"hidden\" name=\"form_id\" value=\"69862275\"\/>\n\t\t\t<input type=\"hidden\" name=\"referer_title\" value=\"CineEco Seia\" \/>\n\n\t\t\t\n\t\t\t<div class=\"elementor-form-fields-wrapper elementor-labels-\">\n\t\t\t\t\t\t\t\t<div class=\"elementor-field-type-email elementor-field-group elementor-column elementor-field-group-email elementor-col-75 elementor-sm-100 elementor-field-required\">\n\t\t\t\t\t\t\t\t\t\t\t\t<label for=\"form-field-email\" class=\"elementor-field-label elementor-screen-only\">\n\t\t\t\t\t\t\t\tEmail\t\t\t\t\t\t\t<\/label>\n\t\t\t\t\t\t\t\t\t\t\t\t\t\t<input size=\"1\" type=\"email\" name=\"form_fields[email]\" id=\"form-field-email\" class=\"elementor-field elementor-size-md  elementor-field-textual\" placeholder=\"Email\" required=\"required\">\n\t\t\t\t\t\t\t\t\t\t\t<\/div>\n\t\t\t\t\t\t\t\t<div class=\"elementor-field-group elementor-column elementor-field-type-submit elementor-col-25 e-form__buttons elementor-sm-100\">\n\t\t\t\t\t<button class=\"elementor-button elementor-size-sm\" type=\"submit\">\n\t\t\t\t\t\t<span class=\"elementor-button-content-wrapper\">\n\t\t\t\t\t\t\t\t\t\t\t\t\t\t\t\t\t\t\t\t\t\t<span class=\"elementor-button-text\">Send<\/span>\n\t\t\t\t\t\t\t\t\t\t\t\t\t<\/span>\n\t\t\t\t\t<\/button>\n\t\t\t\t<\/div>\n\t\t\t<\/div>\n\t\t<\/form>\n\t\t\t\t\t\t<\/div>\n\t\t\t\t<\/div>\n\t\t\t\t<\/div>\n\t\t\t\t<\/div>\n\t\t\t\t<\/div>\n\t\t","protected":false},"excerpt":{"rendered":"<p>PROGRAMMERS Cl\u00e1udia Marques dos Santos Cl\u00e1udia Marques Santos is freelance journalist based in Lisbon, whose work in the areas of culture and research has been published in the Observador, P\u00fablico, Expresso, Di\u00e1rio de Not\u00edcias, Vis\u00e3o and LER. She is the president of the Projeto Inoc\u00eancia in Portugal, which carries out investigative journalism in cases of [&hellip;]<\/p>\n","protected":false},"author":1,"featured_media":5604,"parent":0,"menu_order":0,"comment_status":"closed","ping_status":"closed","template":"","meta":{"_monsterinsights_skip_tracking":false,"_monsterinsights_sitenote_active":false,"_monsterinsights_sitenote_note":"","_monsterinsights_sitenote_category":0,"footnotes":""},"class_list":["post-6203","page","type-page","status-publish","has-post-thumbnail","hentry"],"yoast_head":"<!-- This site is optimized with the Yoast SEO plugin v26.8 - https:\/\/yoast.com\/product\/yoast-seo-wordpress\/ -->\n<title>Programmers 2024<\/title>\n<meta name=\"description\" content=\"Meet the programmers of the CineEco film festival. Cl\u00e1udia Marques dos Santos, Daniel Oliveira and Tiago Alves.\" \/>\n<meta name=\"robots\" content=\"index, follow, max-snippet:-1, max-image-preview:large, max-video-preview:-1\" \/>\n<link rel=\"canonical\" href=\"https:\/\/cineeco.pt\/en\/programmers-2024\/\" \/>\n<meta property=\"og:locale\" content=\"en_US\" \/>\n<meta property=\"og:type\" content=\"article\" \/>\n<meta property=\"og:title\" content=\"Programmers 2024\" \/>\n<meta property=\"og:description\" content=\"Meet the programmers of the CineEco film festival. Cl\u00e1udia Marques dos Santos, Daniel Oliveira and Tiago Alves.\" \/>\n<meta property=\"og:url\" content=\"https:\/\/cineeco.pt\/en\/programmers-2024\/\" \/>\n<meta property=\"og:site_name\" content=\"CineEco Seia\" \/>\n<meta property=\"article:publisher\" content=\"https:\/\/pt-pt.facebook.com\/CineEcoSeia\/\" \/>\n<meta property=\"article:modified_time\" content=\"2025-11-05T19:25:35+00:00\" \/>\n<meta property=\"og:image\" content=\"https:\/\/cineeco.pt\/wp-content\/uploads\/2025\/05\/sitecineeco_imgfilme_cartaz.png\" \/>\n\t<meta property=\"og:image:width\" content=\"1054\" \/>\n\t<meta property=\"og:image:height\" content=\"1500\" \/>\n\t<meta property=\"og:image:type\" content=\"image\/png\" \/>\n<meta name=\"twitter:card\" content=\"summary_large_image\" \/>\n<meta name=\"twitter:label1\" content=\"Est. reading time\" \/>\n\t<meta name=\"twitter:data1\" content=\"2 minutes\" \/>\n<script type=\"application\/ld+json\" class=\"yoast-schema-graph\">{\"@context\":\"https:\/\/schema.org\",\"@graph\":[{\"@type\":\"WebPage\",\"@id\":\"https:\/\/cineeco.pt\/en\/programmers-2024\/\",\"url\":\"https:\/\/cineeco.pt\/en\/programmers-2024\/\",\"name\":\"Programmers 2024\",\"isPartOf\":{\"@id\":\"https:\/\/cineeco.pt\/en\/#website\"},\"primaryImageOfPage\":{\"@id\":\"https:\/\/cineeco.pt\/en\/programmers-2024\/#primaryimage\"},\"image\":{\"@id\":\"https:\/\/cineeco.pt\/en\/programmers-2024\/#primaryimage\"},\"thumbnailUrl\":\"https:\/\/cineeco.pt\/wp-content\/uploads\/2025\/05\/sitecineeco_imgfilme_cartaz.png\",\"datePublished\":\"2025-05-09T15:58:29+00:00\",\"dateModified\":\"2025-11-05T19:25:35+00:00\",\"description\":\"Meet the programmers of the CineEco film festival. Cl\u00e1udia Marques dos Santos, Daniel Oliveira and Tiago Alves.\",\"breadcrumb\":{\"@id\":\"https:\/\/cineeco.pt\/en\/programmers-2024\/#breadcrumb\"},\"inLanguage\":\"en-US\",\"potentialAction\":[{\"@type\":\"ReadAction\",\"target\":[\"https:\/\/cineeco.pt\/en\/programmers-2024\/\"]}]},{\"@type\":\"ImageObject\",\"inLanguage\":\"en-US\",\"@id\":\"https:\/\/cineeco.pt\/en\/programmers-2024\/#primaryimage\",\"url\":\"https:\/\/cineeco.pt\/wp-content\/uploads\/2025\/05\/sitecineeco_imgfilme_cartaz.png\",\"contentUrl\":\"https:\/\/cineeco.pt\/wp-content\/uploads\/2025\/05\/sitecineeco_imgfilme_cartaz.png\",\"width\":1054,\"height\":1500,\"caption\":\"Cineeco movie poster\"},{\"@type\":\"BreadcrumbList\",\"@id\":\"https:\/\/cineeco.pt\/en\/programmers-2024\/#breadcrumb\",\"itemListElement\":[{\"@type\":\"ListItem\",\"position\":1,\"name\":\"In\u00edcio\",\"item\":\"https:\/\/cineeco.pt\/en\/festival\/\"},{\"@type\":\"ListItem\",\"position\":2,\"name\":\"Programmers 2024\"}]},{\"@type\":\"WebSite\",\"@id\":\"https:\/\/cineeco.pt\/en\/#website\",\"url\":\"https:\/\/cineeco.pt\/en\/\",\"name\":\"CineEco Seia\",\"description\":\"Festival Internacional de Cinema Ambiental\",\"publisher\":{\"@id\":\"https:\/\/cineeco.pt\/en\/#organization\"},\"alternateName\":\"CIneEco\",\"potentialAction\":[{\"@type\":\"SearchAction\",\"target\":{\"@type\":\"EntryPoint\",\"urlTemplate\":\"https:\/\/cineeco.pt\/en\/?s={search_term_string}\"},\"query-input\":{\"@type\":\"PropertyValueSpecification\",\"valueRequired\":true,\"valueName\":\"search_term_string\"}}],\"inLanguage\":\"en-US\"},{\"@type\":\"Organization\",\"@id\":\"https:\/\/cineeco.pt\/en\/#organization\",\"name\":\"CineEco Seia - Festival internacional de cinema ambiental da Serra da Estrela\",\"alternateName\":\"CineEco\",\"url\":\"https:\/\/cineeco.pt\/en\/\",\"logo\":{\"@type\":\"ImageObject\",\"inLanguage\":\"en-US\",\"@id\":\"https:\/\/cineeco.pt\/en\/#\/schema\/logo\/image\/\",\"url\":\"https:\/\/cineeco.pt\/wp-content\/uploads\/2025\/03\/CineEcoSeia_sem-assinatura_positivo.png\",\"contentUrl\":\"https:\/\/cineeco.pt\/wp-content\/uploads\/2025\/03\/CineEcoSeia_sem-assinatura_positivo.png\",\"width\":1000,\"height\":1105,\"caption\":\"CineEco Seia - Festival internacional de cinema ambiental da Serra da Estrela\"},\"image\":{\"@id\":\"https:\/\/cineeco.pt\/en\/#\/schema\/logo\/image\/\"},\"sameAs\":[\"https:\/\/pt-pt.facebook.com\/CineEcoSeia\/\",\"https:\/\/www.instagram.com\/cineeco\/\",\"https:\/\/www.youtube.com\/@festivalcineecoseia\"]}]}<\/script>\n<!-- \/ Yoast SEO plugin. -->","yoast_head_json":{"title":"Programmers 2024","description":"Meet the programmers of the CineEco film festival. Cl\u00e1udia Marques dos Santos, Daniel Oliveira and Tiago Alves.","robots":{"index":"index","follow":"follow","max-snippet":"max-snippet:-1","max-image-preview":"max-image-preview:large","max-video-preview":"max-video-preview:-1"},"canonical":"https:\/\/cineeco.pt\/en\/programmers-2024\/","og_locale":"en_US","og_type":"article","og_title":"Programmers 2024","og_description":"Meet the programmers of the CineEco film festival. Cl\u00e1udia Marques dos Santos, Daniel Oliveira and Tiago Alves.","og_url":"https:\/\/cineeco.pt\/en\/programmers-2024\/","og_site_name":"CineEco Seia","article_publisher":"https:\/\/pt-pt.facebook.com\/CineEcoSeia\/","article_modified_time":"2025-11-05T19:25:35+00:00","og_image":[{"width":1054,"height":1500,"url":"https:\/\/cineeco.pt\/wp-content\/uploads\/2025\/05\/sitecineeco_imgfilme_cartaz.png","type":"image\/png"}],"twitter_card":"summary_large_image","twitter_misc":{"Est. reading time":"2 minutes"},"schema":{"@context":"https:\/\/schema.org","@graph":[{"@type":"WebPage","@id":"https:\/\/cineeco.pt\/en\/programmers-2024\/","url":"https:\/\/cineeco.pt\/en\/programmers-2024\/","name":"Programmers 2024","isPartOf":{"@id":"https:\/\/cineeco.pt\/en\/#website"},"primaryImageOfPage":{"@id":"https:\/\/cineeco.pt\/en\/programmers-2024\/#primaryimage"},"image":{"@id":"https:\/\/cineeco.pt\/en\/programmers-2024\/#primaryimage"},"thumbnailUrl":"https:\/\/cineeco.pt\/wp-content\/uploads\/2025\/05\/sitecineeco_imgfilme_cartaz.png","datePublished":"2025-05-09T15:58:29+00:00","dateModified":"2025-11-05T19:25:35+00:00","description":"Meet the programmers of the CineEco film festival. Cl\u00e1udia Marques dos Santos, Daniel Oliveira and Tiago Alves.","breadcrumb":{"@id":"https:\/\/cineeco.pt\/en\/programmers-2024\/#breadcrumb"},"inLanguage":"en-US","potentialAction":[{"@type":"ReadAction","target":["https:\/\/cineeco.pt\/en\/programmers-2024\/"]}]},{"@type":"ImageObject","inLanguage":"en-US","@id":"https:\/\/cineeco.pt\/en\/programmers-2024\/#primaryimage","url":"https:\/\/cineeco.pt\/wp-content\/uploads\/2025\/05\/sitecineeco_imgfilme_cartaz.png","contentUrl":"https:\/\/cineeco.pt\/wp-content\/uploads\/2025\/05\/sitecineeco_imgfilme_cartaz.png","width":1054,"height":1500,"caption":"Cineeco movie poster"},{"@type":"BreadcrumbList","@id":"https:\/\/cineeco.pt\/en\/programmers-2024\/#breadcrumb","itemListElement":[{"@type":"ListItem","position":1,"name":"In\u00edcio","item":"https:\/\/cineeco.pt\/en\/festival\/"},{"@type":"ListItem","position":2,"name":"Programmers 2024"}]},{"@type":"WebSite","@id":"https:\/\/cineeco.pt\/en\/#website","url":"https:\/\/cineeco.pt\/en\/","name":"CineEco Seia","description":"Festival Internacional de Cinema Ambiental","publisher":{"@id":"https:\/\/cineeco.pt\/en\/#organization"},"alternateName":"CIneEco","potentialAction":[{"@type":"SearchAction","target":{"@type":"EntryPoint","urlTemplate":"https:\/\/cineeco.pt\/en\/?s={search_term_string}"},"query-input":{"@type":"PropertyValueSpecification","valueRequired":true,"valueName":"search_term_string"}}],"inLanguage":"en-US"},{"@type":"Organization","@id":"https:\/\/cineeco.pt\/en\/#organization","name":"CineEco Seia - Festival internacional de cinema ambiental da Serra da Estrela","alternateName":"CineEco","url":"https:\/\/cineeco.pt\/en\/","logo":{"@type":"ImageObject","inLanguage":"en-US","@id":"https:\/\/cineeco.pt\/en\/#\/schema\/logo\/image\/","url":"https:\/\/cineeco.pt\/wp-content\/uploads\/2025\/03\/CineEcoSeia_sem-assinatura_positivo.png","contentUrl":"https:\/\/cineeco.pt\/wp-content\/uploads\/2025\/03\/CineEcoSeia_sem-assinatura_positivo.png","width":1000,"height":1105,"caption":"CineEco Seia - Festival internacional de cinema ambiental da Serra da Estrela"},"image":{"@id":"https:\/\/cineeco.pt\/en\/#\/schema\/logo\/image\/"},"sameAs":["https:\/\/pt-pt.facebook.com\/CineEcoSeia\/","https:\/\/www.instagram.com\/cineeco\/","https:\/\/www.youtube.com\/@festivalcineecoseia"]}]}},"_links":{"self":[{"href":"https:\/\/cineeco.pt\/en\/wp-json\/wp\/v2\/pages\/6203","targetHints":{"allow":["GET"]}}],"collection":[{"href":"https:\/\/cineeco.pt\/en\/wp-json\/wp\/v2\/pages"}],"about":[{"href":"https:\/\/cineeco.pt\/en\/wp-json\/wp\/v2\/types\/page"}],"author":[{"embeddable":true,"href":"https:\/\/cineeco.pt\/en\/wp-json\/wp\/v2\/users\/1"}],"replies":[{"embeddable":true,"href":"https:\/\/cineeco.pt\/en\/wp-json\/wp\/v2\/comments?post=6203"}],"version-history":[{"count":2,"href":"https:\/\/cineeco.pt\/en\/wp-json\/wp\/v2\/pages\/6203\/revisions"}],"predecessor-version":[{"id":13155,"href":"https:\/\/cineeco.pt\/en\/wp-json\/wp\/v2\/pages\/6203\/revisions\/13155"}],"wp:featuredmedia":[{"embeddable":true,"href":"https:\/\/cineeco.pt\/en\/wp-json\/wp\/v2\/media\/5604"}],"wp:attachment":[{"href":"https:\/\/cineeco.pt\/en\/wp-json\/wp\/v2\/media?parent=6203"}],"curies":[{"name":"wp","href":"https:\/\/api.w.org\/{rel}","templated":true}]}}